{"id":171,"date":"2016-10-30T12:40:41","date_gmt":"2016-10-30T12:40:41","guid":{"rendered":"https:\/\/oceanwp.org\/travel\/?page_id=171"},"modified":"2026-04-07T18:02:43","modified_gmt":"2026-04-07T18:02:43","slug":"home","status":"publish","type":"page","link":"https:\/\/www.acacr.es\/?page_id=171","title":{"rendered":""},"content":{"rendered":"<div class=\"n2-section-smartslider fitvidsignore  n2_clear\" data-ssid=\"5\" tabindex=\"0\" role=\"region\" aria-label=\"Slider\"><div id=\"n2-ss-5-align\" class=\"n2-ss-align\"><div class=\"n2-padding\"><div id=\"n2-ss-5\" data-creator=\"Smart Slider 3\" data-responsive=\"fullwidth\" class=\"n2-ss-slider n2-ow n2-has-hover n2notransition  \">\n        <div class=\"n2-ss-slider-1 n2_ss__touch_element n2-ow\">\n            <div class=\"n2-ss-slider-2 n2-ow\">\n                                                <div class=\"n2-ss-slider-3 n2-ow\">\n\n                    <div class=\"n2-ss-slide-backgrounds n2-ow-all\"><div class=\"n2-ss-slide-background\" data-public-id=\"1\" data-mode=\"fit\"><div class=\"n2-ss-slide-background-image\" data-blur=\"0\" data-opacity=\"100\" data-x=\"0\" data-y=\"100\" data-alt=\"\" data-title=\"\" style=\"--ss-o-pos-x:0%;--ss-o-pos-y:100%\"><picture class=\"skip-lazy\" data-skip-lazy=\"1\"><source srcset=\"\/\/www.acacr.es\/wp-content\/uploads\/2026\/04\/20260414205845.png\" media=\"(orientation: landscape) and (max-width: 900px),(orientation: portrait) and (max-width: 700px)\" class=\"skip-lazy\" data-skip-lazy=\"1\"><img decoding=\"async\" src=\"\/\/www.acacr.es\/wp-content\/uploads\/2026\/04\/embajamovil-1.jpg\" alt=\"\" title=\"\" loading=\"lazy\" class=\"skip-lazy\" data-skip-lazy=\"1\"><\/picture><\/div><div data-color=\"RGBA(255,255,255,0)\" style=\"background-color: RGBA(255,255,255,0);\" class=\"n2-ss-slide-background-color\" data-overlay=\"1\"><\/div><\/div><div class=\"n2-ss-slide-background\" data-public-id=\"2\" data-mode=\"fit\" aria-hidden=\"true\"><div class=\"n2-ss-slide-background-image\" data-blur=\"0\" data-opacity=\"100\" data-x=\"25\" data-y=\"4\" data-alt=\"\" data-title=\"\" style=\"--ss-o-pos-x:25%;--ss-o-pos-y:4%\"><picture class=\"skip-lazy\" data-skip-lazy=\"1\"><img decoding=\"async\" src=\"\/\/www.acacr.es\/wp-content\/uploads\/2026\/03\/MG_L9973-scaled.jpg\" alt=\"\" title=\"\" loading=\"lazy\" class=\"skip-lazy\" data-skip-lazy=\"1\"><\/picture><\/div><div data-color=\"RGBA(255,255,255,0)\" style=\"background-color: RGBA(255,255,255,0);\" class=\"n2-ss-slide-background-color\"><\/div><\/div><div class=\"n2-ss-slide-background\" data-public-id=\"3\" data-mode=\"fill\" aria-hidden=\"true\"><div class=\"n2-ss-slide-background-image\" data-blur=\"0\" data-opacity=\"100\" data-x=\"36\" data-y=\"38\" data-alt=\"\" data-title=\"\" style=\"--ss-o-pos-x:36%;--ss-o-pos-y:38%\"><picture class=\"skip-lazy\" data-skip-lazy=\"1\"><img decoding=\"async\" src=\"\/\/www.acacr.es\/wp-content\/uploads\/2026\/03\/MG_L9990-scaled.jpg\" alt=\"\" title=\"\" loading=\"lazy\" class=\"skip-lazy\" data-skip-lazy=\"1\"><\/picture><\/div><div data-color=\"RGBA(255,255,255,0)\" style=\"background-color: RGBA(255,255,255,0);\" class=\"n2-ss-slide-background-color\"><\/div><\/div><div class=\"n2-ss-slide-background\" data-public-id=\"4\" data-mode=\"fill\" aria-hidden=\"true\"><div class=\"n2-ss-slide-background-image\" data-blur=\"0\" data-opacity=\"100\" data-x=\"38\" data-y=\"23\" data-alt=\"\" data-title=\"\" style=\"--ss-o-pos-x:38%;--ss-o-pos-y:23%\"><picture class=\"skip-lazy\" data-skip-lazy=\"1\"><img decoding=\"async\" src=\"\/\/www.acacr.es\/wp-content\/uploads\/2026\/03\/AVS_Discurso-Ingreso-ACACR_Jerez-UCA_140313.jpg\" alt=\"\" title=\"\" loading=\"lazy\" class=\"skip-lazy\" data-skip-lazy=\"1\"><\/picture><\/div><div data-color=\"RGBA(255,255,255,0)\" style=\"background-color: RGBA(255,255,255,0);\" class=\"n2-ss-slide-background-color\"><\/div><\/div><div class=\"n2-ss-slide-background\" data-public-id=\"5\" data-mode=\"fill\" aria-hidden=\"true\"><div class=\"n2-ss-slide-background-image\" data-blur=\"0\" data-opacity=\"100\" data-x=\"41\" data-y=\"24\" data-alt=\"\" data-title=\"\" style=\"--ss-o-pos-x:41%;--ss-o-pos-y:24%\"><picture class=\"skip-lazy\" data-skip-lazy=\"1\"><img decoding=\"async\" src=\"\/\/www.acacr.es\/wp-content\/uploads\/2026\/03\/Santiago-Carbo-discurso-15-02.2019-1.jpg\" alt=\"\" title=\"\" loading=\"lazy\" class=\"skip-lazy\" data-skip-lazy=\"1\"><\/picture><\/div><div data-color=\"RGBA(255,255,255,0)\" style=\"background-color: RGBA(255,255,255,0);\" class=\"n2-ss-slide-background-color\"><\/div><\/div><div class=\"n2-ss-slide-background\" data-public-id=\"6\" data-mode=\"fill\" aria-hidden=\"true\"><div class=\"n2-ss-slide-background-image\" data-blur=\"0\" data-opacity=\"100\" data-x=\"41\" data-y=\"24\" data-alt=\"\" data-title=\"\" style=\"--ss-o-pos-x:41%;--ss-o-pos-y:24%\"><picture class=\"skip-lazy\" data-skip-lazy=\"1\"><img decoding=\"async\" src=\"\/\/www.acacr.es\/wp-content\/uploads\/2026\/03\/Santiago-Carbo-discurso-15-02.20192.jpg\" alt=\"\" title=\"\" loading=\"lazy\" class=\"skip-lazy\" data-skip-lazy=\"1\"><\/picture><\/div><div data-color=\"RGBA(255,255,255,0)\" style=\"background-color: RGBA(255,255,255,0);\" class=\"n2-ss-slide-background-color\"><\/div><\/div><div class=\"n2-ss-slide-background\" data-public-id=\"7\" data-mode=\"fill\" aria-hidden=\"true\"><div class=\"n2-ss-slide-background-image\" data-blur=\"0\" data-opacity=\"100\" data-x=\"47\" data-y=\"24\" data-alt=\"\" data-title=\"\" style=\"--ss-o-pos-x:47%;--ss-o-pos-y:24%\"><picture class=\"skip-lazy\" data-skip-lazy=\"1\"><img decoding=\"async\" src=\"\/\/www.acacr.es\/wp-content\/uploads\/2026\/02\/PHOTO-2026-02-19-12-27-00.jpg\" alt=\"\" title=\"\" loading=\"lazy\" class=\"skip-lazy\" data-skip-lazy=\"1\"><\/picture><\/div><div data-color=\"RGBA(255,255,255,0)\" style=\"background-color: RGBA(255,255,255,0);\" class=\"n2-ss-slide-background-color\"><\/div><\/div><div class=\"n2-ss-slide-background\" data-public-id=\"8\" data-mode=\"fill\" aria-hidden=\"true\"><div class=\"n2-ss-slide-background-image\" data-blur=\"0\" data-opacity=\"100\" data-x=\"60\" data-y=\"16\" data-alt=\"\" data-title=\"\" style=\"--ss-o-pos-x:60%;--ss-o-pos-y:16%\"><picture class=\"skip-lazy\" data-skip-lazy=\"1\"><img decoding=\"async\" src=\"\/\/www.acacr.es\/wp-content\/uploads\/2026\/02\/PHOTO-2026-02-19-12-26-59.jpg\" alt=\"\" title=\"\" loading=\"lazy\" class=\"skip-lazy\" data-skip-lazy=\"1\"><\/picture><\/div><div data-color=\"RGBA(255,255,255,0)\" style=\"background-color: RGBA(255,255,255,0);\" class=\"n2-ss-slide-background-color\"><\/div><\/div><div class=\"n2-ss-slide-background\" data-public-id=\"9\" data-mode=\"fill\" aria-hidden=\"true\"><div class=\"n2-ss-slide-background-image\" data-blur=\"0\" data-opacity=\"100\" data-x=\"48\" data-y=\"50\" data-alt=\"\" data-title=\"\" style=\"--ss-o-pos-x:48%\"><picture class=\"skip-lazy\" data-skip-lazy=\"1\"><img decoding=\"async\" src=\"\/\/www.acacr.es\/wp-content\/uploads\/2026\/02\/PHOTO-2026-02-19-12-26-19-1.jpg\" alt=\"\" title=\"\" loading=\"lazy\" class=\"skip-lazy\" data-skip-lazy=\"1\"><\/picture><\/div><div data-color=\"RGBA(255,255,255,0)\" style=\"background-color: RGBA(255,255,255,0);\" class=\"n2-ss-slide-background-color\"><\/div><\/div><div class=\"n2-ss-slide-background\" data-public-id=\"10\" data-mode=\"fill\" aria-hidden=\"true\"><div class=\"n2-ss-slide-background-image\" data-blur=\"0\" data-opacity=\"100\" data-x=\"60\" data-y=\"16\" data-alt=\"\" data-title=\"\" style=\"--ss-o-pos-x:60%;--ss-o-pos-y:16%\"><picture class=\"skip-lazy\" data-skip-lazy=\"1\"><img decoding=\"async\" src=\"\/\/www.acacr.es\/wp-content\/uploads\/2026\/02\/PHOTO-2026-02-19-12-26-19.jpg\" alt=\"\" title=\"\" loading=\"lazy\" class=\"skip-lazy\" data-skip-lazy=\"1\"><\/picture><\/div><div data-color=\"RGBA(255,255,255,0)\" style=\"background-color: RGBA(255,255,255,0);\" class=\"n2-ss-slide-background-color\"><\/div><\/div><div class=\"n2-ss-slide-background\" data-public-id=\"11\" data-mode=\"fill\" aria-hidden=\"true\"><div class=\"n2-ss-slide-background-image\" data-blur=\"0\" data-opacity=\"100\" data-x=\"47\" data-y=\"79\" data-alt=\"\" data-title=\"\" style=\"--ss-o-pos-x:47%;--ss-o-pos-y:79%\"><picture class=\"skip-lazy\" data-skip-lazy=\"1\"><img decoding=\"async\" src=\"\/\/www.acacr.es\/wp-content\/uploads\/2026\/02\/Foto-ACACR.jpg\" alt=\"\" title=\"\" loading=\"lazy\" class=\"skip-lazy\" data-skip-lazy=\"1\"><\/picture><\/div><div data-color=\"RGBA(255,255,255,0)\" style=\"background-color: RGBA(255,255,255,0);\" class=\"n2-ss-slide-background-color\"><\/div><\/div><div class=\"n2-ss-slide-background\" data-public-id=\"12\" data-mode=\"fill\" aria-hidden=\"true\"><div class=\"n2-ss-slide-background-image\" data-blur=\"0\" data-opacity=\"100\" data-x=\"48\" data-y=\"50\" data-alt=\"\" data-title=\"\" style=\"--ss-o-pos-x:48%\"><picture class=\"skip-lazy\" data-skip-lazy=\"1\"><img decoding=\"async\" src=\"\/\/www.acacr.es\/wp-content\/uploads\/2025\/11\/WhatsApp-Image-2025-10-29-at-10.05.56-1.jpeg\" alt=\"\" title=\"\" loading=\"lazy\" class=\"skip-lazy\" data-skip-lazy=\"1\"><\/picture><\/div><div data-color=\"RGBA(255,255,255,0)\" style=\"background-color: RGBA(255,255,255,0);\" class=\"n2-ss-slide-background-color\"><\/div><\/div><div class=\"n2-ss-slide-background\" data-public-id=\"13\" data-mode=\"fill\" aria-hidden=\"true\"><div class=\"n2-ss-slide-background-image\" data-blur=\"0\" data-opacity=\"100\" data-x=\"47\" data-y=\"46\" data-alt=\"\" data-title=\"\" style=\"--ss-o-pos-x:47%;--ss-o-pos-y:46%\"><picture class=\"skip-lazy\" data-skip-lazy=\"1\"><img decoding=\"async\" src=\"\/\/www.acacr.es\/wp-content\/uploads\/2026\/01\/WhatsApp-Image-2026-01-16-at-15.57.152.jpeg\" alt=\"\" title=\"\" loading=\"lazy\" class=\"skip-lazy\" data-skip-lazy=\"1\"><\/picture><\/div><div data-color=\"RGBA(255,255,255,0)\" style=\"background-color: RGBA(255,255,255,0);\" class=\"n2-ss-slide-background-color\"><\/div><\/div><div class=\"n2-ss-slide-background\" data-public-id=\"14\" data-mode=\"fill\" aria-hidden=\"true\"><div class=\"n2-ss-slide-background-image\" data-blur=\"0\" data-opacity=\"100\" data-x=\"48\" data-y=\"50\" data-alt=\"\" data-title=\"\" style=\"--ss-o-pos-x:48%\"><picture class=\"skip-lazy\" data-skip-lazy=\"1\"><img decoding=\"async\" src=\"\/\/www.acacr.es\/wp-content\/uploads\/2025\/11\/WhatsApp-Image-2025-10-29-at-10.04.32.jpeg\" alt=\"\" title=\"\" loading=\"lazy\" class=\"skip-lazy\" data-skip-lazy=\"1\"><\/picture><\/div><div data-color=\"RGBA(255,255,255,0)\" style=\"background-color: RGBA(255,255,255,0);\" class=\"n2-ss-slide-background-color\"><\/div><\/div><div class=\"n2-ss-slide-background\" data-public-id=\"15\" data-mode=\"fill\" aria-hidden=\"true\"><div class=\"n2-ss-slide-background-image\" data-blur=\"0\" data-opacity=\"100\" data-x=\"48\" data-y=\"50\" data-alt=\"\" data-title=\"\" style=\"--ss-o-pos-x:48%\"><picture class=\"skip-lazy\" data-skip-lazy=\"1\"><img decoding=\"async\" src=\"\/\/www.acacr.es\/wp-content\/uploads\/2025\/11\/WhatsApp-Image-2025-10-29-at-11.14.27-1.jpeg\" alt=\"\" title=\"\" loading=\"lazy\" class=\"skip-lazy\" data-skip-lazy=\"1\"><\/picture><\/div><div data-color=\"RGBA(255,255,255,0)\" style=\"background-color: RGBA(255,255,255,0);\" class=\"n2-ss-slide-background-color\"><\/div><\/div><div class=\"n2-ss-slide-background\" data-public-id=\"16\" data-mode=\"fill\" aria-hidden=\"true\"><div class=\"n2-ss-slide-background-image\" data-blur=\"0\" data-opacity=\"100\" data-x=\"48\" data-y=\"50\" data-alt=\"\" data-title=\"\" style=\"--ss-o-pos-x:48%\"><picture class=\"skip-lazy\" data-skip-lazy=\"1\"><img decoding=\"async\" src=\"\/\/www.acacr.es\/wp-content\/uploads\/2025\/11\/WhatsApp-Image-2025-10-29-at-11.14.291-1.jpeg\" alt=\"\" title=\"\" loading=\"lazy\" class=\"skip-lazy\" data-skip-lazy=\"1\"><\/picture><\/div><div data-color=\"RGBA(255,255,255,0)\" style=\"background-color: RGBA(255,255,255,0);\" class=\"n2-ss-slide-background-color\"><\/div><\/div><div class=\"n2-ss-slide-background\" data-public-id=\"17\" data-mode=\"fill\" aria-hidden=\"true\"><div class=\"n2-ss-slide-background-image\" data-blur=\"0\" data-opacity=\"100\" data-x=\"50\" data-y=\"50\" data-alt=\"\" data-title=\"\"><picture class=\"skip-lazy\" data-skip-lazy=\"1\"><img decoding=\"async\" src=\"\/\/www.acacr.es\/wp-content\/uploads\/2025\/10\/WhatsApp-Image-2025-06-13-at-10.49.44.jpeg\" alt=\"\" title=\"\" loading=\"lazy\" class=\"skip-lazy\" data-skip-lazy=\"1\"><\/picture><\/div><div data-color=\"RGBA(255,255,255,0)\" style=\"background-color: RGBA(255,255,255,0);\" class=\"n2-ss-slide-background-color\"><\/div><\/div><div class=\"n2-ss-slide-background\" data-public-id=\"18\" data-mode=\"fill\" aria-hidden=\"true\"><div class=\"n2-ss-slide-background-image\" data-blur=\"0\" data-opacity=\"100\" data-x=\"57\" data-y=\"0\" data-alt=\"\" data-title=\"\" style=\"--ss-o-pos-x:57%;--ss-o-pos-y:0%\"><picture class=\"skip-lazy\" data-skip-lazy=\"1\"><img decoding=\"async\" src=\"\/\/www.acacr.es\/wp-content\/uploads\/2025\/10\/WhatsApp-Image-2025-06-19-at-13.37.06.jpeg\" alt=\"\" title=\"\" loading=\"lazy\" class=\"skip-lazy\" data-skip-lazy=\"1\"><\/picture><\/div><div data-color=\"RGBA(255,255,255,0)\" style=\"background-color: RGBA(255,255,255,0);\" class=\"n2-ss-slide-background-color\"><\/div><\/div><div class=\"n2-ss-slide-background\" data-public-id=\"19\" data-mode=\"fill\" aria-hidden=\"true\"><div class=\"n2-ss-slide-background-image\" data-blur=\"0\" data-opacity=\"100\" data-x=\"50\" data-y=\"50\" data-alt=\"\" data-title=\"\"><picture class=\"skip-lazy\" data-skip-lazy=\"1\"><img decoding=\"async\" src=\"\/\/www.acacr.es\/wp-content\/uploads\/2025\/04\/250310_Academia-Andaluza-Ciencia-Regional_Santiago-Carbo\u0301-01-scaled.jpg\" alt=\"\" title=\"\" loading=\"lazy\" class=\"skip-lazy\" data-skip-lazy=\"1\"><\/picture><\/div><div data-color=\"RGBA(255,255,255,0)\" style=\"background-color: RGBA(255,255,255,0);\" class=\"n2-ss-slide-background-color\"><\/div><\/div><div class=\"n2-ss-slide-background\" data-public-id=\"20\" data-mode=\"fill\" aria-hidden=\"true\"><div class=\"n2-ss-slide-background-image\" data-blur=\"0\" data-opacity=\"100\" data-x=\"50\" data-y=\"42\" data-alt=\"\" data-title=\"\" style=\"--ss-o-pos-y:42%\"><picture class=\"skip-lazy\" data-skip-lazy=\"1\"><img decoding=\"async\" src=\"\/\/www.acacr.es\/wp-content\/uploads\/2025\/10\/WhatsApp-Image-2025-06-15-at-07.18.20-1.jpeg\" alt=\"\" title=\"\" loading=\"lazy\" class=\"skip-lazy\" data-skip-lazy=\"1\"><\/picture><\/div><div data-color=\"RGBA(255,255,255,0)\" style=\"background-color: RGBA(255,255,255,0);\" class=\"n2-ss-slide-background-color\"><\/div><\/div><div class=\"n2-ss-slide-background\" data-public-id=\"21\" data-mode=\"fill\" aria-hidden=\"true\"><div class=\"n2-ss-slide-background-image\" data-blur=\"0\" data-opacity=\"100\" data-x=\"50\" data-y=\"50\" data-alt=\"\" data-title=\"\"><picture class=\"skip-lazy\" data-skip-lazy=\"1\"><img decoding=\"async\" src=\"\/\/www.acacr.es\/wp-content\/uploads\/2025\/04\/250310_Academia-Andaluza-Ciencia-Regional_Santiago-Carbo\u0301-02-scaled.jpg\" alt=\"\" title=\"\" loading=\"lazy\" class=\"skip-lazy\" data-skip-lazy=\"1\"><\/picture><\/div><div data-color=\"RGBA(255,255,255,0)\" style=\"background-color: RGBA(255,255,255,0);\" class=\"n2-ss-slide-background-color\"><\/div><\/div><div class=\"n2-ss-slide-background\" data-public-id=\"22\" data-mode=\"fill\" aria-hidden=\"true\"><div class=\"n2-ss-slide-background-image\" data-blur=\"0\" data-opacity=\"100\" data-x=\"50\" data-y=\"50\" data-alt=\"\" data-title=\"\"><picture class=\"skip-lazy\" data-skip-lazy=\"1\"><img decoding=\"async\" src=\"\/\/www.acacr.es\/wp-content\/uploads\/2025\/04\/250310_Academia-Andaluza-Ciencia-Regional_Santiago-Carbo\u0301-07-scaled.jpg\" alt=\"\" title=\"\" loading=\"lazy\" class=\"skip-lazy\" data-skip-lazy=\"1\"><\/picture><\/div><div data-color=\"RGBA(255,255,255,0)\" style=\"background-color: RGBA(255,255,255,0);\" class=\"n2-ss-slide-background-color\"><\/div><\/div><div class=\"n2-ss-slide-background\" data-public-id=\"23\" data-mode=\"fill\" aria-hidden=\"true\"><div class=\"n2-ss-slide-background-image\" data-blur=\"0\" data-opacity=\"100\" data-x=\"50\" data-y=\"50\" data-alt=\"\" data-title=\"\"><picture class=\"skip-lazy\" data-skip-lazy=\"1\"><img decoding=\"async\" src=\"\/\/www.acacr.es\/wp-content\/uploads\/2025\/04\/250310_Academia-Andaluza-Ciencia-Regional_Santiago-Carbo\u0301-08-scaled.jpg\" alt=\"\" title=\"\" loading=\"lazy\" class=\"skip-lazy\" data-skip-lazy=\"1\"><\/picture><\/div><div data-color=\"RGBA(255,255,255,0)\" style=\"background-color: RGBA(255,255,255,0);\" class=\"n2-ss-slide-background-color\"><\/div><\/div><div class=\"n2-ss-slide-background\" data-public-id=\"24\" data-mode=\"fill\" aria-hidden=\"true\"><div class=\"n2-ss-slide-background-image\" data-blur=\"0\" data-opacity=\"100\" data-x=\"50\" data-y=\"50\" data-alt=\"\" data-title=\"\"><picture class=\"skip-lazy\" data-skip-lazy=\"1\"><img decoding=\"async\" src=\"\/\/www.acacr.es\/wp-content\/uploads\/2025\/04\/250310_Academia-Andaluza-Ciencia-Regional_Santiago-Carbo\u0301-09-scaled.jpg\" alt=\"\" title=\"\" loading=\"lazy\" class=\"skip-lazy\" data-skip-lazy=\"1\"><\/picture><\/div><div data-color=\"RGBA(255,255,255,0)\" style=\"background-color: RGBA(255,255,255,0);\" class=\"n2-ss-slide-background-color\"><\/div><\/div><div class=\"n2-ss-slide-background\" data-public-id=\"25\" data-mode=\"fill\" aria-hidden=\"true\"><div class=\"n2-ss-slide-background-image\" data-blur=\"0\" data-opacity=\"100\" data-x=\"50\" data-y=\"50\" data-alt=\"\" data-title=\"\"><picture class=\"skip-lazy\" data-skip-lazy=\"1\"><img decoding=\"async\" src=\"\/\/www.acacr.es\/wp-content\/uploads\/2025\/04\/250303_Academia-Andaluza-Ciencia-Regional_-A\u0301ngel-de-la-Fuente-11-scaled.jpg\" alt=\"\" title=\"\" loading=\"lazy\" class=\"skip-lazy\" data-skip-lazy=\"1\"><\/picture><\/div><div data-color=\"RGBA(255,255,255,0)\" style=\"background-color: RGBA(255,255,255,0);\" class=\"n2-ss-slide-background-color\"><\/div><\/div><div class=\"n2-ss-slide-background\" data-public-id=\"26\" data-mode=\"fill\" aria-hidden=\"true\"><div class=\"n2-ss-slide-background-image\" data-blur=\"0\" data-opacity=\"100\" data-x=\"50\" data-y=\"50\" data-alt=\"\" data-title=\"\"><picture class=\"skip-lazy\" data-skip-lazy=\"1\"><img decoding=\"async\" src=\"\/\/www.acacr.es\/wp-content\/uploads\/2025\/04\/250303_Academia-Andaluza-Ciencia-Regional_-A\u0301ngel-de-la-Fuente-10-scaled.jpg\" alt=\"\" title=\"\" loading=\"lazy\" class=\"skip-lazy\" data-skip-lazy=\"1\"><\/picture><\/div><div data-color=\"RGBA(255,255,255,0)\" style=\"background-color: RGBA(255,255,255,0);\" class=\"n2-ss-slide-background-color\"><\/div><\/div><div class=\"n2-ss-slide-background\" data-public-id=\"27\" data-mode=\"fill\" aria-hidden=\"true\"><div class=\"n2-ss-slide-background-image\" data-blur=\"0\" data-opacity=\"100\" data-x=\"50\" data-y=\"50\" data-alt=\"\" data-title=\"\"><picture class=\"skip-lazy\" data-skip-lazy=\"1\"><img decoding=\"async\" src=\"\/\/www.acacr.es\/wp-content\/uploads\/2025\/04\/250303_Academia-Andaluza-Ciencia-Regional_-A\u0301ngel-de-la-Fuente-03-scaled.jpg\" alt=\"\" title=\"\" loading=\"lazy\" class=\"skip-lazy\" data-skip-lazy=\"1\"><\/picture><\/div><div data-color=\"RGBA(255,255,255,0)\" style=\"background-color: RGBA(255,255,255,0);\" class=\"n2-ss-slide-background-color\"><\/div><\/div><div class=\"n2-ss-slide-background\" data-public-id=\"28\" data-mode=\"fill\" aria-hidden=\"true\"><div class=\"n2-ss-slide-background-image\" data-blur=\"0\" data-opacity=\"100\" data-x=\"50\" data-y=\"50\" data-alt=\"\" data-title=\"\"><picture class=\"skip-lazy\" data-skip-lazy=\"1\"><img decoding=\"async\" src=\"\/\/www.acacr.es\/wp-content\/uploads\/2025\/04\/250303_Academia-Andaluza-Ciencia-Regional_-A\u0301ngel-de-la-Fuente-02-scaled.jpg\" alt=\"\" title=\"\" loading=\"lazy\" class=\"skip-lazy\" data-skip-lazy=\"1\"><\/picture><\/div><div data-color=\"RGBA(255,255,255,0)\" style=\"background-color: RGBA(255,255,255,0);\" class=\"n2-ss-slide-background-color\"><\/div><\/div><div class=\"n2-ss-slide-background\" data-public-id=\"29\" data-mode=\"fill\" aria-hidden=\"true\"><div class=\"n2-ss-slide-background-image\" data-blur=\"0\" data-opacity=\"100\" data-x=\"50\" data-y=\"50\" data-alt=\"\" data-title=\"\"><picture class=\"skip-lazy\" data-skip-lazy=\"1\"><img decoding=\"async\" src=\"\/\/www.acacr.es\/wp-content\/uploads\/2025\/04\/250303_Academia-Andaluza-Ciencia-Regional_-A\u0301ngel-de-la-Fuente-01-scaled.jpg\" alt=\"\" title=\"\" loading=\"lazy\" class=\"skip-lazy\" data-skip-lazy=\"1\"><\/picture><\/div><div data-color=\"RGBA(255,255,255,0)\" style=\"background-color: RGBA(255,255,255,0);\" class=\"n2-ss-slide-background-color\"><\/div><\/div><div class=\"n2-ss-slide-background\" data-public-id=\"30\" data-mode=\"fill\" aria-hidden=\"true\"><div class=\"n2-ss-slide-background-image\" data-blur=\"0\" data-opacity=\"100\" data-x=\"50\" data-y=\"50\" data-alt=\"\" data-title=\"\"><picture class=\"skip-lazy\" data-skip-lazy=\"1\"><img decoding=\"async\" src=\"\/\/www.acacr.es\/wp-content\/uploads\/2025\/04\/250206_Direccio\u0301n-General-de-Economi\u0301a-Banco-de-Espan\u0303a-02-scaled.jpg\" alt=\"\" title=\"\" loading=\"lazy\" class=\"skip-lazy\" data-skip-lazy=\"1\"><\/picture><\/div><div data-color=\"RGBA(255,255,255,0)\" style=\"background-color: RGBA(255,255,255,0);\" class=\"n2-ss-slide-background-color\"><\/div><\/div><div class=\"n2-ss-slide-background\" data-public-id=\"31\" data-mode=\"fill\" aria-hidden=\"true\"><div class=\"n2-ss-slide-background-image\" data-blur=\"0\" data-opacity=\"100\" data-x=\"50\" data-y=\"50\" data-alt=\"\" data-title=\"\"><picture class=\"skip-lazy\" data-skip-lazy=\"1\"><img decoding=\"async\" src=\"\/\/www.acacr.es\/wp-content\/uploads\/2025\/04\/250206_Direccio\u0301n-General-de-Economi\u0301a-Banco-de-Espan\u0303a-09-scaled.jpg\" alt=\"\" title=\"\" loading=\"lazy\" class=\"skip-lazy\" data-skip-lazy=\"1\"><\/picture><\/div><div data-color=\"RGBA(255,255,255,0)\" style=\"background-color: RGBA(255,255,255,0);\" class=\"n2-ss-slide-background-color\"><\/div><\/div><div class=\"n2-ss-slide-background\" data-public-id=\"32\" data-mode=\"fill\" aria-hidden=\"true\"><div class=\"n2-ss-slide-background-image\" data-blur=\"0\" data-opacity=\"100\" data-x=\"50\" data-y=\"50\" data-alt=\"\" data-title=\"\"><picture class=\"skip-lazy\" data-skip-lazy=\"1\"><img decoding=\"async\" src=\"\/\/www.acacr.es\/wp-content\/uploads\/2025\/04\/250206_Direccio\u0301n-General-de-Economi\u0301a-Banco-de-Espan\u0303a-11-scaled.jpg\" alt=\"\" title=\"\" loading=\"lazy\" class=\"skip-lazy\" data-skip-lazy=\"1\"><\/picture><\/div><div data-color=\"RGBA(255,255,255,0)\" style=\"background-color: RGBA(255,255,255,0);\" class=\"n2-ss-slide-background-color\"><\/div><\/div><div class=\"n2-ss-slide-background\" data-public-id=\"33\" data-mode=\"fill\" aria-hidden=\"true\"><div class=\"n2-ss-slide-background-image\" data-blur=\"0\" data-opacity=\"100\" data-x=\"50\" data-y=\"50\" data-alt=\"\" data-title=\"\"><picture class=\"skip-lazy\" data-skip-lazy=\"1\"><img decoding=\"async\" src=\"\/\/www.acacr.es\/wp-content\/uploads\/2025\/04\/250206_Direccio\u0301n-General-de-Economi\u0301a-Banco-de-Espan\u0303a-16-scaled.jpg\" alt=\"\" title=\"\" loading=\"lazy\" class=\"skip-lazy\" data-skip-lazy=\"1\"><\/picture><\/div><div data-color=\"RGBA(255,255,255,0)\" style=\"background-color: RGBA(255,255,255,0);\" class=\"n2-ss-slide-background-color\"><\/div><\/div><div class=\"n2-ss-slide-background\" data-public-id=\"34\" data-mode=\"fill\" aria-hidden=\"true\"><div class=\"n2-ss-slide-background-image\" data-blur=\"0\" data-opacity=\"100\" data-x=\"50\" data-y=\"50\" data-alt=\"\" data-title=\"\"><picture class=\"skip-lazy\" data-skip-lazy=\"1\"><img decoding=\"async\" src=\"\/\/www.acacr.es\/wp-content\/uploads\/2025\/04\/250206_Direccio\u0301n-General-de-Economi\u0301a-Banco-de-Espan\u0303a-17-scaled.jpg\" alt=\"\" title=\"\" loading=\"lazy\" class=\"skip-lazy\" data-skip-lazy=\"1\"><\/picture><\/div><div data-color=\"RGBA(255,255,255,0)\" style=\"background-color: RGBA(255,255,255,0);\" class=\"n2-ss-slide-background-color\"><\/div><\/div><div class=\"n2-ss-slide-background\" data-public-id=\"35\" data-mode=\"fill\" aria-hidden=\"true\"><div class=\"n2-ss-slide-background-image\" data-blur=\"0\" data-opacity=\"100\" data-x=\"50\" data-y=\"50\" data-alt=\"\" data-title=\"\"><picture class=\"skip-lazy\" data-skip-lazy=\"1\"><img decoding=\"async\" src=\"\/\/www.acacr.es\/wp-content\/uploads\/2025\/05\/250206_Direccion-General-de-Economia-Banco-de-Espana-21-scaled.jpg\" alt=\"\" title=\"\" loading=\"lazy\" class=\"skip-lazy\" data-skip-lazy=\"1\"><\/picture><\/div><div data-color=\"RGBA(255,255,255,0)\" style=\"background-color: RGBA(255,255,255,0);\" class=\"n2-ss-slide-background-color\"><\/div><\/div><div class=\"n2-ss-slide-background\" data-public-id=\"36\" data-mode=\"fill\" aria-hidden=\"true\"><div class=\"n2-ss-slide-background-image\" data-blur=\"0\" data-opacity=\"100\" data-x=\"50\" data-y=\"50\" data-alt=\"\" data-title=\"\"><picture class=\"skip-lazy\" data-skip-lazy=\"1\"><img decoding=\"async\" src=\"\/\/www.acacr.es\/wp-content\/uploads\/2025\/05\/MG_L1921-scaled.jpg\" alt=\"\" title=\"\" loading=\"lazy\" class=\"skip-lazy\" data-skip-lazy=\"1\"><\/picture><\/div><div data-color=\"RGBA(255,255,255,0)\" style=\"background-color: RGBA(255,255,255,0);\" class=\"n2-ss-slide-background-color\"><\/div><\/div><div class=\"n2-ss-slide-background\" data-public-id=\"37\" data-mode=\"fill\" aria-hidden=\"true\"><div class=\"n2-ss-slide-background-image\" data-blur=\"0\" data-opacity=\"100\" data-x=\"50\" data-y=\"50\" data-alt=\"\" data-title=\"\"><picture class=\"skip-lazy\" data-skip-lazy=\"1\"><img decoding=\"async\" src=\"\/\/www.acacr.es\/wp-content\/uploads\/2025\/05\/MG_L1855-2.jpg\" alt=\"\" title=\"\" loading=\"lazy\" class=\"skip-lazy\" data-skip-lazy=\"1\"><\/picture><\/div><div data-color=\"RGBA(255,255,255,0)\" style=\"background-color: RGBA(255,255,255,0);\" class=\"n2-ss-slide-background-color\"><\/div><\/div><div class=\"n2-ss-slide-background\" data-public-id=\"38\" data-mode=\"fill\" aria-hidden=\"true\"><div class=\"n2-ss-slide-background-image\" data-blur=\"0\" data-opacity=\"100\" data-x=\"50\" data-y=\"50\" data-alt=\"\" data-title=\"\"><picture class=\"skip-lazy\" data-skip-lazy=\"1\"><img decoding=\"async\" src=\"\/\/www.acacr.es\/wp-content\/uploads\/2025\/05\/MG_L1886-1.jpg\" alt=\"\" title=\"\" loading=\"lazy\" class=\"skip-lazy\" data-skip-lazy=\"1\"><\/picture><\/div><div data-color=\"RGBA(255,255,255,0)\" style=\"background-color: RGBA(255,255,255,0);\" class=\"n2-ss-slide-background-color\"><\/div><\/div><div class=\"n2-ss-slide-background\" data-public-id=\"39\" data-mode=\"fill\" aria-hidden=\"true\"><div class=\"n2-ss-slide-background-image\" data-blur=\"0\" data-opacity=\"100\" data-x=\"50\" data-y=\"50\" data-alt=\"\" data-title=\"\"><picture class=\"skip-lazy\" data-skip-lazy=\"1\"><img decoding=\"async\" src=\"\/\/www.acacr.es\/wp-content\/uploads\/2025\/05\/MG_L2457.jpg\" alt=\"\" title=\"\" loading=\"lazy\" class=\"skip-lazy\" data-skip-lazy=\"1\"><\/picture><\/div><div data-color=\"RGBA(255,255,255,0)\" style=\"background-color: RGBA(255,255,255,0);\" class=\"n2-ss-slide-background-color\"><\/div><\/div><div class=\"n2-ss-slide-background\" data-public-id=\"40\" data-mode=\"fill\" aria-hidden=\"true\"><div class=\"n2-ss-slide-background-image\" data-blur=\"0\" data-opacity=\"100\" data-x=\"50\" data-y=\"50\" data-alt=\"\" data-title=\"\"><picture class=\"skip-lazy\" data-skip-lazy=\"1\"><img decoding=\"async\" src=\"\/\/www.acacr.es\/wp-content\/uploads\/2025\/05\/MG_L2606.jpg\" alt=\"\" title=\"\" loading=\"lazy\" class=\"skip-lazy\" data-skip-lazy=\"1\"><\/picture><\/div><div data-color=\"RGBA(255,255,255,0)\" style=\"background-color: RGBA(255,255,255,0);\" class=\"n2-ss-slide-background-color\"><\/div><\/div><\/div>                    <div class=\"n2-ss-slider-4 n2-ow\">\n                        <svg xmlns=\"http:\/\/www.w3.org\/2000\/svg\" viewBox=\"0 0 1600 800\" data-related-device=\"desktopPortrait\" class=\"n2-ow n2-ss-preserve-size n2-ss-preserve-size--slider n2-ss-slide-limiter\"><\/svg><div data-first=\"1\" data-slide-duration=\"0\" data-id=\"74\" data-slide-public-id=\"1\" data-title=\"Slide\" class=\"n2-ss-slide n2-ow  n2-ss-slide-74\"><div role=\"note\" class=\"n2-ss-slide--focus\" tabindex=\"-1\">Slide<\/div><div class=\"n2-ss-layers-container n2-ss-slide-limiter n2-ow\"><div class=\"n2-ss-layer n2-ow n-uc-Uo0l1cg3AmNC\" data-sstype=\"slide\" data-pm=\"default\"><\/div><\/div><\/div><div data-slide-duration=\"0\" data-id=\"66\" data-slide-public-id=\"2\" aria-hidden=\"true\" data-title=\"FEDEA\" data-haslink=\"1\" data-href=\"https:\/\/www.acacr.es\/?p=3288\" tabindex=\"0\" role=\"button\" data-n2click=\"url\" data-force-pointer=\"\" class=\"n2-ss-slide n2-ow  n2-ss-slide-66\"><div role=\"note\" class=\"n2-ss-slide--focus\">FEDEA<\/div><div class=\"n2-ss-layers-container n2-ss-slide-limiter n2-ow\"><div class=\"n2-ss-layer n2-ow n-uc-wu9b7Bav6qb1\" data-sstype=\"slide\" data-pm=\"default\"><div class=\"n2-ss-layer n2-ow n-uc-DplyoCN1SJNJ\" data-pm=\"default\" data-sstype=\"content\" data-hasbackground=\"0\"><div class=\"n2-ss-section-main-content n2-ss-layer-with-background n2-ss-layer-content n2-ow n-uc-DplyoCN1SJNJ-inner\"><div class=\"n2-ss-layer n2-ow n-uc-HswoMaUDcSCV\" data-pm=\"normal\" data-sstype=\"layer\"><div id=\"n2-ss-5item1\" class=\"  n2-ss-item-content n2-ss-text n2-ow\" style=\"display:block;\"><a class=\"n2-ow n2-font-7369a2f7377c99c81e8e1017d2c13f9b-hover n2-style-ad291cf264b7a8e0892635e14c2fdd52-heading \" style=\"display:block;\" href=\"https:\/\/www.acacr.es\/?p=3288\">El pasado d\u00eda 26 de marzo tuvo lugar en el sal\u00f3n de Grados de la Facultad de Geograf\u00eda e Historia de la Universidad de Sevilla la conferencia \u201cInfraestructuras en Espa\u00f1a , situaci\u00f3n y retos\u201d a cargo del Prof Dr D. Gin\u00e9s de Rus  Catedr\u00e1tico de Econom\u00eda de la Universidad de Las Palmas de GC e Investigador asociado de FEDEA<\/a><\/div><\/div><\/div><\/div><\/div><\/div><\/div><div data-slide-duration=\"0\" data-id=\"67\" data-slide-public-id=\"3\" aria-hidden=\"true\" data-title=\"FEDEA 2\" data-haslink=\"1\" data-href=\"https:\/\/www.acacr.es\/?p=3288\" tabindex=\"0\" role=\"button\" data-n2click=\"url\" data-force-pointer=\"\" class=\"n2-ss-slide n2-ow  n2-ss-slide-67\"><div role=\"note\" class=\"n2-ss-slide--focus\">FEDEA 2<\/div><div class=\"n2-ss-layers-container n2-ss-slide-limiter n2-ow\"><div class=\"n2-ss-layer n2-ow n-uc-Onc8q9raQEBm\" data-sstype=\"slide\" data-pm=\"default\"><div class=\"n2-ss-layer n2-ow n-uc-wfmjP9QWOKRm\" data-pm=\"default\" data-sstype=\"content\" data-hasbackground=\"0\"><div class=\"n2-ss-section-main-content n2-ss-layer-with-background n2-ss-layer-content n2-ow n-uc-wfmjP9QWOKRm-inner\"><div class=\"n2-ss-layer n2-ow n-uc-2gUv6ZO3h1w7\" data-pm=\"normal\" data-sstype=\"layer\"><div id=\"n2-ss-5item2\" class=\"  n2-ss-item-content n2-ss-text n2-ow\" style=\"display:block;\"><a class=\"n2-ow n2-font-7369a2f7377c99c81e8e1017d2c13f9b-hover n2-style-ad291cf264b7a8e0892635e14c2fdd52-heading \" style=\"display:block;\" href=\"https:\/\/www.acacr.es\/?p=3288\">El pasado d\u00eda 26 de marzo tuvo lugar en el sal\u00f3n de Grados de la Facultad de Geograf\u00eda e Historia de la Universidad de Sevilla la conferencia \u201cInfraestructuras en Espa\u00f1a , situaci\u00f3n y retos\u201d a cargo del Prof Dr D. Gin\u00e9s de Rus  Catedr\u00e1tico de Econom\u00eda de la Universidad de Las Palmas de GC e Investigador asociado de FEDEA<\/a><\/div><\/div><\/div><\/div><\/div><\/div><\/div><div data-slide-duration=\"0\" data-id=\"65\" data-slide-public-id=\"4\" aria-hidden=\"true\" data-title=\"A. Vargas \" data-haslink=\"1\" data-href=\"https:\/\/www.acacr.es\/?p=3242\" tabindex=\"0\" role=\"button\" data-n2click=\"url\" data-force-pointer=\"\" class=\"n2-ss-slide n2-ow  n2-ss-slide-65\"><div role=\"note\" class=\"n2-ss-slide--focus\">A. Vargas <\/div><div class=\"n2-ss-layers-container n2-ss-slide-limiter n2-ow\"><div class=\"n2-ss-layer n2-ow n-uc-7qxGkzTUT6X3\" data-sstype=\"slide\" data-pm=\"default\"><div class=\"n2-ss-layer n2-ow n-uc-ZnMGNslFV1aX\" data-pm=\"default\" data-sstype=\"content\" data-hasbackground=\"0\"><div class=\"n2-ss-section-main-content n2-ss-layer-with-background n2-ss-layer-content n2-ow n-uc-ZnMGNslFV1aX-inner\"><div class=\"n2-ss-layer n2-ow n-uc-8HADL93CVKC0\" data-pm=\"normal\" data-sstype=\"layer\"><div id=\"n2-ss-5item3\" class=\"  n2-ss-item-content n2-ss-text n2-ow\" style=\"display:block;\"><a class=\"n2-ow n2-font-7369a2f7377c99c81e8e1017d2c13f9b-hover n2-style-ad291cf264b7a8e0892635e14c2fdd52-heading \" style=\"display:block;\" href=\"https:\/\/www.acacr.es\/?p=3242\">Discurso de ingreso en la Academia del Ilmo. Alfonso Vargas S\u00e1nchez.<\/a><\/div><\/div><\/div><\/div><\/div><\/div><\/div><div data-slide-duration=\"0\" data-id=\"64\" data-slide-public-id=\"5\" aria-hidden=\"true\" data-title=\"Carb\u00f3 1\" data-haslink=\"1\" data-href=\"https:\/\/www.acacr.es\/?p=3242\" tabindex=\"0\" role=\"button\" data-n2click=\"url\" data-force-pointer=\"\" class=\"n2-ss-slide n2-ow  n2-ss-slide-64\"><div role=\"note\" class=\"n2-ss-slide--focus\">Carb\u00f3 1<\/div><div class=\"n2-ss-layers-container n2-ss-slide-limiter n2-ow\"><div class=\"n2-ss-layer n2-ow n-uc-hRHAUMGevATd\" data-sstype=\"slide\" data-pm=\"default\"><div class=\"n2-ss-layer n2-ow n-uc-b3MsNRE4NdTT\" data-pm=\"default\" data-sstype=\"content\" data-hasbackground=\"0\"><div class=\"n2-ss-section-main-content n2-ss-layer-with-background n2-ss-layer-content n2-ow n-uc-b3MsNRE4NdTT-inner\"><div class=\"n2-ss-layer n2-ow n-uc-1a637527a4fca\" data-pm=\"normal\" data-sstype=\"layer\"><div id=\"n2-ss-5item4\" class=\"  n2-ss-item-content n2-ss-text n2-ow\" style=\"display:block;\"><a class=\"n2-ow n2-font-7369a2f7377c99c81e8e1017d2c13f9b-hover n2-style-ad291cf264b7a8e0892635e14c2fdd52-heading \" style=\"display:block;\" href=\"https:\/\/www.acacr.es\/?p=3242\">Ilmo. Sr. D. Santiago Carbo\u0301 Valverde en la lectura de su discurso de ingreso en la  Academia Andaluza de Ciencias Econ\u00f3micas y del Territorio,  <br>Universidad de Granada (15-02.2019).<\/a><\/div><\/div><\/div><\/div><\/div><\/div><\/div><div data-slide-duration=\"0\" data-id=\"63\" data-slide-public-id=\"6\" aria-hidden=\"true\" data-title=\"Carb\u00f3 1\" data-haslink=\"1\" data-href=\"https:\/\/www.acacr.es\/?p=3242\" tabindex=\"0\" role=\"button\" data-n2click=\"url\" data-force-pointer=\"\" class=\"n2-ss-slide n2-ow  n2-ss-slide-63\"><div role=\"note\" class=\"n2-ss-slide--focus\">Carb\u00f3 1<\/div><div class=\"n2-ss-layers-container n2-ss-slide-limiter n2-ow\"><div class=\"n2-ss-layer n2-ow n-uc-6r864VLiiQrv\" data-sstype=\"slide\" data-pm=\"default\"><div class=\"n2-ss-layer n2-ow n-uc-o9oZMYJWLf6b\" data-pm=\"default\" data-sstype=\"content\" data-hasbackground=\"0\"><div class=\"n2-ss-section-main-content n2-ss-layer-with-background n2-ss-layer-content n2-ow n-uc-o9oZMYJWLf6b-inner\"><div class=\"n2-ss-layer n2-ow n-uc-108e608256d83\" data-pm=\"normal\" data-sstype=\"layer\"><div id=\"n2-ss-5item5\" class=\"  n2-ss-item-content n2-ss-text n2-ow\" style=\"display:block;\"><a class=\"n2-ow n2-font-7369a2f7377c99c81e8e1017d2c13f9b-hover n2-style-ad291cf264b7a8e0892635e14c2fdd52-heading \" style=\"display:block;\" href=\"https:\/\/www.acacr.es\/?p=3242\">Ilmo. Sr. D. Santiago Carbo\u0301 Valverde en la lectura de su discurso de ingreso en la  Academia Andaluza de Ciencias Econ\u00f3micas y del Territorio,  <br>Universidad de Granada (15-02.2019).<\/a><\/div><\/div><\/div><\/div><\/div><\/div><\/div><div data-slide-duration=\"0\" data-id=\"56\" data-slide-public-id=\"7\" aria-hidden=\"true\" data-title=\"Domenech 2\" data-haslink=\"1\" data-href=\"https:\/\/www.acacr.es\/?p=3242\" tabindex=\"0\" role=\"button\" data-n2click=\"url\" data-force-pointer=\"\" class=\"n2-ss-slide n2-ow  n2-ss-slide-56\"><div role=\"note\" class=\"n2-ss-slide--focus\">Domenech 2<\/div><div class=\"n2-ss-layers-container n2-ss-slide-limiter n2-ow\"><div class=\"n2-ss-layer n2-ow n-uc-xBY0lKK3cwd6\" data-sstype=\"slide\" data-pm=\"default\"><div class=\"n2-ss-layer n2-ow n-uc-IEgOoAVjhI89\" data-pm=\"default\" data-sstype=\"content\" data-hasbackground=\"0\"><div class=\"n2-ss-section-main-content n2-ss-layer-with-background n2-ss-layer-content n2-ow n-uc-IEgOoAVjhI89-inner\"><div class=\"n2-ss-layer n2-ow n-uc-mK8ZWSQAej6Q\" data-pm=\"normal\" data-sstype=\"layer\"><div id=\"n2-ss-5item6\" class=\"  n2-ss-item-content n2-ss-text n2-ow\" style=\"display:block;\"><a class=\"n2-ow n2-font-7369a2f7377c99c81e8e1017d2c13f9b-hover n2-style-ad291cf264b7a8e0892635e14c2fdd52-heading \" style=\"display:block;\" href=\"https:\/\/www.acacr.es\/?p=3242\">El Presidente de la Academia Andaluza de Ciencias Econ\u00f3micas y del Territorio, Excmo. Sr. D. Jos\u00e9 Ignacio Castillo Manzano, con el Decano de la Facultad de Ciencias Econ\u00f3micas y Empresariales de la Universidad de Sevilla, Dr. Antonio Navarro Garc\u00eda, en la Conferencia a cargo del Prof. Dr. D. Rafael Domenech.<br><\/a><\/div><\/div><\/div><\/div><\/div><\/div><\/div><div data-slide-duration=\"0\" data-id=\"61\" data-slide-public-id=\"8\" aria-hidden=\"true\" data-title=\"Domenech 1\" data-haslink=\"1\" data-href=\"https:\/\/www.acacr.es\/?p=3242\" tabindex=\"0\" role=\"button\" data-n2click=\"url\" data-force-pointer=\"\" class=\"n2-ss-slide n2-ow  n2-ss-slide-61\"><div role=\"note\" class=\"n2-ss-slide--focus\">Domenech 1<\/div><div class=\"n2-ss-layers-container n2-ss-slide-limiter n2-ow\"><div class=\"n2-ss-layer n2-ow n-uc-tUiiRYGYMRoq\" data-sstype=\"slide\" data-pm=\"default\"><div class=\"n2-ss-layer n2-ow n-uc-GmzFyQPF0nby\" data-pm=\"default\" data-sstype=\"content\" data-hasbackground=\"0\"><div class=\"n2-ss-section-main-content n2-ss-layer-with-background n2-ss-layer-content n2-ow n-uc-GmzFyQPF0nby-inner\"><div class=\"n2-ss-layer n2-ow n-uc-IQtyjyCZ60jT\" data-pm=\"normal\" data-sstype=\"layer\"><div id=\"n2-ss-5item7\" class=\"n2-font-7369a2f7377c99c81e8e1017d2c13f9b-hover n2-style-ad291cf264b7a8e0892635e14c2fdd52-heading   n2-ss-item-content n2-ss-text n2-ow\" style=\"display:block;\">El Presidente de la Academia Andaluza de Ciencias Econ\u00f3micas y del Territorio, Excmo. Sr. D. Jos\u00e9 Ignacio Castillo Manzano, en la <br>Conferencia a cargo del Prof. Dr. D. Rafael Domenech, responsable de An\u00e1lisis Econ\u00f3mico de BBVA y Catedr\u00e1tico de Econom\u00eda de la Universitat de Valencia \u00abSituaci\u00f3n y Perspectivas de la Econom\u00eda Mundial y de Espa\u00f1a\u00bb<br><\/div><\/div><\/div><\/div><\/div><\/div><\/div><div data-slide-duration=\"0\" data-id=\"58\" data-slide-public-id=\"9\" aria-hidden=\"true\" data-title=\"Crespo 1\" data-haslink=\"1\" data-href=\"https:\/\/www.acacr.es\/?p=3234\" tabindex=\"0\" role=\"button\" data-n2click=\"url\" data-force-pointer=\"\" class=\"n2-ss-slide n2-ow  n2-ss-slide-58\"><div role=\"note\" class=\"n2-ss-slide--focus\">Crespo 1<\/div><div class=\"n2-ss-layers-container n2-ss-slide-limiter n2-ow\"><div class=\"n2-ss-layer n2-ow n-uc-6HhljRvyTlgb\" data-sstype=\"slide\" data-pm=\"default\"><div class=\"n2-ss-layer n2-ow n-uc-FVtgw0BPLEwS\" data-pm=\"default\" data-sstype=\"content\" data-hasbackground=\"0\"><div class=\"n2-ss-section-main-content n2-ss-layer-with-background n2-ss-layer-content n2-ow n-uc-FVtgw0BPLEwS-inner\"><div class=\"n2-ss-layer n2-ow n-uc-RJVo8zCUL1dz\" data-pm=\"normal\" data-sstype=\"layer\"><div id=\"n2-ss-5item8\" class=\"n2-font-7369a2f7377c99c81e8e1017d2c13f9b-hover n2-style-ad291cf264b7a8e0892635e14c2fdd52-heading   n2-ss-item-content n2-ss-text n2-ow\" style=\"display:block;\">El Presidente de la Academia Andaluza de Ciencias Econ\u00f3micas y del Territorio, Excmo. Sr. D. Jos\u00e9 Ignacio Castillo Manzano, en la Conferencia a cargo del Prof. Dr. D. Jes\u00fas Crespo Curesma Director del Departamento de la Vienna University of Economics and Business \u201cEl futuro de la pobreza global\u201d<\/div><\/div><\/div><\/div><\/div><\/div><\/div><div data-slide-duration=\"0\" data-id=\"59\" data-slide-public-id=\"10\" aria-hidden=\"true\" data-title=\"Crespo 2\" data-haslink=\"1\" data-href=\"https:\/\/www.acacr.es\/?p=3234\" tabindex=\"0\" role=\"button\" data-n2click=\"url\" data-force-pointer=\"\" class=\"n2-ss-slide n2-ow  n2-ss-slide-59\"><div role=\"note\" class=\"n2-ss-slide--focus\">Crespo 2<\/div><div class=\"n2-ss-layers-container n2-ss-slide-limiter n2-ow\"><div class=\"n2-ss-layer n2-ow n-uc-4ZUHRNjauIQ6\" data-sstype=\"slide\" data-pm=\"default\"><div class=\"n2-ss-layer n2-ow n-uc-whxd7pZ9HZ9x\" data-pm=\"default\" data-sstype=\"content\" data-hasbackground=\"0\"><div class=\"n2-ss-section-main-content n2-ss-layer-with-background n2-ss-layer-content n2-ow n-uc-whxd7pZ9HZ9x-inner\"><div class=\"n2-ss-layer n2-ow n-uc-kflwiX1HTlh8\" data-pm=\"normal\" data-sstype=\"layer\"><div id=\"n2-ss-5item9\" class=\"n2-font-7369a2f7377c99c81e8e1017d2c13f9b-hover n2-style-ad291cf264b7a8e0892635e14c2fdd52-heading   n2-ss-item-content n2-ss-text n2-ow\" style=\"display:block;\">El Presidente de la Academia Andaluza de Ciencias Econ\u00f3micas y del Territorio, Excmo. Sr. D. Jos\u00e9 Ignacio Castillo Manzano, en la Conferencia a cargo del Prof. Dr. D. Jes\u00fas Crespo Curesma Director del Departamento de la Vienna University of Economics and Business \u201cEl futuro de la pobreza global\u201d<\/div><\/div><\/div><\/div><\/div><\/div><\/div><div data-slide-duration=\"0\" data-id=\"55\" data-slide-public-id=\"11\" aria-hidden=\"true\" data-title=\"Input-Output 2021\" class=\"n2-ss-slide n2-ow  n2-ss-slide-55\"><div role=\"note\" class=\"n2-ss-slide--focus\" tabindex=\"-1\">Input-Output 2021<\/div><div class=\"n2-ss-layers-container n2-ss-slide-limiter n2-ow\"><div class=\"n2-ss-layer n2-ow n-uc-h2KEhMAwzOfF\" data-sstype=\"slide\" data-pm=\"default\"><\/div><\/div><\/div><div data-slide-duration=\"0\" data-id=\"57\" data-slide-public-id=\"12\" aria-hidden=\"true\" data-title=\"Borrel\" class=\"n2-ss-slide n2-ow  n2-ss-slide-57\"><div role=\"note\" class=\"n2-ss-slide--focus\" tabindex=\"-1\">Borrel<\/div><div class=\"n2-ss-layers-container n2-ss-slide-limiter n2-ow\"><div class=\"n2-ss-layer n2-ow n-uc-zA65y3IJnucS\" data-sstype=\"slide\" data-pm=\"default\"><div class=\"n2-ss-layer n2-ow n-uc-IBeF2d5IUwyD\" data-pm=\"default\" data-sstype=\"content\" data-hasbackground=\"0\"><div class=\"n2-ss-section-main-content n2-ss-layer-with-background n2-ss-layer-content n2-ow n-uc-IBeF2d5IUwyD-inner\"><div class=\"n2-ss-layer n2-ow n-uc-FHUkl3CMNtki\" data-pm=\"normal\" data-sstype=\"layer\"><div id=\"n2-ss-5item10\" class=\"n2-font-7369a2f7377c99c81e8e1017d2c13f9b-hover n2-style-ad291cf264b7a8e0892635e14c2fdd52-heading   n2-ss-item-content n2-ss-text n2-ow\" style=\"display:block;\">El d\u00eda 24 de octubre, a las 11:30 h, tuvo lugar en el Sal\u00f3n de Actos de la Facultad de Turismo y Finanzas de la Universidad de Sevilla, la Conferencia de Apertura del A\u00f1o Acad\u00e9mico 2025-2026 a cargo del Ilmo. Sr. D. Josep Borrel Fontelles, Presidente del CIDOB, Exvicepresidente de la Comisi\u00f3n Europea, Expresidente del Parlamento Europeo y Exministro del Gobierno de Espa\u00f1a. La Conferencia tuvo por t\u00edtulo: \u201cEuropa ante el nuevo desorden estrat\u00e9gico\u201d.<\/div><\/div><\/div><\/div><\/div><\/div><\/div><div data-slide-duration=\"0\" data-id=\"51\" data-slide-public-id=\"13\" aria-hidden=\"true\" data-title=\"Mikel Landabaso\" class=\"n2-ss-slide n2-ow  n2-ss-slide-51\"><div role=\"note\" class=\"n2-ss-slide--focus\" tabindex=\"-1\">Mikel Landabaso<\/div><div class=\"n2-ss-layers-container n2-ss-slide-limiter n2-ow\"><div class=\"n2-ss-layer n2-ow n-uc-NOVI1xvn1Qqg\" data-sstype=\"slide\" data-pm=\"default\"><div class=\"n2-ss-layer n2-ow n-uc-QgLjUiSIww6J\" data-pm=\"default\" data-sstype=\"content\" data-hasbackground=\"0\"><div class=\"n2-ss-section-main-content n2-ss-layer-with-background n2-ss-layer-content n2-ow n-uc-QgLjUiSIww6J-inner\"><div class=\"n2-ss-layer n2-ow n-uc-EYtYPpvIu5J1\" data-pm=\"normal\" data-sstype=\"layer\"><div id=\"n2-ss-5item11\" class=\"  n2-ss-item-content n2-ss-text n2-ow\" style=\"display:block;\"><a class=\"n2-ow n2-font-7369a2f7377c99c81e8e1017d2c13f9b-hover n2-style-ad291cf264b7a8e0892635e14c2fdd52-heading \" style=\"display:block;\" href=\"https:\/\/www.acacr.es\/?p=3217\">El d\u00eda 13 de noviembre tuvo lugar la Conferencia del Dr. D. Mikel Landabaso \u00c1lvarez, Director de Econom\u00eda Justa y Sostenible en el Centro Com\u00fan de Investigaci\u00f3n de la Comisi\u00f3n Europea, sobre el tema: \u201cEl papel de las instituciones y la gobernanza p\u00fablico-privada\u201d. Dicha actividad se celebr\u00f3 en el Sal\u00f3n de Actos de la Facultad de Turismo y Finanzas de la Universidad de Sevilla.<\/a><\/div><\/div><\/div><\/div><\/div><\/div><\/div><div data-slide-duration=\"0\" data-id=\"48\" data-slide-public-id=\"14\" aria-hidden=\"true\" data-title=\"Borrel 2\" class=\"n2-ss-slide n2-ow  n2-ss-slide-48\"><div role=\"note\" class=\"n2-ss-slide--focus\" tabindex=\"-1\">Borrel 2<\/div><div class=\"n2-ss-layers-container n2-ss-slide-limiter n2-ow\"><div class=\"n2-ss-layer n2-ow n-uc-TyPLguBfiweL\" data-sstype=\"slide\" data-pm=\"default\"><div class=\"n2-ss-layer n2-ow n-uc-Fy0soAcmzd8W\" data-pm=\"default\" data-sstype=\"content\" data-hasbackground=\"0\"><div class=\"n2-ss-section-main-content n2-ss-layer-with-background n2-ss-layer-content n2-ow n-uc-Fy0soAcmzd8W-inner\"><div class=\"n2-ss-layer n2-ow n-uc-AesJ3nHBaCE2\" data-pm=\"normal\" data-sstype=\"layer\"><div id=\"n2-ss-5item12\" class=\"n2-font-7369a2f7377c99c81e8e1017d2c13f9b-hover n2-style-ad291cf264b7a8e0892635e14c2fdd52-heading   n2-ss-item-content n2-ss-text n2-ow\" style=\"display:block;\">El d\u00eda 24 de octubre, a las 11:30 h, tuvo lugar en el Sal\u00f3n de Actos de la Facultad de Turismo y Finanzas de la Universidad de Sevilla, la Conferencia de Apertura del A\u00f1o Acad\u00e9mico 2025-2026 a cargo del Ilmo. Sr. D. Josep Borrel Fontelles, Presidente del CIDOB, Exvicepresidente de la Comisi\u00f3n Europea, Expresidente del Parlamento Europeo y Exministro del Gobierno de Espa\u00f1a. La Conferencia tuvo por t\u00edtulo: \u201cEuropa ante el nuevo desorden estrat\u00e9gico\u201d.<\/div><\/div><\/div><\/div><\/div><\/div><\/div><div data-slide-duration=\"0\" data-id=\"49\" data-slide-public-id=\"15\" aria-hidden=\"true\" data-title=\"Grados 1\" class=\"n2-ss-slide n2-ow  n2-ss-slide-49\"><div role=\"note\" class=\"n2-ss-slide--focus\" tabindex=\"-1\">Grados 1<\/div><div class=\"n2-ss-layers-container n2-ss-slide-limiter n2-ow\"><div class=\"n2-ss-layer n2-ow n-uc-J13t7eRbd7cq\" data-sstype=\"slide\" data-pm=\"default\"><div class=\"n2-ss-layer n2-ow n-uc-V8LsgbEJHNn9\" data-pm=\"default\" data-sstype=\"content\" data-hasbackground=\"0\"><div class=\"n2-ss-section-main-content n2-ss-layer-with-background n2-ss-layer-content n2-ow n-uc-V8LsgbEJHNn9-inner\"><div class=\"n2-ss-layer n2-ow n-uc-iw5NYrPck3cf\" data-pm=\"normal\" data-sstype=\"layer\"><div id=\"n2-ss-5item13\" class=\"n2-font-7369a2f7377c99c81e8e1017d2c13f9b-hover n2-style-ad291cf264b7a8e0892635e14c2fdd52-heading   n2-ss-item-content n2-ss-text n2-ow\" style=\"display:block;\">El pasado d\u00eda 23 de octubre, a las 18:30 h, tuvo lugar en el Sal\u00f3n de Grados de la Facultad de Ciencias Econ\u00f3micas y Empresariales de la Universidad de Sevilla, el Acto Solemne de Lectura del Discurso de Ingreso como Acad\u00e9mico Correspondiente, del Ilmo. Sr. D. Ant\u00f3n Costas Comesa\u00f1a, que vers\u00f3 sobre:  \u201cLos economistas como asesores de pol\u00edticas. \u00bfA qui\u00e9n deben hablar, al poder o a la sociedad?\u201d. Fue contestado por el Acad\u00e9mico de N\u00famero, Ilmo. Sr. D. Felipe Romera Lubias.<\/div><\/div><\/div><\/div><\/div><\/div><\/div><div data-slide-duration=\"0\" data-id=\"20\" data-slide-public-id=\"16\" aria-hidden=\"true\" data-title=\"Grados 2\" class=\"n2-ss-slide n2-ow  n2-ss-slide-20\"><div role=\"note\" class=\"n2-ss-slide--focus\" tabindex=\"-1\">Grados 2<\/div><div class=\"n2-ss-layers-container n2-ss-slide-limiter n2-ow\"><div class=\"n2-ss-layer n2-ow n-uc-R8Fbjb43RNuU\" data-sstype=\"slide\" data-pm=\"default\"><div class=\"n2-ss-layer n2-ow n-uc-5QcZRw8R2oZX\" data-pm=\"default\" data-sstype=\"content\" data-hasbackground=\"0\"><div class=\"n2-ss-section-main-content n2-ss-layer-with-background n2-ss-layer-content n2-ow n-uc-5QcZRw8R2oZX-inner\"><div class=\"n2-ss-layer n2-ow n-uc-X1dWOw6jsGd1\" data-pm=\"normal\" data-sstype=\"layer\"><div id=\"n2-ss-5item14\" class=\"n2-font-7369a2f7377c99c81e8e1017d2c13f9b-hover n2-style-ad291cf264b7a8e0892635e14c2fdd52-heading   n2-ss-item-content n2-ss-text n2-ow\" style=\"display:block;\">El pasado d\u00eda 23 de octubre, a las 18:30 h, tuvo lugar en el Sal\u00f3n de Grados de la Facultad de Ciencias Econ\u00f3micas y Empresariales de la Universidad de Sevilla, el Acto Solemne de Lectura del Discurso de Ingreso como Acad\u00e9mico Correspondiente, del Ilmo. Sr. D. Ant\u00f3n Costas Comesa\u00f1a, que vers\u00f3 sobre:  \u201cLos economistas como asesores de pol\u00edticas. \u00bfA qui\u00e9n deben hablar, al poder o a la sociedad?\u201d. Fue contestado por el Acad\u00e9mico de N\u00famero, Ilmo. Sr. D. Felipe Romera Lubias.<\/div><\/div><\/div><\/div><\/div><\/div><\/div><div data-slide-duration=\"0\" data-id=\"43\" data-slide-public-id=\"17\" aria-hidden=\"true\" data-title=\"Procesi\u00f3n de la Real Hermandad Sacramental del Santo Entierro de Nuestro Se\u00f1or Jesucristo \" class=\"n2-ss-slide n2-ow  n2-ss-slide-43\"><div role=\"note\" class=\"n2-ss-slide--focus\" tabindex=\"-1\">Procesi\u00f3n de la Real Hermandad Sacramental del Santo Entierro de Nuestro Se\u00f1or Jesucristo <\/div><div class=\"n2-ss-layers-container n2-ss-slide-limiter n2-ow\"><div class=\"n2-ss-layer n2-ow n-uc-TByPSyr8EeLa\" data-sstype=\"slide\" data-pm=\"default\"><div class=\"n2-ss-layer n2-ow n-uc-LXfKrO5DPBdb\" data-pm=\"default\" data-sstype=\"content\" data-hasbackground=\"0\"><div class=\"n2-ss-section-main-content n2-ss-layer-with-background n2-ss-layer-content n2-ow n-uc-LXfKrO5DPBdb-inner\"><div class=\"n2-ss-layer n2-ow n-uc-s4EOWWyNwTiq\" data-pm=\"normal\" data-sstype=\"layer\"><div id=\"n2-ss-5item15\" class=\"  n2-ss-item-content n2-ss-text n2-ow\" style=\"display:block;\"><a class=\"n2-ow n2-font-7369a2f7377c99c81e8e1017d2c13f9b-hover n2-style-ad291cf264b7a8e0892635e14c2fdd52-heading \" style=\"display:block;\" href=\"https:\/\/www.acacr.es\/?p=2871\">Procesi\u00f3n de la Real Hermandad Sacramental del Santo Entierro de Nuestro Se\u00f1or Jesucristo (19\/04\/2025)<\/a><\/div><\/div><\/div><\/div><\/div><\/div><\/div><div data-slide-duration=\"0\" data-id=\"44\" data-slide-public-id=\"18\" aria-hidden=\"true\" data-title=\"Carb\u00f3 1\" class=\"n2-ss-slide n2-ow  n2-ss-slide-44\"><div role=\"note\" class=\"n2-ss-slide--focus\" tabindex=\"-1\">Carb\u00f3 1<\/div><div class=\"n2-ss-layers-container n2-ss-slide-limiter n2-ow\"><div class=\"n2-ss-layer n2-ow n-uc-OiK0VjQnAvaD\" data-sstype=\"slide\" data-pm=\"default\"><div class=\"n2-ss-layer n2-ow n-uc-PsUeq0Uj57Hh\" data-pm=\"default\" data-sstype=\"content\" data-hasbackground=\"0\"><div class=\"n2-ss-section-main-content n2-ss-layer-with-background n2-ss-layer-content n2-ow n-uc-PsUeq0Uj57Hh-inner\"><div class=\"n2-ss-layer n2-ow n-uc-lyAp0En3T529\" data-pm=\"normal\" data-sstype=\"layer\"><div id=\"n2-ss-5item16\" class=\"  n2-ss-item-content n2-ss-text n2-ow\" style=\"display:block;\"><a class=\"n2-ow n2-font-7369a2f7377c99c81e8e1017d2c13f9b-hover n2-style-ad291cf264b7a8e0892635e14c2fdd52-heading \" style=\"display:block;\" href=\"https:\/\/www.acacr.es\/?p=2871\">Solemne Procesi\u00f3n del Corpus Christi (19\/06\/2025)<\/a><\/div><\/div><\/div><\/div><\/div><\/div><\/div><div data-slide-duration=\"0\" data-id=\"45\" data-slide-public-id=\"19\" aria-hidden=\"true\" data-title=\"Carb\u00f3 1\" class=\"n2-ss-slide n2-ow  n2-ss-slide-45\"><div role=\"note\" class=\"n2-ss-slide--focus\" tabindex=\"-1\">Carb\u00f3 1<\/div><div class=\"n2-ss-layers-container n2-ss-slide-limiter n2-ow\"><div class=\"n2-ss-layer n2-ow n-uc-mq6dByN19Noe\" data-sstype=\"slide\" data-pm=\"default\"><div class=\"n2-ss-layer n2-ow n-uc-XZ3wJFoCpU5T\" data-pm=\"default\" data-sstype=\"content\" data-hasbackground=\"0\"><div class=\"n2-ss-section-main-content n2-ss-layer-with-background n2-ss-layer-content n2-ow n-uc-XZ3wJFoCpU5T-inner\"><div class=\"n2-ss-layer n2-ow n-uc-YVeO7l5Fy8Rl\" data-pm=\"normal\" data-sstype=\"layer\"><div id=\"n2-ss-5item17\" class=\"  n2-ss-item-content n2-ss-text n2-ow\" style=\"display:block;\"><a class=\"n2-ow n2-font-7369a2f7377c99c81e8e1017d2c13f9b-hover n2-style-ad291cf264b7a8e0892635e14c2fdd52-heading \" style=\"display:block;\" href=\"https:\/\/www.acacr.es\/?p=2871\">El d\u00eda 10 de marzo tuvo lugar la conferencia de D. Santiago Carb\u00f3 Valverde, Director de Estudios de (FUNCAS), Catedr\u00e1tico de Econom\u00eda de la Universidad de Valencia y Acad\u00e9mico de N\u00famero de la Academia Andaluza de Ciencia Regional, sobre el tema: \u201cLa econom\u00eda y el sistema financiero espa\u00f1ol en un contexto global convulso\u201d. Dicha actividad se celebr\u00f3 en la Facultad de Ciencias Econ\u00f3micas y Empresariales de la Universidad de Sevilla. <br><br>Pulse en este enlace para acceder al contenido de la conferencia.<\/a><\/div><\/div><\/div><\/div><\/div><\/div><\/div><div data-slide-duration=\"0\" data-id=\"46\" data-slide-public-id=\"20\" aria-hidden=\"true\" data-title=\"Huelva\" class=\"n2-ss-slide n2-ow  n2-ss-slide-46\"><div role=\"note\" class=\"n2-ss-slide--focus\" tabindex=\"-1\">Huelva<\/div><div class=\"n2-ss-layers-container n2-ss-slide-limiter n2-ow\"><div class=\"n2-ss-layer n2-ow n-uc-ly1hXT8uCNYV\" data-sstype=\"slide\" data-pm=\"default\"><div class=\"n2-ss-layer n2-ow n-uc-PTR18iy5kNNr\" data-pm=\"default\" data-sstype=\"content\" data-hasbackground=\"0\"><div class=\"n2-ss-section-main-content n2-ss-layer-with-background n2-ss-layer-content n2-ow n-uc-PTR18iy5kNNr-inner\"><div class=\"n2-ss-layer n2-ow n-uc-So5TEt7J6Y3W\" data-pm=\"normal\" data-sstype=\"layer\"><div id=\"n2-ss-5item18\" class=\"n2-font-7369a2f7377c99c81e8e1017d2c13f9b-hover n2-style-ad291cf264b7a8e0892635e14c2fdd52-heading   n2-ss-item-content n2-ss-text n2-ow\" style=\"display:block;\">El pasado d\u00eda 27 de mayo la Diputaci\u00f3n de Huelva y el Consejo Econ\u00f3mico y Social de la provincia de Huelva organizaron, con la colaboraci\u00f3n de la Academia Andaluza de Ciencia Regional, la Jornada Planificaci\u00f3n Estrat\u00e9gica en lo Local, celebrada en el Centro de Comunicaci\u00f3n Jes\u00fas Hermida de Huelva. La conferencia de inauguraci\u00f3n fue a cargo de D. Jos\u00e9 Ignacio Castillo Manzano, Presidente de la Academia, con el tema: \u201cLa era de la planificaci\u00f3n: una visi\u00f3n desde Andaluc\u00eda. Los casos de la ETEA y el Plan para la mejora de la regulaci\u00f3n econ\u00f3mica\u201d.<\/div><\/div><\/div><\/div><\/div><\/div><\/div><div data-slide-duration=\"0\" data-id=\"21\" data-slide-public-id=\"21\" aria-hidden=\"true\" data-title=\"Carb\u00f3 2\" class=\"n2-ss-slide n2-ow  n2-ss-slide-21\"><div role=\"note\" class=\"n2-ss-slide--focus\" tabindex=\"-1\">Carb\u00f3 2<\/div><div class=\"n2-ss-layers-container n2-ss-slide-limiter n2-ow\"><div class=\"n2-ss-layer n2-ow n-uc-5lelvB1irSea\" data-sstype=\"slide\" data-pm=\"default\"><div class=\"n2-ss-layer n2-ow n-uc-sJT7hBadJCta\" data-pm=\"default\" data-sstype=\"content\" data-hasbackground=\"0\"><div class=\"n2-ss-section-main-content n2-ss-layer-with-background n2-ss-layer-content n2-ow n-uc-sJT7hBadJCta-inner\"><div class=\"n2-ss-layer n2-ow n-uc-120bdbbadb6b2\" data-pm=\"normal\" data-sstype=\"layer\"><div id=\"n2-ss-5item19\" class=\"  n2-ss-item-content n2-ss-text n2-ow\" style=\"display:block;\"><a class=\"n2-ow n2-font-7369a2f7377c99c81e8e1017d2c13f9b-hover n2-style-ad291cf264b7a8e0892635e14c2fdd52-heading \" style=\"display:block;\" href=\"https:\/\/www.acacr.es\/?p=2871\">El d\u00eda 10 de marzo tuvo lugar la conferencia de D. Santiago Carb\u00f3 Valverde, Director de Estudios de (FUNCAS), Catedr\u00e1tico de Econom\u00eda de la Universidad de Valencia y Acad\u00e9mico de N\u00famero de la Academia Andaluza de Ciencia Regional, sobre el tema: \u201cLa econom\u00eda y el sistema financiero espa\u00f1ol en un contexto global convulso\u201d. Dicha actividad se celebr\u00f3 en la Facultad de Ciencias Econ\u00f3micas y Empresariales de la Universidad de Sevilla. <br><br>Pulse en este enlace para acceder al contenido de la conferencia.<\/a><\/div><\/div><\/div><\/div><\/div><\/div><\/div><div data-slide-duration=\"0\" data-id=\"23\" data-slide-public-id=\"22\" aria-hidden=\"true\" data-title=\"Carb\u00f3 3\" class=\"n2-ss-slide n2-ow  n2-ss-slide-23\"><div role=\"note\" class=\"n2-ss-slide--focus\" tabindex=\"-1\">Carb\u00f3 3<\/div><div class=\"n2-ss-layers-container n2-ss-slide-limiter n2-ow\"><div class=\"n2-ss-layer n2-ow n-uc-Ela2hTURDhTh\" data-sstype=\"slide\" data-pm=\"default\"><div class=\"n2-ss-layer n2-ow n-uc-V2dqO2xt2yYm\" data-pm=\"default\" data-sstype=\"content\" data-hasbackground=\"0\"><div class=\"n2-ss-section-main-content n2-ss-layer-with-background n2-ss-layer-content n2-ow n-uc-V2dqO2xt2yYm-inner\"><div class=\"n2-ss-layer n2-ow n-uc-iqPG3Cep7GSX\" data-pm=\"normal\" data-sstype=\"layer\"><div id=\"n2-ss-5item20\" class=\"  n2-ss-item-content n2-ss-text n2-ow\" style=\"display:block;\"><a class=\"n2-ow n2-font-7369a2f7377c99c81e8e1017d2c13f9b-hover n2-style-ad291cf264b7a8e0892635e14c2fdd52-heading \" style=\"display:block;\" href=\"https:\/\/www.acacr.es\/?p=2871\">El d\u00eda 10 de marzo tuvo lugar la conferencia de D. Santiago Carb\u00f3 Valverde, Director de Estudios de (FUNCAS), Catedr\u00e1tico de Econom\u00eda de la Universidad de Valencia y Acad\u00e9mico de N\u00famero de la Academia Andaluza de Ciencia Regional, sobre el tema: \u201cLa econom\u00eda y el sistema financiero espa\u00f1ol en un contexto global convulso\u201d. Dicha actividad se celebr\u00f3 en la Facultad de Ciencias Econ\u00f3micas y Empresariales de la Universidad de Sevilla. <br><br>Pulse en este enlace para acceder al contenido de la conferencia.<\/a><\/div><\/div><\/div><\/div><\/div><\/div><\/div><div data-slide-duration=\"0\" data-id=\"24\" data-slide-public-id=\"23\" aria-hidden=\"true\" data-title=\"Carb\u00f3 5\" class=\"n2-ss-slide n2-ow  n2-ss-slide-24\"><div role=\"note\" class=\"n2-ss-slide--focus\" tabindex=\"-1\">Carb\u00f3 5<\/div><div class=\"n2-ss-layers-container n2-ss-slide-limiter n2-ow\"><div class=\"n2-ss-layer n2-ow n-uc-WTY3gVk4ds44\" data-sstype=\"slide\" data-pm=\"default\"><div class=\"n2-ss-layer n2-ow n-uc-SiLwOdd0usaB\" data-pm=\"default\" data-sstype=\"content\" data-hasbackground=\"0\"><div class=\"n2-ss-section-main-content n2-ss-layer-with-background n2-ss-layer-content n2-ow n-uc-SiLwOdd0usaB-inner\"><div class=\"n2-ss-layer n2-ow n-uc-vIO1bpWSqDOp\" data-pm=\"normal\" data-sstype=\"layer\"><div id=\"n2-ss-5item21\" class=\"  n2-ss-item-content n2-ss-text n2-ow\" style=\"display:block;\"><a class=\"n2-ow n2-font-7369a2f7377c99c81e8e1017d2c13f9b-hover n2-style-ad291cf264b7a8e0892635e14c2fdd52-heading \" style=\"display:block;\" href=\"https:\/\/www.acacr.es\/?p=2871\">El d\u00eda 10 de marzo tuvo lugar la conferencia de D. Santiago Carb\u00f3 Valverde, Director de Estudios de (FUNCAS), Catedr\u00e1tico de Econom\u00eda de la Universidad de Valencia y Acad\u00e9mico de N\u00famero de la Academia Andaluza de Ciencia Regional, sobre el tema: \u201cLa econom\u00eda y el sistema financiero espa\u00f1ol en un contexto global convulso\u201d. Dicha actividad se celebr\u00f3 en la Facultad de Ciencias Econ\u00f3micas y Empresariales de la Universidad de Sevilla. <br><br>Pulse en este enlace para acceder al contenido de la conferencia.<\/a><\/div><\/div><\/div><\/div><\/div><\/div><\/div><div data-slide-duration=\"0\" data-id=\"25\" data-slide-public-id=\"24\" aria-hidden=\"true\" data-title=\"Carb\u00f3 6\" class=\"n2-ss-slide n2-ow  n2-ss-slide-25\"><div role=\"note\" class=\"n2-ss-slide--focus\" tabindex=\"-1\">Carb\u00f3 6<\/div><div class=\"n2-ss-layers-container n2-ss-slide-limiter n2-ow\"><div class=\"n2-ss-layer n2-ow n-uc-s2iVT3SMtQd9\" data-sstype=\"slide\" data-pm=\"default\"><div class=\"n2-ss-layer n2-ow n-uc-uh797yyQaFOd\" data-pm=\"default\" data-sstype=\"content\" data-hasbackground=\"0\"><div class=\"n2-ss-section-main-content n2-ss-layer-with-background n2-ss-layer-content n2-ow n-uc-uh797yyQaFOd-inner\"><div class=\"n2-ss-layer n2-ow n-uc-QjzjHbPMtdgk\" data-pm=\"normal\" data-sstype=\"layer\"><div id=\"n2-ss-5item22\" class=\"  n2-ss-item-content n2-ss-text n2-ow\" style=\"display:block;\"><a class=\"n2-ow n2-font-7369a2f7377c99c81e8e1017d2c13f9b-hover n2-style-ad291cf264b7a8e0892635e14c2fdd52-heading \" style=\"display:block;\" href=\"https:\/\/www.acacr.es\/?p=2871\">El d\u00eda 10 de marzo tuvo lugar la conferencia de D. Santiago Carb\u00f3 Valverde, Director de Estudios de (FUNCAS), Catedr\u00e1tico de Econom\u00eda de la Universidad de Valencia y Acad\u00e9mico de N\u00famero de la Academia Andaluza de Ciencia Regional, sobre el tema: \u201cLa econom\u00eda y el sistema financiero espa\u00f1ol en un contexto global convulso\u201d. Dicha actividad se celebr\u00f3 en la Facultad de Ciencias Econ\u00f3micas y Empresariales de la Universidad de Sevilla. <br><br>Pulse en este enlace para acceder al contenido de la conferencia.<\/a><\/div><\/div><\/div><\/div><\/div><\/div><\/div><div data-slide-duration=\"0\" data-id=\"26\" data-slide-public-id=\"25\" aria-hidden=\"true\" data-title=\"Fuente Moreno\" class=\"n2-ss-slide n2-ow  n2-ss-slide-26\"><div role=\"note\" class=\"n2-ss-slide--focus\" tabindex=\"-1\">Fuente Moreno<\/div><div class=\"n2-ss-layers-container n2-ss-slide-limiter n2-ow\"><div class=\"n2-ss-layer n2-ow n-uc-5HoP8tftm4Mi\" data-sstype=\"slide\" data-pm=\"default\"><div class=\"n2-ss-layer n2-ow n-uc-fiFsIN3q3UJ7\" data-pm=\"default\" data-sstype=\"content\" data-hasbackground=\"0\"><div class=\"n2-ss-section-main-content n2-ss-layer-with-background n2-ss-layer-content n2-ow n-uc-fiFsIN3q3UJ7-inner\"><div class=\"n2-ss-layer n2-ow n-uc-EUn1cgzmlcID\" data-pm=\"normal\" data-sstype=\"layer\"><div id=\"n2-ss-5item23\" class=\"  n2-ss-item-content n2-ss-text n2-ow\" style=\"display:block;\"><a class=\"n2-ow n2-font-7369a2f7377c99c81e8e1017d2c13f9b-hover n2-style-ad291cf264b7a8e0892635e14c2fdd52-heading \" style=\"display:block;\" href=\"https:\/\/www.acacr.es\/?p=2868\">El d\u00eda 3 de marzo tuvo lugar la conferencia de D. \u00c1ngel Miguel de la Fuente Moreno, Director de la Fundaci\u00f3n de Estudios de Econom\u00eda Aplicada (FEDEA), sobre el tema: \u201c\u00bfD\u00f3nde estamos en materia de financiaci\u00f3n auton\u00f3mica?\u201d. Dicha actividad se celebr\u00f3 en la Facultad de Ciencias Econ\u00f3micas y Empresariales de la Universidad de Sevilla. <br><br>Pulse en este enlace para acceder al contenido de la noticia.<\/a><\/div><\/div><\/div><\/div><\/div><\/div><\/div><div data-slide-duration=\"0\" data-id=\"27\" data-slide-public-id=\"26\" aria-hidden=\"true\" data-title=\"Fuente Moreno 2\" class=\"n2-ss-slide n2-ow  n2-ss-slide-27\"><div role=\"note\" class=\"n2-ss-slide--focus\" tabindex=\"-1\">Fuente Moreno 2<\/div><div class=\"n2-ss-layers-container n2-ss-slide-limiter n2-ow\"><div class=\"n2-ss-layer n2-ow n-uc-k5H1lQuPjTGa\" data-sstype=\"slide\" data-pm=\"default\"><div class=\"n2-ss-layer n2-ow n-uc-EozZyWiPfzId\" data-pm=\"default\" data-sstype=\"content\" data-hasbackground=\"0\"><div class=\"n2-ss-section-main-content n2-ss-layer-with-background n2-ss-layer-content n2-ow n-uc-EozZyWiPfzId-inner\"><div class=\"n2-ss-layer n2-ow n-uc-lPhRuL3TX3sC\" data-pm=\"normal\" data-sstype=\"layer\"><div id=\"n2-ss-5item24\" class=\"  n2-ss-item-content n2-ss-text n2-ow\" style=\"display:block;\"><a class=\"n2-ow n2-font-7369a2f7377c99c81e8e1017d2c13f9b-hover n2-style-ad291cf264b7a8e0892635e14c2fdd52-heading \" style=\"display:block;\" href=\"https:\/\/www.acacr.es\/?p=2868\">El d\u00eda 3 de marzo tuvo lugar la conferencia de D. \u00c1ngel Miguel de la Fuente Moreno, Director de la Fundaci\u00f3n de Estudios de Econom\u00eda Aplicada (FEDEA), sobre el tema: \u201c\u00bfD\u00f3nde estamos en materia de financiaci\u00f3n auton\u00f3mica?\u201d. Dicha actividad se celebr\u00f3 en la Facultad de Ciencias Econ\u00f3micas y Empresariales de la Universidad de Sevilla. <br><br>Pulse en este enlace para acceder al contenido de la noticia.<\/a><\/div><\/div><\/div><\/div><\/div><\/div><\/div><div data-slide-duration=\"0\" data-id=\"28\" data-slide-public-id=\"27\" aria-hidden=\"true\" data-title=\"Fuente Moreno 3\" class=\"n2-ss-slide n2-ow  n2-ss-slide-28\"><div role=\"note\" class=\"n2-ss-slide--focus\" tabindex=\"-1\">Fuente Moreno 3<\/div><div class=\"n2-ss-layers-container n2-ss-slide-limiter n2-ow\"><div class=\"n2-ss-layer n2-ow n-uc-BI6Kpt1YnMve\" data-sstype=\"slide\" data-pm=\"default\"><div class=\"n2-ss-layer n2-ow n-uc-u27pWBYAAVTE\" data-pm=\"default\" data-sstype=\"content\" data-hasbackground=\"0\"><div class=\"n2-ss-section-main-content n2-ss-layer-with-background n2-ss-layer-content n2-ow n-uc-u27pWBYAAVTE-inner\"><div class=\"n2-ss-layer n2-ow n-uc-cXo3M0zC1jjV\" data-pm=\"normal\" data-sstype=\"layer\"><div id=\"n2-ss-5item25\" class=\"  n2-ss-item-content n2-ss-text n2-ow\" style=\"display:block;\"><a class=\"n2-ow n2-font-7369a2f7377c99c81e8e1017d2c13f9b-hover n2-style-ad291cf264b7a8e0892635e14c2fdd52-heading \" style=\"display:block;\" href=\"https:\/\/www.acacr.es\/?p=2868\">El d\u00eda 3 de marzo tuvo lugar la conferencia de D. \u00c1ngel Miguel de la Fuente Moreno, Director de la Fundaci\u00f3n de Estudios de Econom\u00eda Aplicada (FEDEA), sobre el tema: \u201c\u00bfD\u00f3nde estamos en materia de financiaci\u00f3n auton\u00f3mica?\u201d. Dicha actividad se celebr\u00f3 en la Facultad de Ciencias Econ\u00f3micas y Empresariales de la Universidad de Sevilla. <br><br>Pulse en este enlace para acceder al contenido de la noticia.<\/a><\/div><\/div><\/div><\/div><\/div><\/div><\/div><div data-slide-duration=\"0\" data-id=\"29\" data-slide-public-id=\"28\" aria-hidden=\"true\" data-title=\"Fuente Moreno 4\" class=\"n2-ss-slide n2-ow  n2-ss-slide-29\"><div role=\"note\" class=\"n2-ss-slide--focus\" tabindex=\"-1\">Fuente Moreno 4<\/div><div class=\"n2-ss-layers-container n2-ss-slide-limiter n2-ow\"><div class=\"n2-ss-layer n2-ow n-uc-5UbwOwPWsWpT\" data-sstype=\"slide\" data-pm=\"default\"><div class=\"n2-ss-layer n2-ow n-uc-gPfURIpZnyc0\" data-pm=\"default\" data-sstype=\"content\" data-hasbackground=\"0\"><div class=\"n2-ss-section-main-content n2-ss-layer-with-background n2-ss-layer-content n2-ow n-uc-gPfURIpZnyc0-inner\"><div class=\"n2-ss-layer n2-ow n-uc-m3xBQlYIH3NE\" data-pm=\"normal\" data-sstype=\"layer\"><div id=\"n2-ss-5item26\" class=\"  n2-ss-item-content n2-ss-text n2-ow\" style=\"display:block;\"><a class=\"n2-ow n2-font-7369a2f7377c99c81e8e1017d2c13f9b-hover n2-style-ad291cf264b7a8e0892635e14c2fdd52-heading \" style=\"display:block;\" href=\"https:\/\/www.acacr.es\/?p=2868\">El d\u00eda 3 de marzo tuvo lugar la conferencia de D. \u00c1ngel Miguel de la Fuente Moreno, Director de la Fundaci\u00f3n de Estudios de Econom\u00eda Aplicada (FEDEA), sobre el tema: \u201c\u00bfD\u00f3nde estamos en materia de financiaci\u00f3n auton\u00f3mica?\u201d. Dicha actividad se celebr\u00f3 en la Facultad de Ciencias Econ\u00f3micas y Empresariales de la Universidad de Sevilla. <br><br>Pulse en este enlace para acceder al contenido de la noticia.<\/a><\/div><\/div><\/div><\/div><\/div><\/div><\/div><div data-slide-duration=\"0\" data-id=\"30\" data-slide-public-id=\"29\" aria-hidden=\"true\" data-title=\"Fuente Moreno 5\" class=\"n2-ss-slide n2-ow  n2-ss-slide-30\"><div role=\"note\" class=\"n2-ss-slide--focus\" tabindex=\"-1\">Fuente Moreno 5<\/div><div class=\"n2-ss-layers-container n2-ss-slide-limiter n2-ow\"><div class=\"n2-ss-layer n2-ow n-uc-jymTT1TAAF9L\" data-sstype=\"slide\" data-pm=\"default\"><div class=\"n2-ss-layer n2-ow n-uc-ZQiZGbIvudzg\" data-pm=\"default\" data-sstype=\"content\" data-hasbackground=\"0\"><div class=\"n2-ss-section-main-content n2-ss-layer-with-background n2-ss-layer-content n2-ow n-uc-ZQiZGbIvudzg-inner\"><div class=\"n2-ss-layer n2-ow n-uc-ZW1hflXefoCq\" data-pm=\"normal\" data-sstype=\"layer\"><div id=\"n2-ss-5item27\" class=\"  n2-ss-item-content n2-ss-text n2-ow\" style=\"display:block;\"><a class=\"n2-ow n2-font-7369a2f7377c99c81e8e1017d2c13f9b-hover n2-style-ad291cf264b7a8e0892635e14c2fdd52-heading \" style=\"display:block;\" href=\"https:\/\/www.acacr.es\/?p=2868\">El d\u00eda 3 de marzo tuvo lugar la conferencia de D. \u00c1ngel Miguel de la Fuente Moreno, Director de la Fundaci\u00f3n de Estudios de Econom\u00eda Aplicada (FEDEA), sobre el tema: \u201c\u00bfD\u00f3nde estamos en materia de financiaci\u00f3n auton\u00f3mica?\u201d. Dicha actividad se celebr\u00f3 en la Facultad de Ciencias Econ\u00f3micas y Empresariales de la Universidad de Sevilla. <br><br>Pulse en este enlace para acceder al contenido de la noticia.<\/a><\/div><\/div><\/div><\/div><\/div><\/div><\/div><div data-slide-duration=\"0\" data-id=\"31\" data-slide-public-id=\"30\" aria-hidden=\"true\" data-title=\"Gavil\u00e1n\" class=\"n2-ss-slide n2-ow  n2-ss-slide-31\"><div role=\"note\" class=\"n2-ss-slide--focus\" tabindex=\"-1\">Gavil\u00e1n<\/div><div class=\"n2-ss-layers-container n2-ss-slide-limiter n2-ow\"><div class=\"n2-ss-layer n2-ow n-uc-wfb3Ku8P7lHU\" data-sstype=\"slide\" data-pm=\"default\"><div class=\"n2-ss-layer n2-ow n-uc-HgbiJBFN7zLd\" data-pm=\"default\" data-sstype=\"content\" data-hasbackground=\"0\"><div class=\"n2-ss-section-main-content n2-ss-layer-with-background n2-ss-layer-content n2-ow n-uc-HgbiJBFN7zLd-inner\"><div class=\"n2-ss-layer n2-ow n-uc-TSEd4mbX2nvQ\" data-pm=\"normal\" data-sstype=\"layer\"><div id=\"n2-ss-5item28\" class=\"  n2-ss-item-content n2-ss-text n2-ow\" style=\"display:block;\"><a class=\"n2-ow n2-font-7369a2f7377c99c81e8e1017d2c13f9b-hover n2-style-ad291cf264b7a8e0892635e14c2fdd52-heading \" style=\"display:block;\" href=\"https:\/\/www.acacr.es\/?p=2862\">El pasado d\u00eda 6 de febrero tuvo lugar la conferencia de D. \u00c1ngel Gavil\u00e1n Gonz\u00e1lez, Director General de Econom\u00eda del Banco de Espa\u00f1a, sobre el tema: \u201cEl mercado de la vivienda en Espa\u00f1a: evoluci\u00f3n reciente, riesgos y problemas de accesibilidad\u201d. Dicha actividad se celebr\u00f3 en la Facultad de Ciencias Econ\u00f3micas y Empresariales de la Universidad de Sevilla. <br><br>Pulse en este enlace para acceder al contenido de la noticia.<\/a><\/div><\/div><\/div><\/div><\/div><\/div><\/div><div data-slide-duration=\"0\" data-id=\"32\" data-slide-public-id=\"31\" aria-hidden=\"true\" data-title=\"Gavil\u00e1n 2\" class=\"n2-ss-slide n2-ow  n2-ss-slide-32\"><div role=\"note\" class=\"n2-ss-slide--focus\" tabindex=\"-1\">Gavil\u00e1n 2<\/div><div class=\"n2-ss-layers-container n2-ss-slide-limiter n2-ow\"><div class=\"n2-ss-layer n2-ow n-uc-fsQXJHdMdWTd\" data-sstype=\"slide\" data-pm=\"default\"><div class=\"n2-ss-layer n2-ow n-uc-awzH5zjVYhGv\" data-pm=\"default\" data-sstype=\"content\" data-hasbackground=\"0\"><div class=\"n2-ss-section-main-content n2-ss-layer-with-background n2-ss-layer-content n2-ow n-uc-awzH5zjVYhGv-inner\"><div class=\"n2-ss-layer n2-ow n-uc-xG9Ibbq2Ikcx\" data-pm=\"normal\" data-sstype=\"layer\"><div id=\"n2-ss-5item29\" class=\"  n2-ss-item-content n2-ss-text n2-ow\" style=\"display:block;\"><a class=\"n2-ow n2-font-7369a2f7377c99c81e8e1017d2c13f9b-hover n2-style-ad291cf264b7a8e0892635e14c2fdd52-heading \" style=\"display:block;\" href=\"https:\/\/www.acacr.es\/?p=2862\">El pasado d\u00eda 6 de febrero tuvo lugar la conferencia de D. \u00c1ngel Gavil\u00e1n Gonz\u00e1lez, Director General de Econom\u00eda del Banco de Espa\u00f1a, sobre el tema: \u201cEl mercado de la vivienda en Espa\u00f1a: evoluci\u00f3n reciente, riesgos y problemas de accesibilidad\u201d. Dicha actividad se celebr\u00f3 en la Facultad de Ciencias Econ\u00f3micas y Empresariales de la Universidad de Sevilla. <br><br>Pulse en este enlace para acceder al contenido de la noticia.<\/a><\/div><\/div><\/div><\/div><\/div><\/div><\/div><div data-slide-duration=\"0\" data-id=\"33\" data-slide-public-id=\"32\" aria-hidden=\"true\" data-title=\"Gavil\u00e1n 3\" class=\"n2-ss-slide n2-ow  n2-ss-slide-33\"><div role=\"note\" class=\"n2-ss-slide--focus\" tabindex=\"-1\">Gavil\u00e1n 3<\/div><div class=\"n2-ss-layers-container n2-ss-slide-limiter n2-ow\"><div class=\"n2-ss-layer n2-ow n-uc-uEqVcSqQrc8v\" data-sstype=\"slide\" data-pm=\"default\"><div class=\"n2-ss-layer n2-ow n-uc-Dok8mzkyxF5p\" data-pm=\"default\" data-sstype=\"content\" data-hasbackground=\"0\"><div class=\"n2-ss-section-main-content n2-ss-layer-with-background n2-ss-layer-content n2-ow n-uc-Dok8mzkyxF5p-inner\"><div class=\"n2-ss-layer n2-ow n-uc-zQXfyM8iMGh4\" data-pm=\"normal\" data-sstype=\"layer\"><div id=\"n2-ss-5item30\" class=\"  n2-ss-item-content n2-ss-text n2-ow\" style=\"display:block;\"><a class=\"n2-ow n2-font-7369a2f7377c99c81e8e1017d2c13f9b-hover n2-style-ad291cf264b7a8e0892635e14c2fdd52-heading \" style=\"display:block;\" href=\"https:\/\/www.acacr.es\/?p=2862\">El pasado d\u00eda 6 de febrero tuvo lugar la conferencia de D. \u00c1ngel Gavil\u00e1n Gonz\u00e1lez, Director General de Econom\u00eda del Banco de Espa\u00f1a, sobre el tema: \u201cEl mercado de la vivienda en Espa\u00f1a: evoluci\u00f3n reciente, riesgos y problemas de accesibilidad\u201d. Dicha actividad se celebr\u00f3 en la Facultad de Ciencias Econ\u00f3micas y Empresariales de la Universidad de Sevilla. <br><br>Pulse en este enlace para acceder al contenido de la noticia.<\/a><\/div><\/div><\/div><\/div><\/div><\/div><\/div><div data-slide-duration=\"0\" data-id=\"34\" data-slide-public-id=\"33\" aria-hidden=\"true\" data-title=\"Gavil\u00e1n 4\" class=\"n2-ss-slide n2-ow  n2-ss-slide-34\"><div role=\"note\" class=\"n2-ss-slide--focus\" tabindex=\"-1\">Gavil\u00e1n 4<\/div><div class=\"n2-ss-layers-container n2-ss-slide-limiter n2-ow\"><div class=\"n2-ss-layer n2-ow n-uc-AFiX6DVaibXQ\" data-sstype=\"slide\" data-pm=\"default\"><div class=\"n2-ss-layer n2-ow n-uc-mgzR7mDxUuij\" data-pm=\"default\" data-sstype=\"content\" data-hasbackground=\"0\"><div class=\"n2-ss-section-main-content n2-ss-layer-with-background n2-ss-layer-content n2-ow n-uc-mgzR7mDxUuij-inner\"><div class=\"n2-ss-layer n2-ow n-uc-VpnkDs4rvqL2\" data-pm=\"normal\" data-sstype=\"layer\"><div id=\"n2-ss-5item31\" class=\"  n2-ss-item-content n2-ss-text n2-ow\" style=\"display:block;\"><a class=\"n2-ow n2-font-7369a2f7377c99c81e8e1017d2c13f9b-hover n2-style-ad291cf264b7a8e0892635e14c2fdd52-heading \" style=\"display:block;\" href=\"https:\/\/www.acacr.es\/?p=2862\">El pasado d\u00eda 6 de febrero tuvo lugar la conferencia de D. \u00c1ngel Gavil\u00e1n Gonz\u00e1lez, Director General de Econom\u00eda del Banco de Espa\u00f1a, sobre el tema: \u201cEl mercado de la vivienda en Espa\u00f1a: evoluci\u00f3n reciente, riesgos y problemas de accesibilidad\u201d. Dicha actividad se celebr\u00f3 en la Facultad de Ciencias Econ\u00f3micas y Empresariales de la Universidad de Sevilla. <br><br>Pulse en este enlace para acceder al contenido de la noticia.<\/a><\/div><\/div><\/div><\/div><\/div><\/div><\/div><div data-slide-duration=\"0\" data-id=\"35\" data-slide-public-id=\"34\" aria-hidden=\"true\" data-title=\"Gavil\u00e1n 5\" class=\"n2-ss-slide n2-ow  n2-ss-slide-35\"><div role=\"note\" class=\"n2-ss-slide--focus\" tabindex=\"-1\">Gavil\u00e1n 5<\/div><div class=\"n2-ss-layers-container n2-ss-slide-limiter n2-ow\"><div class=\"n2-ss-layer n2-ow n-uc-N2gPR9rGWeaW\" data-sstype=\"slide\" data-pm=\"default\"><div class=\"n2-ss-layer n2-ow n-uc-eSr76Ol2MhGp\" data-pm=\"default\" data-sstype=\"content\" data-hasbackground=\"0\"><div class=\"n2-ss-section-main-content n2-ss-layer-with-background n2-ss-layer-content n2-ow n-uc-eSr76Ol2MhGp-inner\"><div class=\"n2-ss-layer n2-ow n-uc-LC6mYE06wXQh\" data-pm=\"normal\" data-sstype=\"layer\"><div id=\"n2-ss-5item32\" class=\"  n2-ss-item-content n2-ss-text n2-ow\" style=\"display:block;\"><a class=\"n2-ow n2-font-7369a2f7377c99c81e8e1017d2c13f9b-hover n2-style-ad291cf264b7a8e0892635e14c2fdd52-heading \" style=\"display:block;\" href=\"https:\/\/www.acacr.es\/?p=2862\">El pasado d\u00eda 6 de febrero tuvo lugar la conferencia de D. \u00c1ngel Gavil\u00e1n Gonz\u00e1lez, Director General de Econom\u00eda del Banco de Espa\u00f1a, sobre el tema: \u201cEl mercado de la vivienda en Espa\u00f1a: evoluci\u00f3n reciente, riesgos y problemas de accesibilidad\u201d. Dicha actividad se celebr\u00f3 en la Facultad de Ciencias Econ\u00f3micas y Empresariales de la Universidad de Sevilla. <br><br>Pulse en este enlace para acceder al contenido de la noticia.<\/a><\/div><\/div><\/div><\/div><\/div><\/div><\/div><div data-slide-duration=\"0\" data-id=\"36\" data-slide-public-id=\"35\" aria-hidden=\"true\" data-title=\"Gavil\u00e1n 6\" class=\"n2-ss-slide n2-ow  n2-ss-slide-36\"><div role=\"note\" class=\"n2-ss-slide--focus\" tabindex=\"-1\">Gavil\u00e1n 6<\/div><div class=\"n2-ss-layers-container n2-ss-slide-limiter n2-ow\"><div class=\"n2-ss-layer n2-ow n-uc-gMovxZSAL80J\" data-sstype=\"slide\" data-pm=\"default\"><div class=\"n2-ss-layer n2-ow n-uc-0qxlFPEwRuQE\" data-pm=\"default\" data-sstype=\"content\" data-hasbackground=\"0\"><div class=\"n2-ss-section-main-content n2-ss-layer-with-background n2-ss-layer-content n2-ow n-uc-0qxlFPEwRuQE-inner\"><div class=\"n2-ss-layer n2-ow n-uc-TVZCVjLlcsJY\" data-pm=\"normal\" data-sstype=\"layer\"><div id=\"n2-ss-5item33\" class=\"  n2-ss-item-content n2-ss-text n2-ow\" style=\"display:block;\"><a class=\"n2-ow n2-font-7369a2f7377c99c81e8e1017d2c13f9b-hover n2-style-ad291cf264b7a8e0892635e14c2fdd52-heading \" style=\"display:block;\" href=\"https:\/\/www.acacr.es\/?p=2862\">El pasado d\u00eda 6 de febrero tuvo lugar la conferencia de D. \u00c1ngel Gavil\u00e1n Gonz\u00e1lez, Director General de Econom\u00eda del Banco de Espa\u00f1a, sobre el tema: \u201cEl mercado de la vivienda en Espa\u00f1a: evoluci\u00f3n reciente, riesgos y problemas de accesibilidad\u201d. Dicha actividad se celebr\u00f3 en la Facultad de Ciencias Econ\u00f3micas y Empresariales de la Universidad de Sevilla. <br><br>Pulse en este enlace para acceder al contenido de la noticia.<\/a><\/div><\/div><\/div><\/div><\/div><\/div><\/div><div data-slide-duration=\"0\" data-id=\"38\" data-slide-public-id=\"36\" aria-hidden=\"true\" data-title=\"Trayectoria Ejemplar\" class=\"n2-ss-slide n2-ow  n2-ss-slide-38\"><div role=\"note\" class=\"n2-ss-slide--focus\" tabindex=\"-1\">Trayectoria Ejemplar<\/div><div class=\"n2-ss-layers-container n2-ss-slide-limiter n2-ow\"><div class=\"n2-ss-layer n2-ow n-uc-JmSlDxsSSz4I\" data-sstype=\"slide\" data-pm=\"default\"><div class=\"n2-ss-layer n2-ow n-uc-xEP0qqJiCfSu\" data-pm=\"default\" data-sstype=\"content\" data-hasbackground=\"0\"><div class=\"n2-ss-section-main-content n2-ss-layer-with-background n2-ss-layer-content n2-ow n-uc-xEP0qqJiCfSu-inner\"><div class=\"n2-ss-layer n2-ow n-uc-3L5SUOO5x3Bj\" data-pm=\"normal\" data-sstype=\"layer\"><div id=\"n2-ss-5item34\" class=\"  n2-ss-item-content n2-ss-text n2-ow\" style=\"display:block;\"><a class=\"n2-ow n2-font-7369a2f7377c99c81e8e1017d2c13f9b-hover n2-style-ad291cf264b7a8e0892635e14c2fdd52-heading \" style=\"display:block;\" href=\"https:\/\/www.acacr.es\/?p=2857\">El pasado d\u00eda 5 de febrero tuvo lugar la ceremonia solemne de entrega del I Premio a la Trayectoria Ejemplar en Defensa de Andaluc\u00eda, creado por la Academia Andaluza de Ciencia Regional con el patrocinio de Banco Santander. Dicha distinci\u00f3n recay\u00f3 en D\u00aa. F\u00e1tima B\u00e1\u00f1ez Garc\u00eda y en D. Jaime Montaner Rosell\u00f3. La ceremonia tuvo lugar en el Palacio de Yanduri (Sevilla). Haga clic en esta noticia para obtener m\u00e1s informaci\u00f3n. <\/a><\/div><\/div><\/div><\/div><\/div><\/div><\/div><div data-slide-duration=\"0\" data-id=\"39\" data-slide-public-id=\"37\" aria-hidden=\"true\" data-title=\"Trayectoria Ejemplar 2\" class=\"n2-ss-slide n2-ow  n2-ss-slide-39\"><div role=\"note\" class=\"n2-ss-slide--focus\" tabindex=\"-1\">Trayectoria Ejemplar 2<\/div><div class=\"n2-ss-layers-container n2-ss-slide-limiter n2-ow\"><div class=\"n2-ss-layer n2-ow n-uc-3xP877255ykJ\" data-sstype=\"slide\" data-pm=\"default\"><div class=\"n2-ss-layer n2-ow n-uc-WTu5yR3ASePd\" data-pm=\"default\" data-sstype=\"content\" data-hasbackground=\"0\"><div class=\"n2-ss-section-main-content n2-ss-layer-with-background n2-ss-layer-content n2-ow n-uc-WTu5yR3ASePd-inner\"><div class=\"n2-ss-layer n2-ow n-uc-XLuagOLlu4l5\" data-pm=\"normal\" data-sstype=\"layer\"><div id=\"n2-ss-5item35\" class=\"  n2-ss-item-content n2-ss-text n2-ow\" style=\"display:block;\"><a class=\"n2-ow n2-font-7369a2f7377c99c81e8e1017d2c13f9b-hover n2-style-ad291cf264b7a8e0892635e14c2fdd52-heading \" style=\"display:block;\" href=\"https:\/\/www.acacr.es\/?p=2857\">El pasado d\u00eda 5 de febrero tuvo lugar la ceremonia solemne de entrega del I Premio a la Trayectoria Ejemplar en Defensa de Andaluc\u00eda, creado por la Academia Andaluza de Ciencia Regional con el patrocinio de Banco Santander. Dicha distinci\u00f3n recay\u00f3 en D\u00aa. F\u00e1tima B\u00e1\u00f1ez Garc\u00eda y en D. Jaime Montaner Rosell\u00f3. La ceremonia tuvo lugar en el Palacio de Yanduri (Sevilla). Haga clic en esta noticia para obtener m\u00e1s informaci\u00f3n. <\/a><\/div><\/div><\/div><\/div><\/div><\/div><\/div><div data-slide-duration=\"0\" data-id=\"40\" data-slide-public-id=\"38\" aria-hidden=\"true\" data-title=\"Trayectoria Ejemplar 3\" class=\"n2-ss-slide n2-ow  n2-ss-slide-40\"><div role=\"note\" class=\"n2-ss-slide--focus\" tabindex=\"-1\">Trayectoria Ejemplar 3<\/div><div class=\"n2-ss-layers-container n2-ss-slide-limiter n2-ow\"><div class=\"n2-ss-layer n2-ow n-uc-zDPunxKu0Lcl\" data-sstype=\"slide\" data-pm=\"default\"><div class=\"n2-ss-layer n2-ow n-uc-zDYE4HBCGMoG\" data-pm=\"default\" data-sstype=\"content\" data-hasbackground=\"0\"><div class=\"n2-ss-section-main-content n2-ss-layer-with-background n2-ss-layer-content n2-ow n-uc-zDYE4HBCGMoG-inner\"><div class=\"n2-ss-layer n2-ow n-uc-Elkfz4mvVFbH\" data-pm=\"normal\" data-sstype=\"layer\"><div id=\"n2-ss-5item36\" class=\"  n2-ss-item-content n2-ss-text n2-ow\" style=\"display:block;\"><a class=\"n2-ow n2-font-7369a2f7377c99c81e8e1017d2c13f9b-hover n2-style-ad291cf264b7a8e0892635e14c2fdd52-heading \" style=\"display:block;\" href=\"https:\/\/www.acacr.es\/?p=2857\">El pasado d\u00eda 5 de febrero tuvo lugar la ceremonia solemne de entrega del I Premio a la Trayectoria Ejemplar en Defensa de Andaluc\u00eda, creado por la Academia Andaluza de Ciencia Regional con el patrocinio de Banco Santander. Dicha distinci\u00f3n recay\u00f3 en D\u00aa. F\u00e1tima B\u00e1\u00f1ez Garc\u00eda y en D. Jaime Montaner Rosell\u00f3. La ceremonia tuvo lugar en el Palacio de Yanduri (Sevilla). Haga clic en esta noticia para obtener m\u00e1s informaci\u00f3n. <\/a><\/div><\/div><\/div><\/div><\/div><\/div><\/div><div data-slide-duration=\"0\" data-id=\"41\" data-slide-public-id=\"39\" aria-hidden=\"true\" data-title=\"Trayectoria Ejemplar 4\" class=\"n2-ss-slide n2-ow  n2-ss-slide-41\"><div role=\"note\" class=\"n2-ss-slide--focus\" tabindex=\"-1\">Trayectoria Ejemplar 4<\/div><div class=\"n2-ss-layers-container n2-ss-slide-limiter n2-ow\"><div class=\"n2-ss-layer n2-ow n-uc-6rxCoyOpXYbJ\" data-sstype=\"slide\" data-pm=\"default\"><div class=\"n2-ss-layer n2-ow n-uc-UJSWoc8BHhon\" data-pm=\"default\" data-sstype=\"content\" data-hasbackground=\"0\"><div class=\"n2-ss-section-main-content n2-ss-layer-with-background n2-ss-layer-content n2-ow n-uc-UJSWoc8BHhon-inner\"><div class=\"n2-ss-layer n2-ow n-uc-Y0oIWWhA8QHB\" data-pm=\"normal\" data-sstype=\"layer\"><div id=\"n2-ss-5item37\" class=\"  n2-ss-item-content n2-ss-text n2-ow\" style=\"display:block;\"><a class=\"n2-ow n2-font-7369a2f7377c99c81e8e1017d2c13f9b-hover n2-style-ad291cf264b7a8e0892635e14c2fdd52-heading \" style=\"display:block;\" href=\"https:\/\/www.acacr.es\/?p=2857\">El pasado d\u00eda 5 de febrero tuvo lugar la ceremonia solemne de entrega del I Premio a la Trayectoria Ejemplar en Defensa de Andaluc\u00eda, creado por la Academia Andaluza de Ciencia Regional con el patrocinio de Banco Santander. Dicha distinci\u00f3n recay\u00f3 en D\u00aa. F\u00e1tima B\u00e1\u00f1ez Garc\u00eda y en D. Jaime Montaner Rosell\u00f3. La ceremonia tuvo lugar en el Palacio de Yanduri (Sevilla). Haga clic en esta noticia para obtener m\u00e1s informaci\u00f3n. <\/a><\/div><\/div><\/div><\/div><\/div><\/div><\/div><div data-slide-duration=\"0\" data-id=\"42\" data-slide-public-id=\"40\" aria-hidden=\"true\" data-title=\"Trayectoria Ejemplar 5\" class=\"n2-ss-slide n2-ow  n2-ss-slide-42\"><div role=\"note\" class=\"n2-ss-slide--focus\" tabindex=\"-1\">Trayectoria Ejemplar 5<\/div><div class=\"n2-ss-layers-container n2-ss-slide-limiter n2-ow\"><div class=\"n2-ss-layer n2-ow n-uc-GxsWodbY0fOj\" data-sstype=\"slide\" data-pm=\"default\"><div class=\"n2-ss-layer n2-ow n-uc-W5KBlVqM04zm\" data-pm=\"default\" data-sstype=\"content\" data-hasbackground=\"0\"><div class=\"n2-ss-section-main-content n2-ss-layer-with-background n2-ss-layer-content n2-ow n-uc-W5KBlVqM04zm-inner\"><div class=\"n2-ss-layer n2-ow n-uc-0vp4YbHdXQqB\" data-pm=\"normal\" data-sstype=\"layer\"><div id=\"n2-ss-5item38\" class=\"  n2-ss-item-content n2-ss-text n2-ow\" style=\"display:block;\"><a class=\"n2-ow n2-font-7369a2f7377c99c81e8e1017d2c13f9b-hover n2-style-ad291cf264b7a8e0892635e14c2fdd52-heading \" style=\"display:block;\" href=\"https:\/\/www.acacr.es\/?p=2857\">El pasado d\u00eda 5 de febrero tuvo lugar la ceremonia solemne de entrega del I Premio a la Trayectoria Ejemplar en Defensa de Andaluc\u00eda, creado por la Academia Andaluza de Ciencia Regional con el patrocinio de Banco Santander. Dicha distinci\u00f3n recay\u00f3 en D\u00aa. F\u00e1tima B\u00e1\u00f1ez Garc\u00eda y en D. Jaime Montaner Rosell\u00f3. La ceremonia tuvo lugar en el Palacio de Yanduri (Sevilla). Haga clic en esta noticia para obtener m\u00e1s informaci\u00f3n. <\/a><\/div><\/div><\/div><\/div><\/div><\/div><\/div>                    <\/div>\n\n                                    <\/div>\n            <\/div>\n        <\/div>\n        <\/div><ss3-loader><\/ss3-loader><\/div><\/div><div class=\"n2_clear\"><\/div><\/div>\n\n<div id=\"ltimas_noticias_y_publicaciones\"  class=\"wp-block-ultimate-post-heading ultp-block-114e90\"><div class=\"ultp-block-wrapper\"><div class=\"ultp-heading-wrap ultp-heading-style21 ultp-heading-left\"><h2 class=\"ultp-heading-inner\"><span>\u00daltimas noticias y publicaciones<\/span><\/h2><\/div><\/div><\/div>\n\n<div  class=\"ultp-post-grid-block wp-block-ultimate-post-post-list-3 ultp-block-c702b1\"><div class=\"ultp-block-wrapper\"><div class=\"ultp-loading\"><div class=\"ultp-loading-blocks\" style=\"width:100%;height:100%;\"><div style=\"left: 0;top: 0;animation-delay:0s;\"><\/div><div style=\"left: 21px;top: 0;animation-delay:0.125s;\"><\/div><div style=\"left: 42px;top: 0;animation-delay:0.25s;\"><\/div><div style=\"left: 0;top: 21px;animation-delay:0.875s;\"><\/div><div style=\"left: 42px;top: 21px;animation-delay:0.375s;\"><\/div><div style=\"left: 0;top: 42px;animation-delay:0.75s;\"><\/div><div style=\"left: 42px;top: 42px;animation-delay:0.625s;\"><\/div><div style=\"left: 21px;top: 42px;animation-delay:0.5s;\"><\/div><\/div><\/div><div class=\"ultp-block-items-wrap ultp-block-row ultp-block-column-1 ultp-block-content-middle ultp-layout1\"><div class=\"ultp-block-item ultp-block-media post-id-3292\"><div class=\"ultp-block-content-wrap\"><div class=\"ultp-block-content\"><h4 class=\"ultp-block-title \"><a href=\"https:\/\/www.acacr.es\/?p=3292\" >Nuestro presidente, D. Jos\u00e9 Ignacio Castillo, se ha reunido con el embajador de Hungr\u00eda en Espa\u00f1a, el archiduque Jorge de Habsburgo-Lorena, con el objetivo de promover la realizaci\u00f3n de actividades conjuntas.<\/a><\/h4><div class=\"ultp-block-meta ultp-block-meta-dot ultp-block-meta-style6\"><span class=\"ultp-block-date ultp-block-meta-element\"><svg xmlns=\"http:\/\/www.w3.org\/2000\/svg\" fill=\"none\" viewBox=\"0 0 24 24\">\r\n  <path stroke=\"currentColor\" stroke-linecap=\"round\" stroke-linejoin=\"round\" stroke-width=\"1.5\" d=\"M3 5.5a2 2 0 0 1 2-2h14a2 2 0 0 1 2 2v14a2 2 0 0 1-2 2H5a2 2 0 0 1-2-2v-14ZM8 2v3m8-3v3M3 9h18\"\/>\r\n<\/svg>\r\nMar 31, 2026<\/span><\/div><\/div><\/div><\/div><div class=\"ultp-block-item ultp-block-media post-id-3288\"><div class=\"ultp-block-content-wrap\"><div class=\"ultp-block-content\"><h4 class=\"ultp-block-title \"><a href=\"https:\/\/www.acacr.es\/?p=3288\" >El pasado d\u00eda 26 de marzo tuvo lugar en el sal\u00f3n de Grados de la Facultad de Geograf\u00eda e Historia de la Universidad de Sevilla la conferencia \u201cInfraestructuras en Espa\u00f1a , situaci\u00f3n y retos\u201d a cargo del Prof Dr D. Gin\u00e9s de Rus \u00a0Catedr\u00e1tico de Econom\u00eda de la Universidad de Las Palmas de GC e Investigador asociado de FEDEA<\/a><\/h4><div class=\"ultp-block-meta ultp-block-meta-dot ultp-block-meta-style6\"><span class=\"ultp-block-date ultp-block-meta-element\"><svg xmlns=\"http:\/\/www.w3.org\/2000\/svg\" fill=\"none\" viewBox=\"0 0 24 24\">\r\n  <path stroke=\"currentColor\" stroke-linecap=\"round\" stroke-linejoin=\"round\" stroke-width=\"1.5\" d=\"M3 5.5a2 2 0 0 1 2-2h14a2 2 0 0 1 2 2v14a2 2 0 0 1-2 2H5a2 2 0 0 1-2-2v-14ZM8 2v3m8-3v3M3 9h18\"\/>\r\n<\/svg>\r\nMar 31, 2026<\/span><\/div><\/div><\/div><\/div><div class=\"ultp-block-item ultp-block-media post-id-3242\"><div class=\"ultp-block-content-wrap\"><div class=\"ultp-block-content\"><h4 class=\"ultp-block-title \"><a href=\"https:\/\/www.acacr.es\/?p=3242\" >El pasado Jueves 12 de Febrero, tuvo lugar la Conferencia a cargo del Prof. Dr. D. Rafael Domenech, responsable de An\u00e1lisis Econ\u00f3mico de BBVA y Catedr\u00e1tico de Econom\u00eda de la Universitat de Valencia, \u00abSituaci\u00f3n y Perspectivas de la Econom\u00eda Mundial y de Espa\u00f1a\u00bb.<\/a><\/h4><div class=\"ultp-block-meta ultp-block-meta-dot ultp-block-meta-style6\"><span class=\"ultp-block-date ultp-block-meta-element\"><svg xmlns=\"http:\/\/www.w3.org\/2000\/svg\" fill=\"none\" viewBox=\"0 0 24 24\">\r\n  <path stroke=\"currentColor\" stroke-linecap=\"round\" stroke-linejoin=\"round\" stroke-width=\"1.5\" d=\"M3 5.5a2 2 0 0 1 2-2h14a2 2 0 0 1 2 2v14a2 2 0 0 1-2 2H5a2 2 0 0 1-2-2v-14ZM8 2v3m8-3v3M3 9h18\"\/>\r\n<\/svg>\r\nFeb 25, 2026<\/span><\/div><\/div><\/div><\/div><div class=\"ultp-block-item ultp-block-media post-id-3234\"><div class=\"ultp-block-content-wrap\"><div class=\"ultp-block-content\"><h4 class=\"ultp-block-title \"><a href=\"https:\/\/www.acacr.es\/?p=3234\" >Conferencia del Prof. Dr. D. Jes\u00fas Crespo Curesma, Director del Departamento de la Vienna University of Economics and Business \u00abEl futuro de la pobreza global\u00bb<\/a><\/h4><div class=\"ultp-block-meta ultp-block-meta-dot ultp-block-meta-style6\"><span class=\"ultp-block-date ultp-block-meta-element\"><svg xmlns=\"http:\/\/www.w3.org\/2000\/svg\" fill=\"none\" viewBox=\"0 0 24 24\">\r\n  <path stroke=\"currentColor\" stroke-linecap=\"round\" stroke-linejoin=\"round\" stroke-width=\"1.5\" d=\"M3 5.5a2 2 0 0 1 2-2h14a2 2 0 0 1 2 2v14a2 2 0 0 1-2 2H5a2 2 0 0 1-2-2v-14ZM8 2v3m8-3v3M3 9h18\"\/>\r\n<\/svg>\r\nFeb 17, 2026<\/span><\/div><\/div><\/div><\/div><div class=\"ultp-block-item ultp-block-media post-id-3220\"><div class=\"ultp-block-content-wrap\"><div class=\"ultp-block-content\"><h4 class=\"ultp-block-title \"><a href=\"https:\/\/www.acacr.es\/?p=3220\" >El pasado 17 de noviembre tuvo lugar la Jornada sobre el Marco Input-Output 2021 en el Sal\u00f3n de Actos de la Facultad de Turismo y Finanzas de la Universidad de Sevilla.<\/a><\/h4><div class=\"ultp-block-meta ultp-block-meta-dot ultp-block-meta-style6\"><span class=\"ultp-block-date ultp-block-meta-element\"><svg xmlns=\"http:\/\/www.w3.org\/2000\/svg\" fill=\"none\" viewBox=\"0 0 24 24\">\r\n  <path stroke=\"currentColor\" stroke-linecap=\"round\" stroke-linejoin=\"round\" stroke-width=\"1.5\" d=\"M3 5.5a2 2 0 0 1 2-2h14a2 2 0 0 1 2 2v14a2 2 0 0 1-2 2H5a2 2 0 0 1-2-2v-14ZM8 2v3m8-3v3M3 9h18\"\/>\r\n<\/svg>\r\nEne 20, 2026<\/span><\/div><\/div><\/div><\/div><div class=\"ultp-block-item ultp-block-media post-id-3217\"><div class=\"ultp-block-content-wrap\"><div class=\"ultp-block-content\"><h4 class=\"ultp-block-title \"><a href=\"https:\/\/www.acacr.es\/?p=3217\" >El d\u00eda 13 de noviembre tuvo lugar la Conferencia del Dr. D. Mikel Landabaso \u00c1lvarez, Director de Econom\u00eda Justa y Sostenible en el Centro Com\u00fan de Investigaci\u00f3n de la Comisi\u00f3n Europea, sobre el tema: \u201cEl papel de las instituciones y la gobernanza p\u00fablico-privada\u201d. Dicha actividad se celebr\u00f3 en el Sal\u00f3n de Actos de la Facultad de Turismo y Finanzas de la Universidad de Sevilla.<\/a><\/h4><div class=\"ultp-block-meta ultp-block-meta-dot ultp-block-meta-style6\"><span class=\"ultp-block-date ultp-block-meta-element\"><svg xmlns=\"http:\/\/www.w3.org\/2000\/svg\" fill=\"none\" viewBox=\"0 0 24 24\">\r\n  <path stroke=\"currentColor\" stroke-linecap=\"round\" stroke-linejoin=\"round\" stroke-width=\"1.5\" d=\"M3 5.5a2 2 0 0 1 2-2h14a2 2 0 0 1 2 2v14a2 2 0 0 1-2 2H5a2 2 0 0 1-2-2v-14ZM8 2v3m8-3v3M3 9h18\"\/>\r\n<\/svg>\r\nEne 20, 2026<\/span><\/div><\/div><\/div><\/div><div class=\"ultp-block-item ultp-block-media post-id-3163\"><div class=\"ultp-block-content-wrap\"><div class=\"ultp-block-content\"><h4 class=\"ultp-block-title \"><a href=\"https:\/\/www.acacr.es\/?p=3163\" >El d\u00eda 24 de octubre, a las 11:30 h, tuvo lugar en el Sal\u00f3n de Actos de la Facultad de Turismo y Finanzas de la Universidad de Sevilla, la Conferencia de Apertura del A\u00f1o Acad\u00e9mico 2025-2026 a cargo del Ilmo. Sr. D. Josep Borrel Fontelles, Presidente del CIDOB, Exvicepresidente de la Comisi\u00f3n Europea, Expresidente del Parlamento Europeo y Exministro del Gobierno de Espa\u00f1a. La Conferencia tuvo por t\u00edtulo: \u201cEuropa ante el nuevo desorden estrat\u00e9gico\u201d.<\/a><\/h4><div class=\"ultp-block-meta ultp-block-meta-dot ultp-block-meta-style6\"><span class=\"ultp-block-date ultp-block-meta-element\"><svg xmlns=\"http:\/\/www.w3.org\/2000\/svg\" fill=\"none\" viewBox=\"0 0 24 24\">\r\n  <path stroke=\"currentColor\" stroke-linecap=\"round\" stroke-linejoin=\"round\" stroke-width=\"1.5\" d=\"M3 5.5a2 2 0 0 1 2-2h14a2 2 0 0 1 2 2v14a2 2 0 0 1-2 2H5a2 2 0 0 1-2-2v-14ZM8 2v3m8-3v3M3 9h18\"\/>\r\n<\/svg>\r\nNov 5, 2025<\/span><\/div><\/div><\/div><\/div><div class=\"ultp-block-item ultp-block-media post-id-3160\"><div class=\"ultp-block-content-wrap\"><div class=\"ultp-block-content\"><h4 class=\"ultp-block-title \"><a href=\"https:\/\/www.acacr.es\/?p=3160\" >El pasado d\u00eda 23 de octubre, a las 18:30 h, tuvo lugar en el Sal\u00f3n de Grados de la Facultad de Ciencias Econ\u00f3micas y Empresariales de la Universidad de Sevilla, el Acto Solemne de Lectura del Discurso de Ingreso como Acad\u00e9mico Correspondiente, del Ilmo. Sr. D. Ant\u00f3n Costas Comesa\u00f1a, que vers\u00f3 sobre: \u00a0\u201cLos economistas como asesores de pol\u00edticas. \u00bfA qui\u00e9n deben hablar, al poder o a la sociedad?\u201d. Fue contestado por el Acad\u00e9mico de N\u00famero, Ilmo. Sr. D. Felipe Romera Lubias.<\/a><\/h4><div class=\"ultp-block-meta ultp-block-meta-dot ultp-block-meta-style6\"><span class=\"ultp-block-date ultp-block-meta-element\"><svg xmlns=\"http:\/\/www.w3.org\/2000\/svg\" fill=\"none\" viewBox=\"0 0 24 24\">\r\n  <path stroke=\"currentColor\" stroke-linecap=\"round\" stroke-linejoin=\"round\" stroke-width=\"1.5\" d=\"M3 5.5a2 2 0 0 1 2-2h14a2 2 0 0 1 2 2v14a2 2 0 0 1-2 2H5a2 2 0 0 1-2-2v-14ZM8 2v3m8-3v3M3 9h18\"\/>\r\n<\/svg>\r\nNov 5, 2025<\/span><\/div><\/div><\/div><\/div><div class=\"ultp-block-item ultp-block-media post-id-3151\"><div class=\"ultp-block-content-wrap\"><div class=\"ultp-block-content\"><h4 class=\"ultp-block-title \"><a href=\"https:\/\/www.acacr.es\/?p=3151\" >El pasado d\u00eda 27 de mayo la Diputaci\u00f3n de Huelva y el Consejo Econ\u00f3mico y Social de la provincia de Huelva organizaron, con la colaboraci\u00f3n de la Academia Andaluza de Ciencia Regional, la Jornada Planificaci\u00f3n Estrat\u00e9gica en lo Local, celebrada en el Centro de Comunicaci\u00f3n Jes\u00fas Hermida de Huelva. La conferencia de inauguraci\u00f3n fue a cargo de D. Jos\u00e9 Ignacio Castillo Manzano, Presidente de la Academia, con el tema: \u201cLa era de la planificaci\u00f3n: una visi\u00f3n desde Andaluc\u00eda. Los casos de la ETEA y el Plan para la mejora de la regulaci\u00f3n econ\u00f3mica\u201d.<\/a><\/h4><div class=\"ultp-block-meta ultp-block-meta-dot ultp-block-meta-style6\"><span class=\"ultp-block-date ultp-block-meta-element\"><svg xmlns=\"http:\/\/www.w3.org\/2000\/svg\" fill=\"none\" viewBox=\"0 0 24 24\">\r\n  <path stroke=\"currentColor\" stroke-linecap=\"round\" stroke-linejoin=\"round\" stroke-width=\"1.5\" d=\"M3 5.5a2 2 0 0 1 2-2h14a2 2 0 0 1 2 2v14a2 2 0 0 1-2 2H5a2 2 0 0 1-2-2v-14ZM8 2v3m8-3v3M3 9h18\"\/>\r\n<\/svg>\r\nOct 27, 2025<\/span><\/div><\/div><\/div><\/div><div class=\"ultp-block-item ultp-block-media post-id-2871\"><div class=\"ultp-block-content-wrap\"><div class=\"ultp-block-content\"><h4 class=\"ultp-block-title \"><a href=\"https:\/\/www.acacr.es\/?p=2871\" >El d\u00eda 10 de marzo tuvo lugar la conferencia de D. Santiago Carb\u00f3 Valverde, Director de Estudios de (FUNCAS), Catedr\u00e1tico de Econom\u00eda de la Universidad de Valencia y Acad\u00e9mico de N\u00famero de la Academia Andaluza de Ciencia Regional, sobre el tema: \u201cLa econom\u00eda y el sistema financiero espa\u00f1ol en un contexto global convulso\u201d. Dicha actividad se celebr\u00f3 en la Facultad de Ciencias Econ\u00f3micas y Empresariales de la Universidad de Sevilla.<\/a><\/h4><div class=\"ultp-block-meta ultp-block-meta-dot ultp-block-meta-style6\"><span class=\"ultp-block-date ultp-block-meta-element\"><svg xmlns=\"http:\/\/www.w3.org\/2000\/svg\" fill=\"none\" viewBox=\"0 0 24 24\">\r\n  <path stroke=\"currentColor\" stroke-linecap=\"round\" stroke-linejoin=\"round\" stroke-width=\"1.5\" d=\"M3 5.5a2 2 0 0 1 2-2h14a2 2 0 0 1 2 2v14a2 2 0 0 1-2 2H5a2 2 0 0 1-2-2v-14ZM8 2v3m8-3v3M3 9h18\"\/>\r\n<\/svg>\r\nMar 13, 2025<\/span><\/div><\/div><\/div><\/div><\/div><\/div><div class=\"pagination-block-html\" aria-hidden=\"true\" style=\"display: none;\"><\/div><\/div>\n\n\n<div class=\"wp-block-ultimate-post-row ultp-block-bc7e83\"><div class=\"ultp-row-wrapper\"><div class=\"ultp-row-content\">\n<div class=\"wp-block-ultimate-post-column ultp-block-6677fb\"><div class=\"ultp-column-wrapper\">\n<figure class=\"wp-block-image size-full is-style-default\"><img fetchpriority=\"high\" decoding=\"async\" width=\"416\" height=\"121\" src=\"https:\/\/www.acacr.es\/wp-content\/uploads\/2022\/12\/muniversidades.png\" alt=\"\" class=\"wp-image-1974\" style=\"object-fit:cover\" srcset=\"https:\/\/www.acacr.es\/wp-content\/uploads\/2022\/12\/muniversidades.png 416w, https:\/\/www.acacr.es\/wp-content\/uploads\/2022\/12\/muniversidades-300x87.png 300w\" sizes=\"(max-width: 416px) 100vw, 416px\" \/><\/figure>\n<\/div><\/div>\n\n\n\n<div class=\"wp-block-ultimate-post-column ultp-block-14d40f\"><div class=\"ultp-column-wrapper\">\n<figure class=\"wp-block-image size-full\"><img decoding=\"async\" width=\"988\" height=\"384\" src=\"https:\/\/www.acacr.es\/wp-content\/uploads\/2021\/03\/mcei.jpg\" alt=\"\" class=\"wp-image-1077\" srcset=\"https:\/\/www.acacr.es\/wp-content\/uploads\/2021\/03\/mcei.jpg 988w, https:\/\/www.acacr.es\/wp-content\/uploads\/2021\/03\/mcei-300x117.jpg 300w, https:\/\/www.acacr.es\/wp-content\/uploads\/2021\/03\/mcei-768x298.jpg 768w\" sizes=\"(max-width: 988px) 100vw, 988px\" \/><\/figure>\n<\/div><\/div>\n\n\n\n<div class=\"wp-block-ultimate-post-column ultp-block-466275\"><div class=\"ultp-column-wrapper\">\n<figure class=\"wp-block-image size-full\"><img decoding=\"async\" width=\"2079\" height=\"1165\" src=\"https:\/\/www.acacr.es\/wp-content\/uploads\/2020\/12\/logo-Junta-2.png\" alt=\"\" class=\"wp-image-719\" srcset=\"https:\/\/www.acacr.es\/wp-content\/uploads\/2020\/12\/logo-Junta-2.png 2079w, https:\/\/www.acacr.es\/wp-content\/uploads\/2020\/12\/logo-Junta-2-300x168.png 300w, https:\/\/www.acacr.es\/wp-content\/uploads\/2020\/12\/logo-Junta-2-1024x574.png 1024w, https:\/\/www.acacr.es\/wp-content\/uploads\/2020\/12\/logo-Junta-2-768x430.png 768w, https:\/\/www.acacr.es\/wp-content\/uploads\/2020\/12\/logo-Junta-2-1536x861.png 1536w, https:\/\/www.acacr.es\/wp-content\/uploads\/2020\/12\/logo-Junta-2-2048x1148.png 2048w, https:\/\/www.acacr.es\/wp-content\/uploads\/2020\/12\/logo-Junta-2-1320x740.png 1320w\" sizes=\"(max-width: 2079px) 100vw, 2079px\" \/><\/figure>\n<\/div><\/div>\n\n\n\n<div class=\"wp-block-ultimate-post-column ultp-block-9dd8ec\"><div class=\"ultp-column-wrapper\">\n<figure class=\"wp-block-image size-full is-resized\"><img loading=\"lazy\" decoding=\"async\" width=\"1446\" height=\"1229\" src=\"https:\/\/www.acacr.es\/wp-content\/uploads\/2023\/11\/ueconlet.png\" alt=\"\" class=\"wp-image-2424\" style=\"width:168px;height:auto\" srcset=\"https:\/\/www.acacr.es\/wp-content\/uploads\/2023\/11\/ueconlet.png 1446w, https:\/\/www.acacr.es\/wp-content\/uploads\/2023\/11\/ueconlet-300x255.png 300w, https:\/\/www.acacr.es\/wp-content\/uploads\/2023\/11\/ueconlet-1024x870.png 1024w, https:\/\/www.acacr.es\/wp-content\/uploads\/2023\/11\/ueconlet-768x653.png 768w, https:\/\/www.acacr.es\/wp-content\/uploads\/2023\/11\/ueconlet-1320x1122.png 1320w\" sizes=\"(max-width: 1446px) 100vw, 1446px\" \/><\/figure>\n<\/div><\/div>\n<\/div><\/div><\/div>\n\n\n<div id=\"La_Academia_Andaluza_de_Ciencia_Regional_ACACR_se_crea_por_Decreto_3832009_de_9_de_diciembre_en_el_marco_de_la_Ley_Andaluza_de_la_Ciencia_y_el_Conocimiento_del_3_de_diciembre_de_2007\"  class=\"wp-block-ultimate-post-heading ultp-block-f70087\"><div class=\"ultp-block-wrapper\"><div class=\"ultp-heading-wrap ultp-heading-style17 ultp-heading-center\"><h6 class=\"ultp-heading-inner\"><span>La Academia Andaluza de Ciencias Econ\u00f3micas y del Territorio se crea por Decreto 383\/2009 de 9 de diciembre, en el marco de la Ley Andaluza de la Ciencia y el Conocimiento del 3 de diciembre de 2007.<\/span><\/h6><\/div><\/div><\/div>\n\n\n<p><\/p>\n","protected":false},"excerpt":{"rendered":"","protected":false},"author":1,"featured_media":0,"parent":0,"menu_order":0,"comment_status":"closed","ping_status":"closed","template":"","meta":{"advgb_blocks_editor_width":"","advgb_blocks_columns_visual_guide":"","ocean_post_layout":"full-width","ocean_both_sidebars_style":"","ocean_both_sidebars_content_width":0,"ocean_both_sidebars_sidebars_width":0,"ocean_sidebar":"0","ocean_second_sidebar":"0","ocean_disable_margins":"on","ocean_add_body_class":"","ocean_shortcode_before_top_bar":"","ocean_shortcode_after_top_bar":"","ocean_shortcode_before_header":"","ocean_shortcode_after_header":"","ocean_has_shortcode":"","ocean_shortcode_after_title":"","ocean_shortcode_before_footer_widgets":"","ocean_shortcode_after_footer_widgets":"","ocean_shortcode_before_footer_bottom":"","ocean_shortcode_after_footer_bottom":"","ocean_display_top_bar":"default","ocean_display_header":"default","ocean_header_style":"","ocean_center_header_left_menu":"0","ocean_custom_header_template":"0","ocean_custom_logo":0,"ocean_custom_retina_logo":0,"ocean_custom_logo_max_width":0,"ocean_custom_logo_tablet_max_width":0,"ocean_custom_logo_mobile_max_width":0,"ocean_custom_logo_max_height":0,"ocean_custom_logo_tablet_max_height":0,"ocean_custom_logo_mobile_max_height":0,"ocean_header_custom_menu":"0","ocean_menu_typo_font_family":"0","ocean_menu_typo_font_subset":"","ocean_menu_typo_font_size":0,"ocean_menu_typo_font_size_tablet":0,"ocean_menu_typo_font_size_mobile":0,"ocean_menu_typo_font_size_unit":"px","ocean_menu_typo_font_weight":"","ocean_menu_typo_font_weight_tablet":"","ocean_menu_typo_font_weight_mobile":"","ocean_menu_typo_transform":"","ocean_menu_typo_transform_tablet":"","ocean_menu_typo_transform_mobile":"","ocean_menu_typo_line_height":0,"ocean_menu_typo_line_height_tablet":0,"ocean_menu_typo_line_height_mobile":0,"ocean_menu_typo_line_height_unit":"","ocean_menu_typo_spacing":0,"ocean_menu_typo_spacing_tablet":0,"ocean_menu_typo_spacing_mobile":0,"ocean_menu_typo_spacing_unit":"","ocean_menu_link_color":"","ocean_menu_link_color_hover":"","ocean_menu_link_color_active":"","ocean_menu_link_background":"","ocean_menu_link_hover_background":"","ocean_menu_link_active_background":"","ocean_menu_social_links_bg":"","ocean_menu_social_hover_links_bg":"","ocean_menu_social_links_color":"","ocean_menu_social_hover_links_color":"","ocean_disable_title":"on","ocean_disable_heading":"default","ocean_post_title":"","ocean_post_subheading":"","ocean_post_title_style":"","ocean_post_title_background_color":"","ocean_post_title_background":0,"ocean_post_title_bg_image_position":"","ocean_post_title_bg_image_attachment":"","ocean_post_title_bg_image_repeat":"","ocean_post_title_bg_image_size":"","ocean_post_title_height":0,"ocean_post_title_bg_overlay":0.5,"ocean_post_title_bg_overlay_color":"","ocean_disable_breadcrumbs":"default","ocean_breadcrumbs_color":"","ocean_breadcrumbs_separator_color":"","ocean_breadcrumbs_links_color":"","ocean_breadcrumbs_links_hover_color":"","ocean_display_footer_widgets":"default","ocean_display_footer_bottom":"default","ocean_custom_footer_template":"0","footnotes":""},"class_list":["post-171","page","type-page","status-publish","hentry","entry"],"coauthors":[],"author_meta":{"author_link":"https:\/\/www.acacr.es\/?author=1","display_name":"Acacr"},"relative_dates":{"created":"Publicado 10 a\u00f1os hace","modified":"Actualizado 3 semanas hace"},"absolute_dates":{"created":"Publicado el 30 octubre 2016","modified":"Actualizado el 7 abril 2026"},"absolute_dates_time":{"created":"Publicado el 30 octubre 2016 12:40","modified":"Actualizado el 7 abril 2026 18:02"},"featured_img_caption":"","featured_img":false,"series_order":"","_links":{"self":[{"href":"https:\/\/www.acacr.es\/index.php?rest_route=\/wp\/v2\/pages\/171","targetHints":{"allow":["GET"]}}],"collection":[{"href":"https:\/\/www.acacr.es\/index.php?rest_route=\/wp\/v2\/pages"}],"about":[{"href":"https:\/\/www.acacr.es\/index.php?rest_route=\/wp\/v2\/types\/page"}],"author":[{"embeddable":true,"href":"https:\/\/www.acacr.es\/index.php?rest_route=\/wp\/v2\/users\/1"}],"replies":[{"embeddable":true,"href":"https:\/\/www.acacr.es\/index.php?rest_route=%2Fwp%2Fv2%2Fcomments&post=171"}],"version-history":[{"count":165,"href":"https:\/\/www.acacr.es\/index.php?rest_route=\/wp\/v2\/pages\/171\/revisions"}],"predecessor-version":[{"id":3362,"href":"https:\/\/www.acacr.es\/index.php?rest_route=\/wp\/v2\/pages\/171\/revisions\/3362"}],"wp:attachment":[{"href":"https:\/\/www.acacr.es\/index.php?rest_route=%2Fwp%2Fv2%2Fmedia&parent=171"}],"curies":[{"name":"wp","href":"https:\/\/api.w.org\/{rel}","templated":true}]}}