{"id":3864,"date":"2026-04-17T12:36:53","date_gmt":"2026-04-17T12:36:53","guid":{"rendered":"https:\/\/www.acacr.es\/?page_id=3864"},"modified":"2026-04-27T17:59:48","modified_gmt":"2026-04-27T17:59:48","slug":"tribuna-del-academico","status":"publish","type":"page","link":"https:\/\/www.acacr.es\/?page_id=3864","title":{"rendered":"Tribuna del Acad\u00e9mico"},"content":{"rendered":"\t\t<div data-elementor-type=\"wp-page\" data-elementor-id=\"3864\" class=\"elementor elementor-3864\">\n\t\t\t\t\t\t<section class=\"elementor-section elementor-top-section elementor-element elementor-element-b5affd4 elementor-section-full_width elementor-section-height-default elementor-section-height-default\" data-id=\"b5affd4\" data-element_type=\"section\">\n\t\t\t\t\t\t\t<div class=\"elementor-background-overlay\"><\/div>\n\t\t\t\t\t\t\t<div class=\"elementor-container elementor-column-gap-default\">\n\t\t\t\t\t<div class=\"elementor-column elementor-col-100 elementor-top-column elementor-element elementor-element-fb510c7\" data-id=\"fb510c7\" data-element_type=\"column\">\n\t\t\t<div class=\"elementor-widget-wrap elementor-element-populated\">\n\t\t\t\t\t\t\t\t\t<div data-eael_duration=\"{&quot;transitionDuration&quot;:1000}\" data-eael_easing=\"{&quot;transitionEasing&quot;:&quot;ease&quot;}\" data-eael_hover_duration=\"{&quot;transitionDuration&quot;:1000}\" data-eael_hover_easing=\"{&quot;transitionEasing&quot;:&quot;ease&quot;}\" class=\"eael_hover_effect elementor-element elementor-element-0809e74 elementor-grid-eael-col-3 elementor-grid-tablet-eael-col-2 elementor-grid-mobile-eael-col-1 elementor-widget elementor-widget-eael-post-grid\" data-id=\"0809e74\" data-element_type=\"widget\" data-settings=\"{&quot;eael_post_grid_columns&quot;:&quot;eael-col-3&quot;,&quot;eael_post_grid_columns_tablet&quot;:&quot;eael-col-2&quot;,&quot;eael_post_grid_columns_mobile&quot;:&quot;eael-col-1&quot;,&quot;eael_hover_effect_general_settings_easing&quot;:&quot;ease&quot;,&quot;eael_hover_effect_general_settings_hover_easing&quot;:&quot;ease&quot;}\" data-widget_type=\"eael-post-grid.default\">\n\t\t\t\t<div class=\"elementor-widget-container\">\n\t\t\t\t\t<div id=\"eael-post-grid-0809e74\" class=\"eael-post-grid-container\">\n            <div class=\"eael-post-grid eael-post-appender eael-post-appender-0809e74 eael-post-grid-style-three\" data-layout-mode=\"grid\"><article class=\"eael-grid-post  eael-post-grid-column eael-pg-post-3935 category-tribuna-del-academico\" data-id=\"3935\">\n        <div class=\"eael-grid-post-holder\">\n            <div class=\"eael-grid-post-holder-inner\"><div class=\"eael-entry-wrapper\"><header class=\"eael-entry-header\"><h1 class=\"eael-entry-title\"><a class=\"eael-grid-post-link\" href=\"https:\/\/www.acacr.es\/?p=3935\" title=\"Mar\u00eda del Carmen Mart\u00ednez Hern\u00e1ndez &#8211; Varios art\u00edculos\">Mar\u00eda del Carmen Mart\u00ednez Hern\u00e1ndez &#8211; Varios art\u00edculos<\/a><\/h1><\/header><\/div><\/div>\n        <\/div>\n    <\/article><article class=\"eael-grid-post  eael-post-grid-column eael-pg-post-3930 category-tribuna-del-academico\" data-id=\"3930\">\n        <div class=\"eael-grid-post-holder\">\n            <div class=\"eael-grid-post-holder-inner\"><div class=\"eael-entry-wrapper\"><header class=\"eael-entry-header\"><h1 class=\"eael-entry-title\"><a class=\"eael-grid-post-link\" href=\"https:\/\/www.acacr.es\/?p=3930\" title=\"JOS\u00c9 IGNACIO CASTILLO MANZANO &#8211; Poder duro o poder blando, el dilema de Von der Leyen, 5 d\u00edas.\">JOS\u00c9 IGNACIO CASTILLO MANZANO &#8211; Poder duro o poder blando, el dilema de Von der Leyen, 5 d\u00edas.<\/a><\/h1><\/header><\/div><\/div>\n        <\/div>\n    <\/article><article class=\"eael-grid-post  eael-post-grid-column eael-pg-post-3927 category-tribuna-del-academico\" data-id=\"3927\">\n        <div class=\"eael-grid-post-holder\">\n            <div class=\"eael-grid-post-holder-inner\"><div class=\"eael-entry-wrapper\"><header class=\"eael-entry-header\"><h1 class=\"eael-entry-title\"><a class=\"eael-grid-post-link\" href=\"https:\/\/www.acacr.es\/?p=3927\" title=\"SANTIAGO CARB\u00d3 VALVERDE &#8211; VARIAS PUBLICACIONES\">SANTIAGO CARB\u00d3 VALVERDE &#8211; VARIAS PUBLICACIONES<\/a><\/h1><\/header><\/div><\/div>\n        <\/div>\n    <\/article><article class=\"eael-grid-post  eael-post-grid-column eael-pg-post-3923 category-tribuna-del-academico\" data-id=\"3923\">\n        <div class=\"eael-grid-post-holder\">\n            <div class=\"eael-grid-post-holder-inner\"><div class=\"eael-entry-wrapper\"><header class=\"eael-entry-header\"><h1 class=\"eael-entry-title\"><a class=\"eael-grid-post-link\" href=\"https:\/\/www.acacr.es\/?p=3923\" title=\"Juan Francisco Perez Galve &#8211; Listado de publicaciones (sin enlaces)\">Juan Francisco Perez Galve &#8211; Listado de publicaciones (sin enlaces)<\/a><\/h1><\/header><\/div><\/div>\n        <\/div>\n    <\/article><article class=\"eael-grid-post  eael-post-grid-column eael-pg-post-3920 category-tribuna-del-academico\" data-id=\"3920\">\n        <div class=\"eael-grid-post-holder\">\n            <div class=\"eael-grid-post-holder-inner\"><div class=\"eael-entry-wrapper\"><header class=\"eael-entry-header\"><h1 class=\"eael-entry-title\"><a class=\"eael-grid-post-link\" href=\"https:\/\/www.acacr.es\/?p=3920\" title=\"Jos\u00e9 Medina Pedregosa &#8211; A vueltas con la inquisidora eutanasia.\">Jos\u00e9 Medina Pedregosa &#8211; A vueltas con la inquisidora eutanasia.<\/a><\/h1><\/header><\/div><\/div>\n        <\/div>\n    <\/article><article class=\"eael-grid-post  eael-post-grid-column eael-pg-post-3916 category-tribuna-del-academico\" data-id=\"3916\">\n        <div class=\"eael-grid-post-holder\">\n            <div class=\"eael-grid-post-holder-inner\"><div class=\"eael-entry-wrapper\"><header class=\"eael-entry-header\"><h1 class=\"eael-entry-title\"><a class=\"eael-grid-post-link\" href=\"https:\/\/www.acacr.es\/?p=3916\" title=\"Manuel Garc\u00eda Fern\u00e1ndez &#8211; Varias publicaciones.\">Manuel Garc\u00eda Fern\u00e1ndez &#8211; Varias publicaciones.<\/a><\/h1><\/header><\/div><\/div>\n        <\/div>\n    <\/article><article class=\"eael-grid-post  eael-post-grid-column eael-pg-post-3913 category-tribuna-del-academico\" data-id=\"3913\">\n        <div class=\"eael-grid-post-holder\">\n            <div class=\"eael-grid-post-holder-inner\"><div class=\"eael-entry-wrapper\"><header class=\"eael-entry-header\"><h1 class=\"eael-entry-title\"><a class=\"eael-grid-post-link\" href=\"https:\/\/www.acacr.es\/?p=3913\" title=\"SANTIAGO CARB\u00d3 VALVERDE   JOS\u00c9 IGNACIO CASTILLO MANZANO JOS\u00c9 IGNACIO CASTILLO MANZANO: Suspendidos en educaci\u00f3n financiera (08-02-2024)\">SANTIAGO CARB\u00d3 VALVERDE   JOS\u00c9 IGNACIO CASTILLO MANZANO JOS\u00c9 IGNACIO CASTILLO MANZANO: Suspendidos en educaci\u00f3n financiera (08-02-2024)<\/a><\/h1><\/header><\/div><\/div>\n        <\/div>\n    <\/article><article class=\"eael-grid-post  eael-post-grid-column eael-pg-post-3909 category-tribuna-del-academico\" data-id=\"3909\">\n        <div class=\"eael-grid-post-holder\">\n            <div class=\"eael-grid-post-holder-inner\"><div class=\"eael-entry-wrapper\"><header class=\"eael-entry-header\"><h1 class=\"eael-entry-title\"><a class=\"eael-grid-post-link\" href=\"https:\/\/www.acacr.es\/?p=3909\" title=\"JOS\u00c9 IGNACIO CASTILLO MANZANO : La posible subasta del ej\u00e9rcito estadounidense (12-03-2026)\">JOS\u00c9 IGNACIO CASTILLO MANZANO : La posible subasta del ej\u00e9rcito estadounidense (12-03-2026)<\/a><\/h1><\/header><\/div><\/div>\n        <\/div>\n    <\/article><article class=\"eael-grid-post  eael-post-grid-column eael-pg-post-3907 category-tribuna-del-academico\" data-id=\"3907\">\n        <div class=\"eael-grid-post-holder\">\n            <div class=\"eael-grid-post-holder-inner\"><div class=\"eael-entry-wrapper\"><header class=\"eael-entry-header\"><h1 class=\"eael-entry-title\"><a class=\"eael-grid-post-link\" href=\"https:\/\/www.acacr.es\/?p=3907\" title=\"JOS\u00c9 IGNACIO CASTILLO MANZANO: La necesaria mejora de la pol\u00edtica tur\u00edstica andaluza\">JOS\u00c9 IGNACIO CASTILLO MANZANO: La necesaria mejora de la pol\u00edtica tur\u00edstica andaluza<\/a><\/h1><\/header><\/div><\/div>\n        <\/div>\n    <\/article><article class=\"eael-grid-post  eael-post-grid-column eael-pg-post-3339 category-tribuna-del-academico\" data-id=\"3339\">\n        <div class=\"eael-grid-post-holder\">\n            <div class=\"eael-grid-post-holder-inner\"><div class=\"eael-entry-wrapper\"><header class=\"eael-entry-header\"><h1 class=\"eael-entry-title\"><a class=\"eael-grid-post-link\" href=\"https:\/\/www.acacr.es\/?p=3339\" title=\"Turismo con alma onubense: la Ruta Fluvial Colombina &#8211; Alfonso Vargas S\u00e1nchez\">Turismo con alma onubense: la Ruta Fluvial Colombina &#8211; Alfonso Vargas S\u00e1nchez<\/a><\/h1><\/header><\/div><\/div>\n        <\/div>\n    <\/article><article class=\"eael-grid-post  eael-post-grid-column eael-pg-post-3318 category-tribuna-del-academico\" data-id=\"3318\">\n        <div class=\"eael-grid-post-holder\">\n            <div class=\"eael-grid-post-holder-inner\"><div class=\"eael-entry-wrapper\"><header class=\"eael-entry-header\"><h1 class=\"eael-entry-title\"><a class=\"eael-grid-post-link\" href=\"https:\/\/www.acacr.es\/?p=3318\" title=\"2022 Waterfront and Umland. Port City Relations in Huelva. D. Juan Antonio M\u00e1rquez Dom\u00ednguez. Acad\u00e9mico de N\u00famero\">2022 Waterfront and Umland. Port City Relations in Huelva. D. Juan Antonio M\u00e1rquez Dom\u00ednguez. Acad\u00e9mico de N\u00famero<\/a><\/h1><\/header><\/div><\/div>\n        <\/div>\n    <\/article><article class=\"eael-grid-post  eael-post-grid-column eael-pg-post-3316 category-tribuna-del-academico\" data-id=\"3316\">\n        <div class=\"eael-grid-post-holder\">\n            <div class=\"eael-grid-post-holder-inner\"><div class=\"eael-entry-wrapper\"><header class=\"eael-entry-header\"><h1 class=\"eael-entry-title\"><a class=\"eael-grid-post-link\" href=\"https:\/\/www.acacr.es\/?p=3316\" title=\"EL CRUCERISMO. PAN\u00d3PTICO Y POSTPAN\u00d3PTICO DEL TURISMO. CRUISING. PANOPTICON AND POSTPANOPTICON OF TOURISM. D. Rafael Esteve Secall &#8211; Acad\u00e9mico de N\u00famero\">EL CRUCERISMO. PAN\u00d3PTICO Y POSTPAN\u00d3PTICO DEL TURISMO. CRUISING. PANOPTICON AND POSTPANOPTICON OF TOURISM. D. Rafael Esteve Secall &#8211; Acad\u00e9mico de N\u00famero<\/a><\/h1><\/header><\/div><\/div>\n        <\/div>\n    <\/article><article class=\"eael-grid-post  eael-post-grid-column eael-pg-post-3314 category-tribuna-del-academico\" data-id=\"3314\">\n        <div class=\"eael-grid-post-holder\">\n            <div class=\"eael-grid-post-holder-inner\"><div class=\"eael-entry-wrapper\"><header class=\"eael-entry-header\"><h1 class=\"eael-entry-title\"><a class=\"eael-grid-post-link\" href=\"https:\/\/www.acacr.es\/?p=3314\" title=\"EL FUTURO DEL M\u00c1LAGA TECH PARK (PARQUE TECNOL\u00d3GICO DE ANDALUC\u00cdA) D. Rafael Esteve Secall &#8211; Acad\u00e9mico de N\u00famero\">EL FUTURO DEL M\u00c1LAGA TECH PARK (PARQUE TECNOL\u00d3GICO DE ANDALUC\u00cdA) D. Rafael Esteve Secall &#8211; Acad\u00e9mico de N\u00famero<\/a><\/h1><\/header><\/div><\/div>\n        <\/div>\n    <\/article><article class=\"eael-grid-post  eael-post-grid-column eael-pg-post-3312 category-tribuna-del-academico\" data-id=\"3312\">\n        <div class=\"eael-grid-post-holder\">\n            <div class=\"eael-grid-post-holder-inner\"><div class=\"eael-entry-wrapper\"><header class=\"eael-entry-header\"><h1 class=\"eael-entry-title\"><a class=\"eael-grid-post-link\" href=\"https:\/\/www.acacr.es\/?p=3312\" title=\"\u00bfCOMO HA CAMBIADO EL TURISMO DESPUES DE LA PANDEMIA?D. Alfonso Vargas S\u00e1nchez &#8211; Acad\u00e9mico de N\u00famero\">\u00bfCOMO HA CAMBIADO EL TURISMO DESPUES DE LA PANDEMIA?D. Alfonso Vargas S\u00e1nchez &#8211; Acad\u00e9mico de N\u00famero<\/a><\/h1><\/header><\/div><\/div>\n        <\/div>\n    <\/article><article class=\"eael-grid-post  eael-post-grid-column eael-pg-post-3310 category-tribuna-del-academico\" data-id=\"3310\">\n        <div class=\"eael-grid-post-holder\">\n            <div class=\"eael-grid-post-holder-inner\"><div class=\"eael-entry-wrapper\"><header class=\"eael-entry-header\"><h1 class=\"eael-entry-title\"><a class=\"eael-grid-post-link\" href=\"https:\/\/www.acacr.es\/?p=3310\" title=\"EL FUTURO DEL TURISMO SER\u00c1 CIRCULAR O NO SER\u00c1. D. Alfonso Vargas S\u00e1nchez &#8211; Acad\u00e9mico de N\u00famero.\">EL FUTURO DEL TURISMO SER\u00c1 CIRCULAR O NO SER\u00c1. D. Alfonso Vargas S\u00e1nchez &#8211; Acad\u00e9mico de N\u00famero.<\/a><\/h1><\/header><\/div><\/div>\n        <\/div>\n    <\/article><article class=\"eael-grid-post  eael-post-grid-column eael-pg-post-3308 category-tribuna-del-academico\" data-id=\"3308\">\n        <div class=\"eael-grid-post-holder\">\n            <div class=\"eael-grid-post-holder-inner\"><div class=\"eael-entry-wrapper\"><header class=\"eael-entry-header\"><h1 class=\"eael-entry-title\"><a class=\"eael-grid-post-link\" href=\"https:\/\/www.acacr.es\/?p=3308\" title=\"TURISMO, QUO VADIS? &#8211; D. Alfonso Vargas S\u00e1nchez &#8211; Acad\u00e9mico de N\u00famero\">TURISMO, QUO VADIS? &#8211; D. Alfonso Vargas S\u00e1nchez &#8211; Acad\u00e9mico de N\u00famero<\/a><\/h1><\/header><\/div><\/div>\n        <\/div>\n    <\/article><article class=\"eael-grid-post  eael-post-grid-column eael-pg-post-3304 category-tribuna-del-academico\" data-id=\"3304\">\n        <div class=\"eael-grid-post-holder\">\n            <div class=\"eael-grid-post-holder-inner\"><div class=\"eael-entry-wrapper\"><header class=\"eael-entry-header\"><h1 class=\"eael-entry-title\"><a class=\"eael-grid-post-link\" href=\"https:\/\/www.acacr.es\/?p=3304\" title=\"EL TERRITORIO COMO FUNDAMENTO DE LA SALUD &#8211; D. Rafael Esteve Secall &#8211; Acad\u00e9mico de N\u00famero\">EL TERRITORIO COMO FUNDAMENTO DE LA SALUD &#8211; D. Rafael Esteve Secall &#8211; Acad\u00e9mico de N\u00famero<\/a><\/h1><\/header><\/div><\/div>\n        <\/div>\n    <\/article><article class=\"eael-grid-post  eael-post-grid-column eael-pg-post-2775 category-tribuna-del-academico\" data-id=\"2775\">\n        <div class=\"eael-grid-post-holder\">\n            <div class=\"eael-grid-post-holder-inner\"><div class=\"eael-entry-wrapper\"><header class=\"eael-entry-header\"><h1 class=\"eael-entry-title\"><a class=\"eael-grid-post-link\" href=\"https:\/\/www.acacr.es\/?p=2775\" title=\"\u00bfTurismofobia? \u00a1No!, \u201clowcostfobia\u201d, por Rafael Esteve Secall\">\u00bfTurismofobia? \u00a1No!, \u201clowcostfobia\u201d, por Rafael Esteve Secall<\/a><\/h1><\/header><\/div><\/div>\n        <\/div>\n    <\/article><\/div>\n            <div class=\"clearfix\"><\/div>\n        <\/div>\t\t\t\t<\/div>\n\t\t\t\t<\/div>\n\t\t\t\t\t<\/div>\n\t\t<\/div>\n\t\t\t\t\t<\/div>\n\t\t<\/section>\n\t\t\t\t<section class=\"elementor-section elementor-top-section elementor-element elementor-element-5a771bc4 elementor-section-boxed elementor-section-height-default elementor-section-height-default\" data-id=\"5a771bc4\" data-element_type=\"section\">\n\t\t\t\t\t\t<div class=\"elementor-container elementor-column-gap-default\">\n\t\t\t\t\t<div class=\"elementor-column elementor-col-25 elementor-top-column elementor-element elementor-element-4f1f95b3\" data-id=\"4f1f95b3\" data-element_type=\"column\">\n\t\t\t<div class=\"elementor-widget-wrap elementor-element-populated\">\n\t\t\t\t\t\t<div class=\"elementor-element elementor-element-c7c9c68 elementor-widget elementor-widget-image\" data-id=\"c7c9c68\" data-element_type=\"widget\" data-widget_type=\"image.default\">\n\t\t\t\t<div class=\"elementor-widget-container\">\n\t\t\t\t\t\t\t\t\t\t\t\t\t\t\t<img fetchpriority=\"high\" decoding=\"async\" width=\"426\" height=\"118\" src=\"https:\/\/www.acacr.es\/wp-content\/uploads\/2020\/12\/gobespa2.png\" class=\"attachment-large size-large wp-image-722\" alt=\"\" srcset=\"https:\/\/www.acacr.es\/wp-content\/uploads\/2020\/12\/gobespa2.png 426w, https:\/\/www.acacr.es\/wp-content\/uploads\/2020\/12\/gobespa2-300x83.png 300w\" sizes=\"(max-width: 426px) 100vw, 426px\" \/>\t\t\t\t\t\t\t\t\t\t\t\t\t\t\t<\/div>\n\t\t\t\t<\/div>\n\t\t\t\t\t<\/div>\n\t\t<\/div>\n\t\t\t\t<div class=\"elementor-column elementor-col-25 elementor-top-column elementor-element elementor-element-530b3f04\" data-id=\"530b3f04\" data-element_type=\"column\">\n\t\t\t<div class=\"elementor-widget-wrap elementor-element-populated\">\n\t\t\t\t\t\t<div class=\"elementor-element elementor-element-7a6fa31b elementor-widget elementor-widget-image\" data-id=\"7a6fa31b\" data-element_type=\"widget\" data-widget_type=\"image.default\">\n\t\t\t\t<div class=\"elementor-widget-container\">\n\t\t\t\t\t\t\t\t\t\t\t\t\t\t\t<img decoding=\"async\" width=\"988\" height=\"384\" src=\"https:\/\/www.acacr.es\/wp-content\/uploads\/2021\/03\/mcei.jpg\" class=\"attachment-large size-large wp-image-1077\" alt=\"\" srcset=\"https:\/\/www.acacr.es\/wp-content\/uploads\/2021\/03\/mcei.jpg 988w, https:\/\/www.acacr.es\/wp-content\/uploads\/2021\/03\/mcei-300x117.jpg 300w, https:\/\/www.acacr.es\/wp-content\/uploads\/2021\/03\/mcei-768x298.jpg 768w\" sizes=\"(max-width: 988px) 100vw, 988px\" \/>\t\t\t\t\t\t\t\t\t\t\t\t\t\t\t<\/div>\n\t\t\t\t<\/div>\n\t\t\t\t\t<\/div>\n\t\t<\/div>\n\t\t\t\t<div class=\"elementor-column elementor-col-25 elementor-top-column elementor-element elementor-element-5667764a\" data-id=\"5667764a\" data-element_type=\"column\">\n\t\t\t<div class=\"elementor-widget-wrap elementor-element-populated\">\n\t\t\t\t\t\t<div class=\"elementor-element elementor-element-308cb2d6 elementor-widget elementor-widget-image\" data-id=\"308cb2d6\" data-element_type=\"widget\" data-widget_type=\"image.default\">\n\t\t\t\t<div class=\"elementor-widget-container\">\n\t\t\t\t\t\t\t\t\t\t\t\t\t\t\t<img decoding=\"async\" width=\"2048\" height=\"1148\" src=\"https:\/\/www.acacr.es\/wp-content\/uploads\/2020\/12\/logo-Junta-2-2048x1148.png\" class=\"attachment-2048x2048 size-2048x2048 wp-image-719\" alt=\"\" srcset=\"https:\/\/www.acacr.es\/wp-content\/uploads\/2020\/12\/logo-Junta-2-2048x1148.png 2048w, https:\/\/www.acacr.es\/wp-content\/uploads\/2020\/12\/logo-Junta-2-300x168.png 300w, https:\/\/www.acacr.es\/wp-content\/uploads\/2020\/12\/logo-Junta-2-1024x574.png 1024w, https:\/\/www.acacr.es\/wp-content\/uploads\/2020\/12\/logo-Junta-2-768x430.png 768w, https:\/\/www.acacr.es\/wp-content\/uploads\/2020\/12\/logo-Junta-2-1536x861.png 1536w, https:\/\/www.acacr.es\/wp-content\/uploads\/2020\/12\/logo-Junta-2-1320x740.png 1320w\" sizes=\"(max-width: 2048px) 100vw, 2048px\" \/>\t\t\t\t\t\t\t\t\t\t\t\t\t\t\t<\/div>\n\t\t\t\t<\/div>\n\t\t\t\t\t<\/div>\n\t\t<\/div>\n\t\t\t\t<div class=\"elementor-column elementor-col-25 elementor-top-column elementor-element elementor-element-12e44a57\" data-id=\"12e44a57\" data-element_type=\"column\">\n\t\t\t<div class=\"elementor-widget-wrap elementor-element-populated\">\n\t\t\t\t\t\t<div class=\"elementor-element elementor-element-3e7c1724 elementor-widget elementor-widget-image\" data-id=\"3e7c1724\" data-element_type=\"widget\" data-widget_type=\"image.default\">\n\t\t\t\t<div class=\"elementor-widget-container\">\n\t\t\t\t\t\t\t\t\t\t\t\t\t\t\t<img loading=\"lazy\" decoding=\"async\" width=\"300\" height=\"255\" src=\"https:\/\/www.acacr.es\/wp-content\/uploads\/2020\/12\/logoue-300x255.png\" class=\"attachment-medium size-medium wp-image-723\" alt=\"\" srcset=\"https:\/\/www.acacr.es\/wp-content\/uploads\/2020\/12\/logoue-300x255.png 300w, https:\/\/www.acacr.es\/wp-content\/uploads\/2020\/12\/logoue-1024x870.png 1024w, https:\/\/www.acacr.es\/wp-content\/uploads\/2020\/12\/logoue-768x653.png 768w, https:\/\/www.acacr.es\/wp-content\/uploads\/2020\/12\/logoue-1320x1122.png 1320w, https:\/\/www.acacr.es\/wp-content\/uploads\/2020\/12\/logoue.png 1446w\" sizes=\"(max-width: 300px) 100vw, 300px\" \/>\t\t\t\t\t\t\t\t\t\t\t\t\t\t\t<\/div>\n\t\t\t\t<\/div>\n\t\t\t\t\t<\/div>\n\t\t<\/div>\n\t\t\t\t\t<\/div>\n\t\t<\/section>\n\t\t\t\t<\/div>\n\t\t","protected":false},"excerpt":{"rendered":"<p>Turismo con alma onubense: la Ruta Fluvial Colombina &#8211; Alfonso Vargas S\u00e1nchez SANTIAGO CARB\u00d3 VALVERDE\u00a0\u00a0&#038;\u00a0JOS\u00c9 IGNACIO CASTILLO MANZANO\u00a0JOS\u00c9 IGNACIO CASTILLO MANZANO:Suspendidos en educaci\u00f3n financiera (08-02-2024) JOS\u00c9 IGNACIO CASTILLO MANZANO:\u00a0La posible subasta del ej\u00e9rcito estadounidense (12-03-2026) 2022 Waterfront and Umland. Port City Relations in Huelva. D. Juan Antonio M\u00e1rquez Dom\u00ednguez. Acad\u00e9mico de N\u00famero EL CRUCERISMO. PAN\u00d3PTICO [&hellip;]<\/p>\n","protected":false},"author":1,"featured_media":0,"parent":0,"menu_order":0,"comment_status":"closed","ping_status":"closed","template":"","meta":{"advgb_blocks_editor_width":"","advgb_blocks_columns_visual_guide":"","ocean_post_layout":"full-width","ocean_both_sidebars_style":"","ocean_both_sidebars_content_width":0,"ocean_both_sidebars_sidebars_width":0,"ocean_sidebar":"0","ocean_second_sidebar":"0","ocean_disable_margins":"on","ocean_add_body_class":"","ocean_shortcode_before_top_bar":"","ocean_shortcode_after_top_bar":"","ocean_shortcode_before_header":"","ocean_shortcode_after_header":"","ocean_has_shortcode":"","ocean_shortcode_after_title":"","ocean_shortcode_before_footer_widgets":"","ocean_shortcode_after_footer_widgets":"","ocean_shortcode_before_footer_bottom":"","ocean_shortcode_after_footer_bottom":"","ocean_display_top_bar":"default","ocean_display_header":"default","ocean_header_style":"","ocean_center_header_left_menu":"0","ocean_custom_header_template":"0","ocean_custom_logo":0,"ocean_custom_retina_logo":0,"ocean_custom_logo_max_width":0,"ocean_custom_logo_tablet_max_width":0,"ocean_custom_logo_mobile_max_width":0,"ocean_custom_logo_max_height":0,"ocean_custom_logo_tablet_max_height":0,"ocean_custom_logo_mobile_max_height":0,"ocean_header_custom_menu":"0","ocean_menu_typo_font_family":"0","ocean_menu_typo_font_subset":"","ocean_menu_typo_font_size":0,"ocean_menu_typo_font_size_tablet":0,"ocean_menu_typo_font_size_mobile":0,"ocean_menu_typo_font_size_unit":"px","ocean_menu_typo_font_weight":"","ocean_menu_typo_font_weight_tablet":"","ocean_menu_typo_font_weight_mobile":"","ocean_menu_typo_transform":"","ocean_menu_typo_transform_tablet":"","ocean_menu_typo_transform_mobile":"","ocean_menu_typo_line_height":0,"ocean_menu_typo_line_height_tablet":0,"ocean_menu_typo_line_height_mobile":0,"ocean_menu_typo_line_height_unit":"","ocean_menu_typo_spacing":0,"ocean_menu_typo_spacing_tablet":0,"ocean_menu_typo_spacing_mobile":0,"ocean_menu_typo_spacing_unit":"","ocean_menu_link_color":"","ocean_menu_link_color_hover":"","ocean_menu_link_color_active":"","ocean_menu_link_background":"","ocean_menu_link_hover_background":"","ocean_menu_link_active_background":"","ocean_menu_social_links_bg":"","ocean_menu_social_hover_links_bg":"","ocean_menu_social_links_color":"","ocean_menu_social_hover_links_color":"","ocean_disable_title":"default","ocean_disable_heading":"default","ocean_post_title":"","ocean_post_subheading":"","ocean_post_title_style":"","ocean_post_title_background_color":"","ocean_post_title_background":0,"ocean_post_title_bg_image_position":"","ocean_post_title_bg_image_attachment":"","ocean_post_title_bg_image_repeat":"","ocean_post_title_bg_image_size":"","ocean_post_title_height":0,"ocean_post_title_bg_overlay":0.5,"ocean_post_title_bg_overlay_color":"","ocean_disable_breadcrumbs":"default","ocean_breadcrumbs_color":"","ocean_breadcrumbs_separator_color":"","ocean_breadcrumbs_links_color":"","ocean_breadcrumbs_links_hover_color":"","ocean_display_footer_widgets":"default","ocean_display_footer_bottom":"default","ocean_custom_footer_template":"0","footnotes":""},"class_list":["post-3864","page","type-page","status-publish","hentry","entry"],"coauthors":[],"author_meta":{"author_link":"https:\/\/www.acacr.es\/?author=1","display_name":"Acacr"},"relative_dates":{"created":"Publicado 1 semana hace","modified":"Actualizado 3 horas hace"},"absolute_dates":{"created":"Publicado el 17 abril 2026","modified":"Actualizado el 27 abril 2026"},"absolute_dates_time":{"created":"Publicado el 17 abril 2026 12:36","modified":"Actualizado el 27 abril 2026 17:59"},"featured_img_caption":"","featured_img":false,"series_order":"","_links":{"self":[{"href":"https:\/\/www.acacr.es\/index.php?rest_route=\/wp\/v2\/pages\/3864","targetHints":{"allow":["GET"]}}],"collection":[{"href":"https:\/\/www.acacr.es\/index.php?rest_route=\/wp\/v2\/pages"}],"about":[{"href":"https:\/\/www.acacr.es\/index.php?rest_route=\/wp\/v2\/types\/page"}],"author":[{"embeddable":true,"href":"https:\/\/www.acacr.es\/index.php?rest_route=\/wp\/v2\/users\/1"}],"replies":[{"embeddable":true,"href":"https:\/\/www.acacr.es\/index.php?rest_route=%2Fwp%2Fv2%2Fcomments&post=3864"}],"version-history":[{"count":34,"href":"https:\/\/www.acacr.es\/index.php?rest_route=\/wp\/v2\/pages\/3864\/revisions"}],"predecessor-version":[{"id":3906,"href":"https:\/\/www.acacr.es\/index.php?rest_route=\/wp\/v2\/pages\/3864\/revisions\/3906"}],"wp:attachment":[{"href":"https:\/\/www.acacr.es\/index.php?rest_route=%2Fwp%2Fv2%2Fmedia&parent=3864"}],"curies":[{"name":"wp","href":"https:\/\/api.w.org\/{rel}","templated":true}]}}