{"id":3950,"date":"2026-04-28T09:31:19","date_gmt":"2026-04-28T09:31:19","guid":{"rendered":"https:\/\/www.acacr.es\/?page_id=3950"},"modified":"2026-04-28T09:38:15","modified_gmt":"2026-04-28T09:38:15","slug":"galeria-fotografica-3","status":"publish","type":"page","link":"https:\/\/www.acacr.es\/?page_id=3950","title":{"rendered":"Galer\u00eda Fotogr\u00e1fica"},"content":{"rendered":"\t\t<div data-elementor-type=\"wp-page\" data-elementor-id=\"3950\" class=\"elementor elementor-3950\">\n\t\t\t\t\t\t<section class=\"elementor-section elementor-top-section elementor-element elementor-element-12fc9cb elementor-section-boxed elementor-section-height-default elementor-section-height-default\" data-id=\"12fc9cb\" data-element_type=\"section\">\n\t\t\t\t\t\t<div class=\"elementor-container elementor-column-gap-default\">\n\t\t\t\t\t<div class=\"elementor-column elementor-col-100 elementor-top-column elementor-element elementor-element-6d8edff\" data-id=\"6d8edff\" data-element_type=\"column\">\n\t\t\t<div class=\"elementor-widget-wrap elementor-element-populated\">\n\t\t\t\t\t\t<div class=\"elementor-element elementor-element-76139a9 elementor-widget elementor-widget-image-gallery\" data-id=\"76139a9\" data-element_type=\"widget\" data-widget_type=\"image-gallery.default\">\n\t\t\t\t<div class=\"elementor-widget-container\">\n\t\t\t\t\t\t\t<div class=\"elementor-image-gallery\">\n\t\t\t<div id='gallery-1' class='gallery galleryid-3950 gallery-columns-4 gallery-size-ultp_layout_square'><figure class='gallery-item'>\n\t\t\t<div class='gallery-icon portrait'>\n\t\t\t\t<a data-elementor-open-lightbox=\"yes\" data-elementor-lightbox-slideshow=\"76139a9\" data-elementor-lightbox-title=\"EMBAJADOR-HUNGRIA\" data-e-action-hash=\"#elementor-action%3Aaction%3Dlightbox%26settings%3DeyJpZCI6MzYwOSwidXJsIjoiaHR0cHM6XC9cL3d3dy5hY2Fjci5lc1wvd3AtY29udGVudFwvdXBsb2Fkc1wvMjAyNlwvMDRcL0VNQkFKQURPUi1IVU5HUklBLmpwZyIsInNsaWRlc2hvdyI6Ijc2MTM5YTkifQ%3D%3D\" href='https:\/\/www.acacr.es\/wp-content\/uploads\/2026\/04\/EMBAJADOR-HUNGRIA.jpg'><img fetchpriority=\"high\" decoding=\"async\" width=\"600\" height=\"600\" src=\"https:\/\/www.acacr.es\/wp-content\/uploads\/2026\/04\/EMBAJADOR-HUNGRIA-600x600.jpg\" class=\"attachment-ultp_layout_square size-ultp_layout_square\" alt=\"\" srcset=\"https:\/\/www.acacr.es\/wp-content\/uploads\/2026\/04\/EMBAJADOR-HUNGRIA-600x600.jpg 600w, https:\/\/www.acacr.es\/wp-content\/uploads\/2026\/04\/EMBAJADOR-HUNGRIA-150x150.jpg 150w\" sizes=\"(max-width: 600px) 100vw, 600px\" \/><\/a>\n\t\t\t<\/div><\/figure><figure class='gallery-item'>\n\t\t\t<div class='gallery-icon landscape'>\n\t\t\t\t<a data-elementor-open-lightbox=\"yes\" data-elementor-lightbox-slideshow=\"76139a9\" data-elementor-lightbox-title=\"MG_L1855-1\" data-e-action-hash=\"#elementor-action%3Aaction%3Dlightbox%26settings%3DeyJpZCI6MzQ2MCwidXJsIjoiaHR0cHM6XC9cL3d3dy5hY2Fjci5lc1wvd3AtY29udGVudFwvdXBsb2Fkc1wvMjAyNlwvMDRcL01HX0wxODU1LTEtc2NhbGVkLmpwZyIsInNsaWRlc2hvdyI6Ijc2MTM5YTkifQ%3D%3D\" href='https:\/\/www.acacr.es\/wp-content\/uploads\/2026\/04\/MG_L1855-1-scaled.jpg'><img decoding=\"async\" width=\"600\" height=\"600\" src=\"https:\/\/www.acacr.es\/wp-content\/uploads\/2026\/04\/MG_L1855-1-600x600.jpg\" class=\"attachment-ultp_layout_square size-ultp_layout_square\" alt=\"\" aria-describedby=\"gallery-1-3460\" srcset=\"https:\/\/www.acacr.es\/wp-content\/uploads\/2026\/04\/MG_L1855-1-600x600.jpg 600w, https:\/\/www.acacr.es\/wp-content\/uploads\/2026\/04\/MG_L1855-1-150x150.jpg 150w\" sizes=\"(max-width: 600px) 100vw, 600px\" \/><\/a>\n\t\t\t<\/div>\n\t\t\t\t<figcaption class='wp-caption-text gallery-caption' id='gallery-1-3460'>\n\t\t\t\tEl pasado d\u00eda 5 de febrero tuvo lugar la ceremonia solemne de entrega del I Premio a la Trayectoria Ejemplar en Defensa de Andaluc\u00eda, creado por la Academia Andaluza de Ciencia Regional con el patrocinio de Banco Santander. Dicha distinci\u00f3n recay\u00f3 en D\u00aa. F\u00e1tima B\u00e1\u00f1ez Garc\u00eda y en D. Jaime Montaner Rosell\u00f3. La ceremonia tuvo lugar en el Palacio de Yanduri (Sevilla).\n\t\t\t\t<\/figcaption><\/figure><figure class='gallery-item'>\n\t\t\t<div class='gallery-icon landscape'>\n\t\t\t\t<a data-elementor-open-lightbox=\"yes\" data-elementor-lightbox-slideshow=\"76139a9\" data-elementor-lightbox-title=\"MG_L1886\" data-e-action-hash=\"#elementor-action%3Aaction%3Dlightbox%26settings%3DeyJpZCI6MzQ1OSwidXJsIjoiaHR0cHM6XC9cL3d3dy5hY2Fjci5lc1wvd3AtY29udGVudFwvdXBsb2Fkc1wvMjAyNlwvMDRcL01HX0wxODg2LXNjYWxlZC5qcGciLCJzbGlkZXNob3ciOiI3NjEzOWE5In0%3D\" href='https:\/\/www.acacr.es\/wp-content\/uploads\/2026\/04\/MG_L1886-scaled.jpg'><img decoding=\"async\" width=\"600\" height=\"600\" src=\"https:\/\/www.acacr.es\/wp-content\/uploads\/2026\/04\/MG_L1886-600x600.jpg\" class=\"attachment-ultp_layout_square size-ultp_layout_square\" alt=\"\" aria-describedby=\"gallery-1-3459\" srcset=\"https:\/\/www.acacr.es\/wp-content\/uploads\/2026\/04\/MG_L1886-600x600.jpg 600w, https:\/\/www.acacr.es\/wp-content\/uploads\/2026\/04\/MG_L1886-150x150.jpg 150w\" sizes=\"(max-width: 600px) 100vw, 600px\" \/><\/a>\n\t\t\t<\/div>\n\t\t\t\t<figcaption class='wp-caption-text gallery-caption' id='gallery-1-3459'>\n\t\t\t\tEl pasado d\u00eda 5 de febrero tuvo lugar la ceremonia solemne de entrega del I Premio a la Trayectoria Ejemplar en Defensa de Andaluc\u00eda, creado por la Academia Andaluza de Ciencia Regional con el patrocinio de Banco Santander. Dicha distinci\u00f3n recay\u00f3 en D\u00aa. F\u00e1tima B\u00e1\u00f1ez Garc\u00eda y en D. Jaime Montaner Rosell\u00f3. La ceremonia tuvo lugar en el Palacio de Yanduri (Sevilla).\n\t\t\t\t<\/figcaption><\/figure><figure class='gallery-item'>\n\t\t\t<div class='gallery-icon landscape'>\n\t\t\t\t<a data-elementor-open-lightbox=\"yes\" data-elementor-lightbox-slideshow=\"76139a9\" data-elementor-lightbox-title=\"MG_L1921\" data-e-action-hash=\"#elementor-action%3Aaction%3Dlightbox%26settings%3DeyJpZCI6MzQ1OCwidXJsIjoiaHR0cHM6XC9cL3d3dy5hY2Fjci5lc1wvd3AtY29udGVudFwvdXBsb2Fkc1wvMjAyNlwvMDRcL01HX0wxOTIxLXNjYWxlZC5qcGciLCJzbGlkZXNob3ciOiI3NjEzOWE5In0%3D\" href='https:\/\/www.acacr.es\/wp-content\/uploads\/2026\/04\/MG_L1921-scaled.jpg'><img loading=\"lazy\" decoding=\"async\" width=\"600\" height=\"600\" src=\"https:\/\/www.acacr.es\/wp-content\/uploads\/2026\/04\/MG_L1921-600x600.jpg\" class=\"attachment-ultp_layout_square size-ultp_layout_square\" alt=\"\" aria-describedby=\"gallery-1-3458\" srcset=\"https:\/\/www.acacr.es\/wp-content\/uploads\/2026\/04\/MG_L1921-600x600.jpg 600w, https:\/\/www.acacr.es\/wp-content\/uploads\/2026\/04\/MG_L1921-150x150.jpg 150w\" sizes=\"(max-width: 600px) 100vw, 600px\" \/><\/a>\n\t\t\t<\/div>\n\t\t\t\t<figcaption class='wp-caption-text gallery-caption' id='gallery-1-3458'>\n\t\t\t\tEl pasado d\u00eda 5 de febrero tuvo lugar la ceremonia solemne de entrega del I Premio a la Trayectoria Ejemplar en Defensa de Andaluc\u00eda, creado por la Academia Andaluza de Ciencia Regional con el patrocinio de Banco Santander. Dicha distinci\u00f3n recay\u00f3 en D\u00aa. F\u00e1tima B\u00e1\u00f1ez Garc\u00eda y en D. Jaime Montaner Rosell\u00f3. La ceremonia tuvo lugar en el Palacio de Yanduri (Sevilla).\n\t\t\t\t<\/figcaption><\/figure><figure class='gallery-item'>\n\t\t\t<div class='gallery-icon landscape'>\n\t\t\t\t<a data-elementor-open-lightbox=\"yes\" data-elementor-lightbox-slideshow=\"76139a9\" data-elementor-lightbox-title=\"MG_L2457\" data-e-action-hash=\"#elementor-action%3Aaction%3Dlightbox%26settings%3DeyJpZCI6MzQ1NywidXJsIjoiaHR0cHM6XC9cL3d3dy5hY2Fjci5lc1wvd3AtY29udGVudFwvdXBsb2Fkc1wvMjAyNlwvMDRcL01HX0wyNDU3LmpwZyIsInNsaWRlc2hvdyI6Ijc2MTM5YTkifQ%3D%3D\" href='https:\/\/www.acacr.es\/wp-content\/uploads\/2026\/04\/MG_L2457.jpg'><img loading=\"lazy\" decoding=\"async\" width=\"600\" height=\"600\" src=\"https:\/\/www.acacr.es\/wp-content\/uploads\/2026\/04\/MG_L2457-600x600.jpg\" class=\"attachment-ultp_layout_square size-ultp_layout_square\" alt=\"\" aria-describedby=\"gallery-1-3457\" srcset=\"https:\/\/www.acacr.es\/wp-content\/uploads\/2026\/04\/MG_L2457-600x600.jpg 600w, https:\/\/www.acacr.es\/wp-content\/uploads\/2026\/04\/MG_L2457-150x150.jpg 150w\" sizes=\"(max-width: 600px) 100vw, 600px\" \/><\/a>\n\t\t\t<\/div>\n\t\t\t\t<figcaption class='wp-caption-text gallery-caption' id='gallery-1-3457'>\n\t\t\t\tEl pasado d\u00eda 5 de febrero tuvo lugar la ceremonia solemne de entrega del I Premio a la Trayectoria Ejemplar en Defensa de Andaluc\u00eda, creado por la Academia Andaluza de Ciencia Regional con el patrocinio de Banco Santander. Dicha distinci\u00f3n recay\u00f3 en D\u00aa. F\u00e1tima B\u00e1\u00f1ez Garc\u00eda y en D. Jaime Montaner Rosell\u00f3. La ceremonia tuvo lugar en el Palacio de Yanduri (Sevilla).\n\t\t\t\t<\/figcaption><\/figure><figure class='gallery-item'>\n\t\t\t<div class='gallery-icon landscape'>\n\t\t\t\t<a data-elementor-open-lightbox=\"yes\" data-elementor-lightbox-slideshow=\"76139a9\" data-elementor-lightbox-title=\"MG_L2606\" data-e-action-hash=\"#elementor-action%3Aaction%3Dlightbox%26settings%3DeyJpZCI6MzQ1NiwidXJsIjoiaHR0cHM6XC9cL3d3dy5hY2Fjci5lc1wvd3AtY29udGVudFwvdXBsb2Fkc1wvMjAyNlwvMDRcL01HX0wyNjA2LmpwZyIsInNsaWRlc2hvdyI6Ijc2MTM5YTkifQ%3D%3D\" href='https:\/\/www.acacr.es\/wp-content\/uploads\/2026\/04\/MG_L2606.jpg'><img loading=\"lazy\" decoding=\"async\" width=\"600\" height=\"600\" src=\"https:\/\/www.acacr.es\/wp-content\/uploads\/2026\/04\/MG_L2606-600x600.jpg\" class=\"attachment-ultp_layout_square size-ultp_layout_square\" alt=\"\" aria-describedby=\"gallery-1-3456\" srcset=\"https:\/\/www.acacr.es\/wp-content\/uploads\/2026\/04\/MG_L2606-600x600.jpg 600w, https:\/\/www.acacr.es\/wp-content\/uploads\/2026\/04\/MG_L2606-150x150.jpg 150w\" sizes=\"(max-width: 600px) 100vw, 600px\" \/><\/a>\n\t\t\t<\/div>\n\t\t\t\t<figcaption class='wp-caption-text gallery-caption' id='gallery-1-3456'>\n\t\t\t\tEl pasado d\u00eda 5 de febrero tuvo lugar la ceremonia solemne de entrega del I Premio a la Trayectoria Ejemplar en Defensa de Andaluc\u00eda, creado por la Academia Andaluza de Ciencia Regional con el patrocinio de Banco Santander. Dicha distinci\u00f3n recay\u00f3 en D\u00aa. F\u00e1tima B\u00e1\u00f1ez Garc\u00eda y en D. Jaime Montaner Rosell\u00f3. La ceremonia tuvo lugar en el Palacio de Yanduri (Sevilla).\n\t\t\t\t<\/figcaption><\/figure><figure class='gallery-item'>\n\t\t\t<div class='gallery-icon landscape'>\n\t\t\t\t<a data-elementor-open-lightbox=\"yes\" data-elementor-lightbox-slideshow=\"76139a9\" data-elementor-lightbox-title=\"250206_Direccio\u0301n-General-de-Economi\u0301a-Banco-de-Espan\u0303a-17\" data-e-action-hash=\"#elementor-action%3Aaction%3Dlightbox%26settings%3DeyJpZCI6MzQ1MiwidXJsIjoiaHR0cHM6XC9cL3d3dy5hY2Fjci5lc1wvd3AtY29udGVudFwvdXBsb2Fkc1wvMjAyNlwvMDRcLzI1MDIwNl9EaXJlY2Npb24tR2VuZXJhbC1kZS1FY29ub21pYS1CYW5jby1kZS1Fc3BhbmEtMTctc2NhbGVkLmpwZyIsInNsaWRlc2hvdyI6Ijc2MTM5YTkifQ%3D%3D\" href='https:\/\/www.acacr.es\/wp-content\/uploads\/2026\/04\/250206_Direccion-General-de-Economia-Banco-de-Espana-17-scaled.jpg'><img loading=\"lazy\" decoding=\"async\" width=\"600\" height=\"600\" src=\"https:\/\/www.acacr.es\/wp-content\/uploads\/2026\/04\/250206_Direccion-General-de-Economia-Banco-de-Espana-17-600x600.jpg\" class=\"attachment-ultp_layout_square size-ultp_layout_square\" alt=\"\" aria-describedby=\"gallery-1-3452\" srcset=\"https:\/\/www.acacr.es\/wp-content\/uploads\/2026\/04\/250206_Direccion-General-de-Economia-Banco-de-Espana-17-600x600.jpg 600w, https:\/\/www.acacr.es\/wp-content\/uploads\/2026\/04\/250206_Direccion-General-de-Economia-Banco-de-Espana-17-150x150.jpg 150w\" sizes=\"(max-width: 600px) 100vw, 600px\" \/><\/a>\n\t\t\t<\/div>\n\t\t\t\t<figcaption class='wp-caption-text gallery-caption' id='gallery-1-3452'>\n\t\t\t\tEl pasado d\u00eda 6 de febrero tuvo lugar la conferencia de D. \u00c1ngel Gavil\u00e1n Gonz\u00e1lez, Director General de Econom\u00eda del Banco de Espa\u00f1a, sobre el tema: \u201cEl mercado de la vivienda en Espa\u00f1a: evoluci\u00f3n reciente, riesgos y problemas de accesibilidad\u201d. Dicha actividad se celebr\u00f3 en la Facultad de Ciencias Econ\u00f3micas y Empresariales de la Universidad de Sevilla. \n\t\t\t\t<\/figcaption><\/figure><figure class='gallery-item'>\n\t\t\t<div class='gallery-icon landscape'>\n\t\t\t\t<a data-elementor-open-lightbox=\"yes\" data-elementor-lightbox-slideshow=\"76139a9\" data-elementor-lightbox-title=\"250206_Direccio\u0301n-General-de-Economi\u0301a-Banco-de-Espan\u0303a-02\" data-e-action-hash=\"#elementor-action%3Aaction%3Dlightbox%26settings%3DeyJpZCI6MzQ0OCwidXJsIjoiaHR0cHM6XC9cL3d3dy5hY2Fjci5lc1wvd3AtY29udGVudFwvdXBsb2Fkc1wvMjAyNlwvMDRcLzI1MDIwNl9EaXJlY2Npb24tR2VuZXJhbC1kZS1FY29ub21pYS1CYW5jby1kZS1Fc3BhbmEtMDItc2NhbGVkLmpwZyIsInNsaWRlc2hvdyI6Ijc2MTM5YTkifQ%3D%3D\" href='https:\/\/www.acacr.es\/wp-content\/uploads\/2026\/04\/250206_Direccion-General-de-Economia-Banco-de-Espana-02-scaled.jpg'><img loading=\"lazy\" decoding=\"async\" width=\"600\" height=\"600\" src=\"https:\/\/www.acacr.es\/wp-content\/uploads\/2026\/04\/250206_Direccion-General-de-Economia-Banco-de-Espana-02-600x600.jpg\" class=\"attachment-ultp_layout_square size-ultp_layout_square\" alt=\"\" aria-describedby=\"gallery-1-3448\" srcset=\"https:\/\/www.acacr.es\/wp-content\/uploads\/2026\/04\/250206_Direccion-General-de-Economia-Banco-de-Espana-02-600x600.jpg 600w, https:\/\/www.acacr.es\/wp-content\/uploads\/2026\/04\/250206_Direccion-General-de-Economia-Banco-de-Espana-02-150x150.jpg 150w\" sizes=\"(max-width: 600px) 100vw, 600px\" \/><\/a>\n\t\t\t<\/div>\n\t\t\t\t<figcaption class='wp-caption-text gallery-caption' id='gallery-1-3448'>\n\t\t\t\tEl pasado d\u00eda 6 de febrero tuvo lugar la conferencia de D. \u00c1ngel Gavil\u00e1n Gonz\u00e1lez, Director General de Econom\u00eda del Banco de Espa\u00f1a, sobre el tema: \u201cEl mercado de la vivienda en Espa\u00f1a: evoluci\u00f3n reciente, riesgos y problemas de accesibilidad\u201d. Dicha actividad se celebr\u00f3 en la Facultad de Ciencias Econ\u00f3micas y Empresariales de la Universidad de Sevilla. \n\t\t\t\t<\/figcaption><\/figure><figure class='gallery-item'>\n\t\t\t<div class='gallery-icon landscape'>\n\t\t\t\t<a data-elementor-open-lightbox=\"yes\" data-elementor-lightbox-slideshow=\"76139a9\" data-elementor-lightbox-title=\"250206_Direccio\u0301n-General-de-Economi\u0301a-Banco-de-Espan\u0303a-09\" data-e-action-hash=\"#elementor-action%3Aaction%3Dlightbox%26settings%3DeyJpZCI6MzQ0NywidXJsIjoiaHR0cHM6XC9cL3d3dy5hY2Fjci5lc1wvd3AtY29udGVudFwvdXBsb2Fkc1wvMjAyNlwvMDRcLzI1MDIwNl9EaXJlY2Npb24tR2VuZXJhbC1kZS1FY29ub21pYS1CYW5jby1kZS1Fc3BhbmEtMDktc2NhbGVkLmpwZyIsInNsaWRlc2hvdyI6Ijc2MTM5YTkifQ%3D%3D\" href='https:\/\/www.acacr.es\/wp-content\/uploads\/2026\/04\/250206_Direccion-General-de-Economia-Banco-de-Espana-09-scaled.jpg'><img loading=\"lazy\" decoding=\"async\" width=\"600\" height=\"600\" src=\"https:\/\/www.acacr.es\/wp-content\/uploads\/2026\/04\/250206_Direccion-General-de-Economia-Banco-de-Espana-09-600x600.jpg\" class=\"attachment-ultp_layout_square size-ultp_layout_square\" alt=\"\" aria-describedby=\"gallery-1-3447\" srcset=\"https:\/\/www.acacr.es\/wp-content\/uploads\/2026\/04\/250206_Direccion-General-de-Economia-Banco-de-Espana-09-600x600.jpg 600w, https:\/\/www.acacr.es\/wp-content\/uploads\/2026\/04\/250206_Direccion-General-de-Economia-Banco-de-Espana-09-150x150.jpg 150w\" sizes=\"(max-width: 600px) 100vw, 600px\" \/><\/a>\n\t\t\t<\/div>\n\t\t\t\t<figcaption class='wp-caption-text gallery-caption' id='gallery-1-3447'>\n\t\t\t\tEl pasado d\u00eda 6 de febrero tuvo lugar la conferencia de D. \u00c1ngel Gavil\u00e1n Gonz\u00e1lez, Director General de Econom\u00eda del Banco de Espa\u00f1a, sobre el tema: \u201cEl mercado de la vivienda en Espa\u00f1a: evoluci\u00f3n reciente, riesgos y problemas de accesibilidad\u201d. Dicha actividad se celebr\u00f3 en la Facultad de Ciencias Econ\u00f3micas y Empresariales de la Universidad de Sevilla. \n\t\t\t\t<\/figcaption><\/figure><figure class='gallery-item'>\n\t\t\t<div class='gallery-icon landscape'>\n\t\t\t\t<a data-elementor-open-lightbox=\"yes\" data-elementor-lightbox-slideshow=\"76139a9\" data-elementor-lightbox-title=\"250206_Direccio\u0301n-General-de-Economi\u0301a-Banco-de-Espan\u0303a-16\" data-e-action-hash=\"#elementor-action%3Aaction%3Dlightbox%26settings%3DeyJpZCI6MzQ0NiwidXJsIjoiaHR0cHM6XC9cL3d3dy5hY2Fjci5lc1wvd3AtY29udGVudFwvdXBsb2Fkc1wvMjAyNlwvMDRcLzI1MDIwNl9EaXJlY2Npb24tR2VuZXJhbC1kZS1FY29ub21pYS1CYW5jby1kZS1Fc3BhbmEtMTYtc2NhbGVkLmpwZyIsInNsaWRlc2hvdyI6Ijc2MTM5YTkifQ%3D%3D\" href='https:\/\/www.acacr.es\/wp-content\/uploads\/2026\/04\/250206_Direccion-General-de-Economia-Banco-de-Espana-16-scaled.jpg'><img loading=\"lazy\" decoding=\"async\" width=\"600\" height=\"600\" src=\"https:\/\/www.acacr.es\/wp-content\/uploads\/2026\/04\/250206_Direccion-General-de-Economia-Banco-de-Espana-16-600x600.jpg\" class=\"attachment-ultp_layout_square size-ultp_layout_square\" alt=\"\" aria-describedby=\"gallery-1-3446\" srcset=\"https:\/\/www.acacr.es\/wp-content\/uploads\/2026\/04\/250206_Direccion-General-de-Economia-Banco-de-Espana-16-600x600.jpg 600w, https:\/\/www.acacr.es\/wp-content\/uploads\/2026\/04\/250206_Direccion-General-de-Economia-Banco-de-Espana-16-150x150.jpg 150w\" sizes=\"(max-width: 600px) 100vw, 600px\" \/><\/a>\n\t\t\t<\/div>\n\t\t\t\t<figcaption class='wp-caption-text gallery-caption' id='gallery-1-3446'>\n\t\t\t\tEl pasado d\u00eda 6 de febrero tuvo lugar la conferencia de D. \u00c1ngel Gavil\u00e1n Gonz\u00e1lez, Director General de Econom\u00eda del Banco de Espa\u00f1a, sobre el tema: \u201cEl mercado de la vivienda en Espa\u00f1a: evoluci\u00f3n reciente, riesgos y problemas de accesibilidad\u201d. Dicha actividad se celebr\u00f3 en la Facultad de Ciencias Econ\u00f3micas y Empresariales de la Universidad de Sevilla. \n\t\t\t\t<\/figcaption><\/figure><figure class='gallery-item'>\n\t\t\t<div class='gallery-icon landscape'>\n\t\t\t\t<a data-elementor-open-lightbox=\"yes\" data-elementor-lightbox-slideshow=\"76139a9\" data-elementor-lightbox-title=\"250206_Direccio\u0301n-General-de-Economi\u0301a-Banco-de-Espan\u0303a-11\" data-e-action-hash=\"#elementor-action%3Aaction%3Dlightbox%26settings%3DeyJpZCI6MzQ0NSwidXJsIjoiaHR0cHM6XC9cL3d3dy5hY2Fjci5lc1wvd3AtY29udGVudFwvdXBsb2Fkc1wvMjAyNlwvMDRcLzI1MDIwNl9EaXJlY2Npb24tR2VuZXJhbC1kZS1FY29ub21pYS1CYW5jby1kZS1Fc3BhbmEtMTEtc2NhbGVkLmpwZyIsInNsaWRlc2hvdyI6Ijc2MTM5YTkifQ%3D%3D\" href='https:\/\/www.acacr.es\/wp-content\/uploads\/2026\/04\/250206_Direccion-General-de-Economia-Banco-de-Espana-11-scaled.jpg'><img loading=\"lazy\" decoding=\"async\" width=\"600\" height=\"600\" src=\"https:\/\/www.acacr.es\/wp-content\/uploads\/2026\/04\/250206_Direccion-General-de-Economia-Banco-de-Espana-11-600x600.jpg\" class=\"attachment-ultp_layout_square size-ultp_layout_square\" alt=\"\" aria-describedby=\"gallery-1-3445\" srcset=\"https:\/\/www.acacr.es\/wp-content\/uploads\/2026\/04\/250206_Direccion-General-de-Economia-Banco-de-Espana-11-600x600.jpg 600w, https:\/\/www.acacr.es\/wp-content\/uploads\/2026\/04\/250206_Direccion-General-de-Economia-Banco-de-Espana-11-150x150.jpg 150w\" sizes=\"(max-width: 600px) 100vw, 600px\" \/><\/a>\n\t\t\t<\/div>\n\t\t\t\t<figcaption class='wp-caption-text gallery-caption' id='gallery-1-3445'>\n\t\t\t\tEl pasado d\u00eda 6 de febrero tuvo lugar la conferencia de D. \u00c1ngel Gavil\u00e1n Gonz\u00e1lez, Director General de Econom\u00eda del Banco de Espa\u00f1a, sobre el tema: \u201cEl mercado de la vivienda en Espa\u00f1a: evoluci\u00f3n reciente, riesgos y problemas de accesibilidad\u201d. Dicha actividad se celebr\u00f3 en la Facultad de Ciencias Econ\u00f3micas y Empresariales de la Universidad de Sevilla. \n\t\t\t\t<\/figcaption><\/figure><figure class='gallery-item'>\n\t\t\t<div class='gallery-icon landscape'>\n\t\t\t\t<a data-elementor-open-lightbox=\"yes\" data-elementor-lightbox-slideshow=\"76139a9\" data-elementor-lightbox-title=\"250206_Direccio\u0301n-General-de-Economi\u0301a-Banco-de-Espan\u0303a-21\" data-e-action-hash=\"#elementor-action%3Aaction%3Dlightbox%26settings%3DeyJpZCI6MzQ0NCwidXJsIjoiaHR0cHM6XC9cL3d3dy5hY2Fjci5lc1wvd3AtY29udGVudFwvdXBsb2Fkc1wvMjAyNlwvMDRcLzI1MDIwNl9EaXJlY2Npb24tR2VuZXJhbC1kZS1FY29ub21pYS1CYW5jby1kZS1Fc3BhbmEtMjEtc2NhbGVkLmpwZyIsInNsaWRlc2hvdyI6Ijc2MTM5YTkifQ%3D%3D\" href='https:\/\/www.acacr.es\/wp-content\/uploads\/2026\/04\/250206_Direccion-General-de-Economia-Banco-de-Espana-21-scaled.jpg'><img loading=\"lazy\" decoding=\"async\" width=\"600\" height=\"600\" src=\"https:\/\/www.acacr.es\/wp-content\/uploads\/2026\/04\/250206_Direccion-General-de-Economia-Banco-de-Espana-21-600x600.jpg\" class=\"attachment-ultp_layout_square size-ultp_layout_square\" alt=\"\" aria-describedby=\"gallery-1-3444\" srcset=\"https:\/\/www.acacr.es\/wp-content\/uploads\/2026\/04\/250206_Direccion-General-de-Economia-Banco-de-Espana-21-600x600.jpg 600w, https:\/\/www.acacr.es\/wp-content\/uploads\/2026\/04\/250206_Direccion-General-de-Economia-Banco-de-Espana-21-150x150.jpg 150w\" sizes=\"(max-width: 600px) 100vw, 600px\" \/><\/a>\n\t\t\t<\/div>\n\t\t\t\t<figcaption class='wp-caption-text gallery-caption' id='gallery-1-3444'>\n\t\t\t\tEl pasado d\u00eda 6 de febrero tuvo lugar la conferencia de D. \u00c1ngel Gavil\u00e1n Gonz\u00e1lez, Director General de Econom\u00eda del Banco de Espa\u00f1a, sobre el tema: \u201cEl mercado de la vivienda en Espa\u00f1a: evoluci\u00f3n reciente, riesgos y problemas de accesibilidad\u201d. Dicha actividad se celebr\u00f3 en la Facultad de Ciencias Econ\u00f3micas y Empresariales de la Universidad de Sevilla. \n\t\t\t\t<\/figcaption><\/figure><figure class='gallery-item'>\n\t\t\t<div class='gallery-icon landscape'>\n\t\t\t\t<a data-elementor-open-lightbox=\"yes\" data-elementor-lightbox-slideshow=\"76139a9\" data-elementor-lightbox-title=\"250310_Academia-Andaluza-Ciencia-Regional_Santiago-Carbo\u0301-07\" data-e-action-hash=\"#elementor-action%3Aaction%3Dlightbox%26settings%3DeyJpZCI6MzQyNywidXJsIjoiaHR0cHM6XC9cL3d3dy5hY2Fjci5lc1wvd3AtY29udGVudFwvdXBsb2Fkc1wvMjAyNlwvMDRcLzI1MDMxMF9BY2FkZW1pYS1BbmRhbHV6YS1DaWVuY2lhLVJlZ2lvbmFsX1NhbnRpYWdvLUNhcmJvLTA3LXNjYWxlZC5qcGciLCJzbGlkZXNob3ciOiI3NjEzOWE5In0%3D\" href='https:\/\/www.acacr.es\/wp-content\/uploads\/2026\/04\/250310_Academia-Andaluza-Ciencia-Regional_Santiago-Carbo-07-scaled.jpg'><img loading=\"lazy\" decoding=\"async\" width=\"600\" height=\"600\" src=\"https:\/\/www.acacr.es\/wp-content\/uploads\/2026\/04\/250310_Academia-Andaluza-Ciencia-Regional_Santiago-Carbo-07-600x600.jpg\" class=\"attachment-ultp_layout_square size-ultp_layout_square\" alt=\"\" aria-describedby=\"gallery-1-3427\" srcset=\"https:\/\/www.acacr.es\/wp-content\/uploads\/2026\/04\/250310_Academia-Andaluza-Ciencia-Regional_Santiago-Carbo-07-600x600.jpg 600w, https:\/\/www.acacr.es\/wp-content\/uploads\/2026\/04\/250310_Academia-Andaluza-Ciencia-Regional_Santiago-Carbo-07-150x150.jpg 150w\" sizes=\"(max-width: 600px) 100vw, 600px\" \/><\/a>\n\t\t\t<\/div>\n\t\t\t\t<figcaption class='wp-caption-text gallery-caption' id='gallery-1-3427'>\n\t\t\t\tEl d\u00eda 10 de marzo tuvo lugar la conferencia de D. Santiago Carb\u00f3 Valverde, Director de Estudios de (FUNCAS), Catedr\u00e1tico de Econom\u00eda de la Universidad de Valencia y Acad\u00e9mico de N\u00famero de la Academia Andaluza de Ciencia Regional, sobre el tema: \u201cLa econom\u00eda y el sistema financiero espa\u00f1ol en un contexto global convulso\u201d. Dicha actividad se celebr\u00f3 en la Facultad de Ciencias Econ\u00f3micas y Empresariales de la Universidad de Sevilla.   Pulse en este enlace para acceder al contenido de la conferencia.\n\t\t\t\t<\/figcaption><\/figure><figure class='gallery-item'>\n\t\t\t<div class='gallery-icon landscape'>\n\t\t\t\t<a data-elementor-open-lightbox=\"yes\" data-elementor-lightbox-slideshow=\"76139a9\" data-elementor-lightbox-title=\"250310_Academia-Andaluza-Ciencia-Regional_Santiago-Carbo\u0301-01\" data-e-action-hash=\"#elementor-action%3Aaction%3Dlightbox%26settings%3DeyJpZCI6MzQyNiwidXJsIjoiaHR0cHM6XC9cL3d3dy5hY2Fjci5lc1wvd3AtY29udGVudFwvdXBsb2Fkc1wvMjAyNlwvMDRcLzI1MDMxMF9BY2FkZW1pYS1BbmRhbHV6YS1DaWVuY2lhLVJlZ2lvbmFsX1NhbnRpYWdvLUNhcmJvLTAxLXNjYWxlZC5qcGciLCJzbGlkZXNob3ciOiI3NjEzOWE5In0%3D\" href='https:\/\/www.acacr.es\/wp-content\/uploads\/2026\/04\/250310_Academia-Andaluza-Ciencia-Regional_Santiago-Carbo-01-scaled.jpg'><img loading=\"lazy\" decoding=\"async\" width=\"600\" height=\"600\" src=\"https:\/\/www.acacr.es\/wp-content\/uploads\/2026\/04\/250310_Academia-Andaluza-Ciencia-Regional_Santiago-Carbo-01-600x600.jpg\" class=\"attachment-ultp_layout_square size-ultp_layout_square\" alt=\"\" aria-describedby=\"gallery-1-3426\" srcset=\"https:\/\/www.acacr.es\/wp-content\/uploads\/2026\/04\/250310_Academia-Andaluza-Ciencia-Regional_Santiago-Carbo-01-600x600.jpg 600w, https:\/\/www.acacr.es\/wp-content\/uploads\/2026\/04\/250310_Academia-Andaluza-Ciencia-Regional_Santiago-Carbo-01-150x150.jpg 150w\" sizes=\"(max-width: 600px) 100vw, 600px\" \/><\/a>\n\t\t\t<\/div>\n\t\t\t\t<figcaption class='wp-caption-text gallery-caption' id='gallery-1-3426'>\n\t\t\t\tEl d\u00eda 10 de marzo tuvo lugar la conferencia de D. Santiago Carb\u00f3 Valverde, Director de Estudios de (FUNCAS), Catedr\u00e1tico de Econom\u00eda de la Universidad de Valencia y Acad\u00e9mico de N\u00famero de la Academia Andaluza de Ciencia Regional, sobre el tema: \u201cLa econom\u00eda y el sistema financiero espa\u00f1ol en un contexto global convulso\u201d. Dicha actividad se celebr\u00f3 en la Facultad de Ciencias Econ\u00f3micas y Empresariales de la Universidad de Sevilla.   Pulse en este enlace para acceder al contenido de la conferencia.\n\t\t\t\t<\/figcaption><\/figure><figure class='gallery-item'>\n\t\t\t<div class='gallery-icon landscape'>\n\t\t\t\t<a data-elementor-open-lightbox=\"yes\" data-elementor-lightbox-slideshow=\"76139a9\" data-elementor-lightbox-title=\"WhatsApp-Image-2025-06-15-at-07.18.20-1-1536x864\" data-e-action-hash=\"#elementor-action%3Aaction%3Dlightbox%26settings%3DeyJpZCI6MzQyMiwidXJsIjoiaHR0cHM6XC9cL3d3dy5hY2Fjci5lc1wvd3AtY29udGVudFwvdXBsb2Fkc1wvMjAyNlwvMDRcL1doYXRzQXBwLUltYWdlLTIwMjUtMDYtMTUtYXQtMDcuMTguMjAtMS0xNTM2eDg2NC0xLmpwZWciLCJzbGlkZXNob3ciOiI3NjEzOWE5In0%3D\" href='https:\/\/www.acacr.es\/wp-content\/uploads\/2026\/04\/WhatsApp-Image-2025-06-15-at-07.18.20-1-1536x864-1.jpeg'><img loading=\"lazy\" decoding=\"async\" width=\"600\" height=\"600\" src=\"https:\/\/www.acacr.es\/wp-content\/uploads\/2026\/04\/WhatsApp-Image-2025-06-15-at-07.18.20-1-1536x864-1-600x600.jpeg\" class=\"attachment-ultp_layout_square size-ultp_layout_square\" alt=\"\" srcset=\"https:\/\/www.acacr.es\/wp-content\/uploads\/2026\/04\/WhatsApp-Image-2025-06-15-at-07.18.20-1-1536x864-1-600x600.jpeg 600w, https:\/\/www.acacr.es\/wp-content\/uploads\/2026\/04\/WhatsApp-Image-2025-06-15-at-07.18.20-1-1536x864-1-150x150.jpeg 150w\" sizes=\"(max-width: 600px) 100vw, 600px\" \/><\/a>\n\t\t\t<\/div><\/figure><figure class='gallery-item'>\n\t\t\t<div class='gallery-icon landscape'>\n\t\t\t\t<a data-elementor-open-lightbox=\"yes\" data-elementor-lightbox-slideshow=\"76139a9\" data-elementor-lightbox-title=\"WhatsApp-Image-2025-06-13-at-10.49.44-1024x768\" data-e-action-hash=\"#elementor-action%3Aaction%3Dlightbox%26settings%3DeyJpZCI6MzQxOCwidXJsIjoiaHR0cHM6XC9cL3d3dy5hY2Fjci5lc1wvd3AtY29udGVudFwvdXBsb2Fkc1wvMjAyNlwvMDRcL1doYXRzQXBwLUltYWdlLTIwMjUtMDYtMTMtYXQtMTAuNDkuNDQtMTAyNHg3NjgtMS5qcGVnIiwic2xpZGVzaG93IjoiNzYxMzlhOSJ9\" href='https:\/\/www.acacr.es\/wp-content\/uploads\/2026\/04\/WhatsApp-Image-2025-06-13-at-10.49.44-1024x768-1.jpeg'><img loading=\"lazy\" decoding=\"async\" width=\"600\" height=\"600\" src=\"https:\/\/www.acacr.es\/wp-content\/uploads\/2026\/04\/WhatsApp-Image-2025-06-13-at-10.49.44-1024x768-1-600x600.jpeg\" class=\"attachment-ultp_layout_square size-ultp_layout_square\" alt=\"\" srcset=\"https:\/\/www.acacr.es\/wp-content\/uploads\/2026\/04\/WhatsApp-Image-2025-06-13-at-10.49.44-1024x768-1-600x600.jpeg 600w, https:\/\/www.acacr.es\/wp-content\/uploads\/2026\/04\/WhatsApp-Image-2025-06-13-at-10.49.44-1024x768-1-150x150.jpeg 150w\" sizes=\"(max-width: 600px) 100vw, 600px\" \/><\/a>\n\t\t\t<\/div><\/figure><figure class='gallery-item'>\n\t\t\t<div class='gallery-icon portrait'>\n\t\t\t\t<a data-elementor-open-lightbox=\"yes\" data-elementor-lightbox-slideshow=\"76139a9\" data-elementor-lightbox-title=\"WhatsApp-Image-2025-06-19-at-13.37.06-768x795\" data-e-action-hash=\"#elementor-action%3Aaction%3Dlightbox%26settings%3DeyJpZCI6MzQxNywidXJsIjoiaHR0cHM6XC9cL3d3dy5hY2Fjci5lc1wvd3AtY29udGVudFwvdXBsb2Fkc1wvMjAyNlwvMDRcL1doYXRzQXBwLUltYWdlLTIwMjUtMDYtMTktYXQtMTMuMzcuMDYtNzY4eDc5NS0xLmpwZWciLCJzbGlkZXNob3ciOiI3NjEzOWE5In0%3D\" href='https:\/\/www.acacr.es\/wp-content\/uploads\/2026\/04\/WhatsApp-Image-2025-06-19-at-13.37.06-768x795-1.jpeg'><img loading=\"lazy\" decoding=\"async\" width=\"600\" height=\"600\" src=\"https:\/\/www.acacr.es\/wp-content\/uploads\/2026\/04\/WhatsApp-Image-2025-06-19-at-13.37.06-768x795-1-600x600.jpeg\" class=\"attachment-ultp_layout_square size-ultp_layout_square\" alt=\"\" aria-describedby=\"gallery-1-3417\" srcset=\"https:\/\/www.acacr.es\/wp-content\/uploads\/2026\/04\/WhatsApp-Image-2025-06-19-at-13.37.06-768x795-1-600x600.jpeg 600w, https:\/\/www.acacr.es\/wp-content\/uploads\/2026\/04\/WhatsApp-Image-2025-06-19-at-13.37.06-768x795-1-150x150.jpeg 150w\" sizes=\"(max-width: 600px) 100vw, 600px\" \/><\/a>\n\t\t\t<\/div>\n\t\t\t\t<figcaption class='wp-caption-text gallery-caption' id='gallery-1-3417'>\n\t\t\t\tSolemne Procesi\u00f3n del Corpus Christi (19\/06\/2025)\n\t\t\t\t<\/figcaption><\/figure><figure class='gallery-item'>\n\t\t\t<div class='gallery-icon landscape'>\n\t\t\t\t<a data-elementor-open-lightbox=\"yes\" data-elementor-lightbox-slideshow=\"76139a9\" data-elementor-lightbox-title=\"MG_L9973\" data-e-action-hash=\"#elementor-action%3Aaction%3Dlightbox%26settings%3DeyJpZCI6MzI5MCwidXJsIjoiaHR0cHM6XC9cL3d3dy5hY2Fjci5lc1wvd3AtY29udGVudFwvdXBsb2Fkc1wvMjAyNlwvMDNcL01HX0w5OTczLXNjYWxlZC5qcGciLCJzbGlkZXNob3ciOiI3NjEzOWE5In0%3D\" href='https:\/\/www.acacr.es\/wp-content\/uploads\/2026\/03\/MG_L9973-scaled.jpg'><img loading=\"lazy\" decoding=\"async\" width=\"600\" height=\"600\" src=\"https:\/\/www.acacr.es\/wp-content\/uploads\/2026\/03\/MG_L9973-600x600.jpg\" class=\"attachment-ultp_layout_square size-ultp_layout_square\" alt=\"\" aria-describedby=\"gallery-1-3290\" srcset=\"https:\/\/www.acacr.es\/wp-content\/uploads\/2026\/03\/MG_L9973-600x600.jpg 600w, https:\/\/www.acacr.es\/wp-content\/uploads\/2026\/03\/MG_L9973-150x150.jpg 150w\" sizes=\"(max-width: 600px) 100vw, 600px\" \/><\/a>\n\t\t\t<\/div>\n\t\t\t\t<figcaption class='wp-caption-text gallery-caption' id='gallery-1-3290'>\n\t\t\t\tEl pasado d\u00eda 26 de marzo tuvo lugar en el sal\u00f3n de Grados de la Facultad de Geograf\u00eda e Historia de la Universidad de Sevilla la conferencia \u201cInfraestructuras en Espa\u00f1a , situaci\u00f3n y retos\u201d a cargo del Prof Dr D. Gin\u00e9s de Rus  Catedr\u00e1tico de Econom\u00eda de la Universidad de Las Palmas de GC e Investigador asociado de FEDEA\n\t\t\t\t<\/figcaption><\/figure><figure class='gallery-item'>\n\t\t\t<div class='gallery-icon landscape'>\n\t\t\t\t<a data-elementor-open-lightbox=\"yes\" data-elementor-lightbox-slideshow=\"76139a9\" data-elementor-lightbox-title=\"MG_L9990\" data-e-action-hash=\"#elementor-action%3Aaction%3Dlightbox%26settings%3DeyJpZCI6MzI4OSwidXJsIjoiaHR0cHM6XC9cL3d3dy5hY2Fjci5lc1wvd3AtY29udGVudFwvdXBsb2Fkc1wvMjAyNlwvMDNcL01HX0w5OTkwLXNjYWxlZC5qcGciLCJzbGlkZXNob3ciOiI3NjEzOWE5In0%3D\" href='https:\/\/www.acacr.es\/wp-content\/uploads\/2026\/03\/MG_L9990-scaled.jpg'><img loading=\"lazy\" decoding=\"async\" width=\"600\" height=\"600\" src=\"https:\/\/www.acacr.es\/wp-content\/uploads\/2026\/03\/MG_L9990-600x600.jpg\" class=\"attachment-ultp_layout_square size-ultp_layout_square\" alt=\"\" aria-describedby=\"gallery-1-3289\" srcset=\"https:\/\/www.acacr.es\/wp-content\/uploads\/2026\/03\/MG_L9990-600x600.jpg 600w, https:\/\/www.acacr.es\/wp-content\/uploads\/2026\/03\/MG_L9990-150x150.jpg 150w\" sizes=\"(max-width: 600px) 100vw, 600px\" \/><\/a>\n\t\t\t<\/div>\n\t\t\t\t<figcaption class='wp-caption-text gallery-caption' id='gallery-1-3289'>\n\t\t\t\tEl pasado d\u00eda 26 de marzo tuvo lugar en el sal\u00f3n de Grados de la Facultad de Geograf\u00eda e Historia de la Universidad de Sevilla la conferencia \u201cInfraestructuras en Espa\u00f1a , situaci\u00f3n y retos\u201d a cargo del Prof Dr D. Gin\u00e9s de Rus  Catedr\u00e1tico de Econom\u00eda de la Universidad de Las Palmas de GC e Investigador asociado de FEDEA\n\t\t\t\t<\/figcaption><\/figure><figure class='gallery-item'>\n\t\t\t<div class='gallery-icon landscape'>\n\t\t\t\t<a data-elementor-open-lightbox=\"yes\" data-elementor-lightbox-slideshow=\"76139a9\" data-elementor-lightbox-title=\"AVS_Discurso Ingreso ACACR_Jerez (UCA)_140313\" data-e-action-hash=\"#elementor-action%3Aaction%3Dlightbox%26settings%3DeyJpZCI6MzI4NiwidXJsIjoiaHR0cHM6XC9cL3d3dy5hY2Fjci5lc1wvd3AtY29udGVudFwvdXBsb2Fkc1wvMjAyNlwvMDNcL0FWU19EaXNjdXJzby1JbmdyZXNvLUFDQUNSX0plcmV6LVVDQV8xNDAzMTMuanBnIiwic2xpZGVzaG93IjoiNzYxMzlhOSJ9\" href='https:\/\/www.acacr.es\/wp-content\/uploads\/2026\/03\/AVS_Discurso-Ingreso-ACACR_Jerez-UCA_140313.jpg'><img loading=\"lazy\" decoding=\"async\" width=\"600\" height=\"600\" src=\"https:\/\/www.acacr.es\/wp-content\/uploads\/2026\/03\/AVS_Discurso-Ingreso-ACACR_Jerez-UCA_140313-600x600.jpg\" class=\"attachment-ultp_layout_square size-ultp_layout_square\" alt=\"\" aria-describedby=\"gallery-1-3286\" srcset=\"https:\/\/www.acacr.es\/wp-content\/uploads\/2026\/03\/AVS_Discurso-Ingreso-ACACR_Jerez-UCA_140313-600x600.jpg 600w, https:\/\/www.acacr.es\/wp-content\/uploads\/2026\/03\/AVS_Discurso-Ingreso-ACACR_Jerez-UCA_140313-150x150.jpg 150w\" sizes=\"(max-width: 600px) 100vw, 600px\" \/><\/a>\n\t\t\t<\/div>\n\t\t\t\t<figcaption class='wp-caption-text gallery-caption' id='gallery-1-3286'>\n\t\t\t\tDiscurso de ingreso en la Academia del Ilmo. Alfonso Vargas S\u00e1nchez.\n\t\t\t\t<\/figcaption><\/figure><figure class='gallery-item'>\n\t\t\t<div class='gallery-icon landscape'>\n\t\t\t\t<a data-elementor-open-lightbox=\"yes\" data-elementor-lightbox-slideshow=\"76139a9\" data-elementor-lightbox-title=\"Santiago Carbo\u0301 discurso (15-02.2019)2\" data-e-action-hash=\"#elementor-action%3Aaction%3Dlightbox%26settings%3DeyJpZCI6MzI4NSwidXJsIjoiaHR0cHM6XC9cL3d3dy5hY2Fjci5lc1wvd3AtY29udGVudFwvdXBsb2Fkc1wvMjAyNlwvMDNcL1NhbnRpYWdvLUNhcmJvLWRpc2N1cnNvLTE1LTAyLjIwMTkyLmpwZyIsInNsaWRlc2hvdyI6Ijc2MTM5YTkifQ%3D%3D\" href='https:\/\/www.acacr.es\/wp-content\/uploads\/2026\/03\/Santiago-Carbo-discurso-15-02.20192.jpg'><img loading=\"lazy\" decoding=\"async\" width=\"600\" height=\"600\" src=\"https:\/\/www.acacr.es\/wp-content\/uploads\/2026\/03\/Santiago-Carbo-discurso-15-02.20192-600x600.jpg\" class=\"attachment-ultp_layout_square size-ultp_layout_square\" alt=\"\" aria-describedby=\"gallery-1-3285\" srcset=\"https:\/\/www.acacr.es\/wp-content\/uploads\/2026\/03\/Santiago-Carbo-discurso-15-02.20192-600x600.jpg 600w, https:\/\/www.acacr.es\/wp-content\/uploads\/2026\/03\/Santiago-Carbo-discurso-15-02.20192-150x150.jpg 150w\" sizes=\"(max-width: 600px) 100vw, 600px\" \/><\/a>\n\t\t\t<\/div>\n\t\t\t\t<figcaption class='wp-caption-text gallery-caption' id='gallery-1-3285'>\n\t\t\t\tIlmo. Sr. D. Santiago Carbo\u0301 Valverde en la lectura de su discurso de ingreso en la  Academia Andaluza de Ciencias Econ\u00f3micas y del Territorio,   Universidad de Granada (15-02.2019).\n\t\t\t\t<\/figcaption><\/figure><figure class='gallery-item'>\n\t\t\t<div class='gallery-icon landscape'>\n\t\t\t\t<a data-elementor-open-lightbox=\"yes\" data-elementor-lightbox-slideshow=\"76139a9\" data-elementor-lightbox-title=\"Santiago Carbo\u0301 discurso (15-02.2019) 1\" data-e-action-hash=\"#elementor-action%3Aaction%3Dlightbox%26settings%3DeyJpZCI6MzI4NCwidXJsIjoiaHR0cHM6XC9cL3d3dy5hY2Fjci5lc1wvd3AtY29udGVudFwvdXBsb2Fkc1wvMjAyNlwvMDNcL1NhbnRpYWdvLUNhcmJvLWRpc2N1cnNvLTE1LTAyLjIwMTktMS5qcGciLCJzbGlkZXNob3ciOiI3NjEzOWE5In0%3D\" href='https:\/\/www.acacr.es\/wp-content\/uploads\/2026\/03\/Santiago-Carbo-discurso-15-02.2019-1.jpg'><img loading=\"lazy\" decoding=\"async\" width=\"600\" height=\"600\" src=\"https:\/\/www.acacr.es\/wp-content\/uploads\/2026\/03\/Santiago-Carbo-discurso-15-02.2019-1-600x600.jpg\" class=\"attachment-ultp_layout_square size-ultp_layout_square\" alt=\"\" aria-describedby=\"gallery-1-3284\" srcset=\"https:\/\/www.acacr.es\/wp-content\/uploads\/2026\/03\/Santiago-Carbo-discurso-15-02.2019-1-600x600.jpg 600w, https:\/\/www.acacr.es\/wp-content\/uploads\/2026\/03\/Santiago-Carbo-discurso-15-02.2019-1-150x150.jpg 150w\" sizes=\"(max-width: 600px) 100vw, 600px\" \/><\/a>\n\t\t\t<\/div>\n\t\t\t\t<figcaption class='wp-caption-text gallery-caption' id='gallery-1-3284'>\n\t\t\t\tIlmo. Sr. D. Santiago Carbo\u0301 Valverde en la lectura de su discurso de ingreso en la  Academia Andaluza de Ciencias Econ\u00f3micas y del Territorio,   Universidad de Granada (15-02.2019).\n\t\t\t\t<\/figcaption><\/figure><figure class='gallery-item'>\n\t\t\t<div class='gallery-icon landscape'>\n\t\t\t\t<a data-elementor-open-lightbox=\"yes\" data-elementor-lightbox-slideshow=\"76139a9\" data-elementor-lightbox-title=\"PHOTO-2026-02-19-12-27-00\" data-e-action-hash=\"#elementor-action%3Aaction%3Dlightbox%26settings%3DeyJpZCI6MzI0MCwidXJsIjoiaHR0cHM6XC9cL3d3dy5hY2Fjci5lc1wvd3AtY29udGVudFwvdXBsb2Fkc1wvMjAyNlwvMDJcL1BIT1RPLTIwMjYtMDItMTktMTItMjctMDAuanBnIiwic2xpZGVzaG93IjoiNzYxMzlhOSJ9\" href='https:\/\/www.acacr.es\/wp-content\/uploads\/2026\/02\/PHOTO-2026-02-19-12-27-00.jpg'><img loading=\"lazy\" decoding=\"async\" width=\"600\" height=\"600\" src=\"https:\/\/www.acacr.es\/wp-content\/uploads\/2026\/02\/PHOTO-2026-02-19-12-27-00-600x600.jpg\" class=\"attachment-ultp_layout_square size-ultp_layout_square\" alt=\"\" aria-describedby=\"gallery-1-3240\" srcset=\"https:\/\/www.acacr.es\/wp-content\/uploads\/2026\/02\/PHOTO-2026-02-19-12-27-00-600x600.jpg 600w, https:\/\/www.acacr.es\/wp-content\/uploads\/2026\/02\/PHOTO-2026-02-19-12-27-00-150x150.jpg 150w\" sizes=\"(max-width: 600px) 100vw, 600px\" \/><\/a>\n\t\t\t<\/div>\n\t\t\t\t<figcaption class='wp-caption-text gallery-caption' id='gallery-1-3240'>\n\t\t\t\tEl Presidente de la Academia Andaluza de Ciencias Econ\u00f3micas y del Territorio, Excmo. Sr. D. Jos\u00e9 Ignacio Castillo Manzano, con el Decano de la Facultad de Ciencias Econ\u00f3micas y Empresariales de la Universidad de Sevilla, Dr. Antonio Navarro Garc\u00eda, en la Conferencia a cargo del Prof. Dr. D. Rafael Domenech.\n\t\t\t\t<\/figcaption><\/figure><figure class='gallery-item'>\n\t\t\t<div class='gallery-icon landscape'>\n\t\t\t\t<a data-elementor-open-lightbox=\"yes\" data-elementor-lightbox-slideshow=\"76139a9\" data-elementor-lightbox-title=\"WhatsApp Image 2026-01-16 at 15.57.15(2)\" data-e-action-hash=\"#elementor-action%3Aaction%3Dlightbox%26settings%3DeyJpZCI6MzIxOCwidXJsIjoiaHR0cHM6XC9cL3d3dy5hY2Fjci5lc1wvd3AtY29udGVudFwvdXBsb2Fkc1wvMjAyNlwvMDFcL1doYXRzQXBwLUltYWdlLTIwMjYtMDEtMTYtYXQtMTUuNTcuMTUyLmpwZWciLCJzbGlkZXNob3ciOiI3NjEzOWE5In0%3D\" href='https:\/\/www.acacr.es\/wp-content\/uploads\/2026\/01\/WhatsApp-Image-2026-01-16-at-15.57.152.jpeg'><img loading=\"lazy\" decoding=\"async\" width=\"600\" height=\"600\" src=\"https:\/\/www.acacr.es\/wp-content\/uploads\/2026\/01\/WhatsApp-Image-2026-01-16-at-15.57.152-600x600.jpeg\" class=\"attachment-ultp_layout_square size-ultp_layout_square\" alt=\"\" aria-describedby=\"gallery-1-3218\" srcset=\"https:\/\/www.acacr.es\/wp-content\/uploads\/2026\/01\/WhatsApp-Image-2026-01-16-at-15.57.152-600x600.jpeg 600w, https:\/\/www.acacr.es\/wp-content\/uploads\/2026\/01\/WhatsApp-Image-2026-01-16-at-15.57.152-150x150.jpeg 150w\" sizes=\"(max-width: 600px) 100vw, 600px\" \/><\/a>\n\t\t\t<\/div>\n\t\t\t\t<figcaption class='wp-caption-text gallery-caption' id='gallery-1-3218'>\n\t\t\t\tEl d\u00eda 13 de noviembre tuvo lugar la Conferencia del Dr. D. Mikel Landabaso \u00c1lvarez, Director de Econom\u00eda Justa y Sostenible en el Centro Com\u00fan de Investigaci\u00f3n de la Comisi\u00f3n Europea, sobre el tema: \u201cEl papel de las instituciones y la gobernanza p\u00fablico-privada\u201d. Dicha actividad se celebr\u00f3 en el Sal\u00f3n de Actos de la Facultad de Turismo y Finanzas de la Universidad de Sevilla.\n\t\t\t\t<\/figcaption><\/figure><figure class='gallery-item'>\n\t\t\t<div class='gallery-icon landscape'>\n\t\t\t\t<a data-elementor-open-lightbox=\"yes\" data-elementor-lightbox-slideshow=\"76139a9\" data-elementor-lightbox-title=\"WhatsApp Image 2025-11-18 at 11.55.51 2\" data-e-action-hash=\"#elementor-action%3Aaction%3Dlightbox%26settings%3DeyJpZCI6MzIyMSwidXJsIjoiaHR0cHM6XC9cL3d3dy5hY2Fjci5lc1wvd3AtY29udGVudFwvdXBsb2Fkc1wvMjAyNlwvMDFcL1doYXRzQXBwLUltYWdlLTIwMjUtMTEtMTgtYXQtMTEuNTUuNTEtMi5qcGVnIiwic2xpZGVzaG93IjoiNzYxMzlhOSJ9\" href='https:\/\/www.acacr.es\/wp-content\/uploads\/2026\/01\/WhatsApp-Image-2025-11-18-at-11.55.51-2.jpeg'><img loading=\"lazy\" decoding=\"async\" width=\"600\" height=\"600\" src=\"https:\/\/www.acacr.es\/wp-content\/uploads\/2026\/01\/WhatsApp-Image-2025-11-18-at-11.55.51-2-600x600.jpeg\" class=\"attachment-ultp_layout_square size-ultp_layout_square\" alt=\"\" srcset=\"https:\/\/www.acacr.es\/wp-content\/uploads\/2026\/01\/WhatsApp-Image-2025-11-18-at-11.55.51-2-600x600.jpeg 600w, https:\/\/www.acacr.es\/wp-content\/uploads\/2026\/01\/WhatsApp-Image-2025-11-18-at-11.55.51-2-150x150.jpeg 150w\" sizes=\"(max-width: 600px) 100vw, 600px\" \/><\/a>\n\t\t\t<\/div><\/figure><figure class='gallery-item'>\n\t\t\t<div class='gallery-icon landscape'>\n\t\t\t\t<a data-elementor-open-lightbox=\"yes\" data-elementor-lightbox-slideshow=\"76139a9\" data-elementor-lightbox-title=\"Foto ACACR\" data-e-action-hash=\"#elementor-action%3Aaction%3Dlightbox%26settings%3DeyJpZCI6MzIyOCwidXJsIjoiaHR0cHM6XC9cL3d3dy5hY2Fjci5lc1wvd3AtY29udGVudFwvdXBsb2Fkc1wvMjAyNlwvMDJcL0ZvdG8tQUNBQ1IuanBnIiwic2xpZGVzaG93IjoiNzYxMzlhOSJ9\" href='https:\/\/www.acacr.es\/wp-content\/uploads\/2026\/02\/Foto-ACACR.jpg'><img loading=\"lazy\" decoding=\"async\" width=\"600\" height=\"600\" src=\"https:\/\/www.acacr.es\/wp-content\/uploads\/2026\/02\/Foto-ACACR-600x600.jpg\" class=\"attachment-ultp_layout_square size-ultp_layout_square\" alt=\"\" srcset=\"https:\/\/www.acacr.es\/wp-content\/uploads\/2026\/02\/Foto-ACACR-600x600.jpg 600w, https:\/\/www.acacr.es\/wp-content\/uploads\/2026\/02\/Foto-ACACR-150x150.jpg 150w\" sizes=\"(max-width: 600px) 100vw, 600px\" \/><\/a>\n\t\t\t<\/div><\/figure><figure class='gallery-item'>\n\t\t\t<div class='gallery-icon landscape'>\n\t\t\t\t<a data-elementor-open-lightbox=\"yes\" data-elementor-lightbox-slideshow=\"76139a9\" data-elementor-lightbox-title=\"crespo\" data-e-action-hash=\"#elementor-action%3Aaction%3Dlightbox%26settings%3DeyJpZCI6MzIzMCwidXJsIjoiaHR0cHM6XC9cL3d3dy5hY2Fjci5lc1wvd3AtY29udGVudFwvdXBsb2Fkc1wvMjAyNlwvMDJcL2NyZXNwby5qcGciLCJzbGlkZXNob3ciOiI3NjEzOWE5In0%3D\" href='https:\/\/www.acacr.es\/wp-content\/uploads\/2026\/02\/crespo.jpg'><img loading=\"lazy\" decoding=\"async\" width=\"600\" height=\"600\" src=\"https:\/\/www.acacr.es\/wp-content\/uploads\/2026\/02\/crespo-600x600.jpg\" class=\"attachment-ultp_layout_square size-ultp_layout_square\" alt=\"\" aria-describedby=\"gallery-1-3230\" srcset=\"https:\/\/www.acacr.es\/wp-content\/uploads\/2026\/02\/crespo-600x600.jpg 600w, https:\/\/www.acacr.es\/wp-content\/uploads\/2026\/02\/crespo-150x150.jpg 150w\" sizes=\"(max-width: 600px) 100vw, 600px\" \/><\/a>\n\t\t\t<\/div>\n\t\t\t\t<figcaption class='wp-caption-text gallery-caption' id='gallery-1-3230'>\n\t\t\t\tEl Presidente de la Academia Andaluza de Ciencias Econ\u00f3micas y del Territorio, Excmo. Sr. D. Jos\u00e9 Ignacio Castillo Manzano, en la Conferencia a cargo del Prof. Dr. D. Jes\u00fas Crespo Curesma Director del Departamento de la Vienna University of Economics and Business \u201cEl futuro de la pobreza global\u201d\n\t\t\t\t<\/figcaption><\/figure><figure class='gallery-item'>\n\t\t\t<div class='gallery-icon landscape'>\n\t\t\t\t<a data-elementor-open-lightbox=\"yes\" data-elementor-lightbox-slideshow=\"76139a9\" data-elementor-lightbox-title=\"PHOTO-2026-02-19-12-26-19 (1)\" data-e-action-hash=\"#elementor-action%3Aaction%3Dlightbox%26settings%3DeyJpZCI6MzIzNywidXJsIjoiaHR0cHM6XC9cL3d3dy5hY2Fjci5lc1wvd3AtY29udGVudFwvdXBsb2Fkc1wvMjAyNlwvMDJcL1BIT1RPLTIwMjYtMDItMTktMTItMjYtMTktMS5qcGciLCJzbGlkZXNob3ciOiI3NjEzOWE5In0%3D\" href='https:\/\/www.acacr.es\/wp-content\/uploads\/2026\/02\/PHOTO-2026-02-19-12-26-19-1.jpg'><img loading=\"lazy\" decoding=\"async\" width=\"600\" height=\"600\" src=\"https:\/\/www.acacr.es\/wp-content\/uploads\/2026\/02\/PHOTO-2026-02-19-12-26-19-1-600x600.jpg\" class=\"attachment-ultp_layout_square size-ultp_layout_square\" alt=\"\" aria-describedby=\"gallery-1-3237\" srcset=\"https:\/\/www.acacr.es\/wp-content\/uploads\/2026\/02\/PHOTO-2026-02-19-12-26-19-1-600x600.jpg 600w, https:\/\/www.acacr.es\/wp-content\/uploads\/2026\/02\/PHOTO-2026-02-19-12-26-19-1-150x150.jpg 150w\" sizes=\"(max-width: 600px) 100vw, 600px\" \/><\/a>\n\t\t\t<\/div>\n\t\t\t\t<figcaption class='wp-caption-text gallery-caption' id='gallery-1-3237'>\n\t\t\t\tEl Presidente de la Academia Andaluza de Ciencias Econ\u00f3micas y del Territorio, Excmo. Sr. D. Jos\u00e9 Ignacio Castillo Manzano, en la Conferencia a cargo del Prof. Dr. D. Jes\u00fas Crespo Curesma Director del Departamento de la Vienna University of Economics and Business \u201cEl futuro de la pobreza global\u201d\n\t\t\t\t<\/figcaption><\/figure><figure class='gallery-item'>\n\t\t\t<div class='gallery-icon landscape'>\n\t\t\t\t<a data-elementor-open-lightbox=\"yes\" data-elementor-lightbox-slideshow=\"76139a9\" data-elementor-lightbox-title=\"PHOTO-2026-02-19-12-26-19\" data-e-action-hash=\"#elementor-action%3Aaction%3Dlightbox%26settings%3DeyJpZCI6MzIzOCwidXJsIjoiaHR0cHM6XC9cL3d3dy5hY2Fjci5lc1wvd3AtY29udGVudFwvdXBsb2Fkc1wvMjAyNlwvMDJcL1BIT1RPLTIwMjYtMDItMTktMTItMjYtMTkuanBnIiwic2xpZGVzaG93IjoiNzYxMzlhOSJ9\" href='https:\/\/www.acacr.es\/wp-content\/uploads\/2026\/02\/PHOTO-2026-02-19-12-26-19.jpg'><img loading=\"lazy\" decoding=\"async\" width=\"600\" height=\"600\" src=\"https:\/\/www.acacr.es\/wp-content\/uploads\/2026\/02\/PHOTO-2026-02-19-12-26-19-600x600.jpg\" class=\"attachment-ultp_layout_square size-ultp_layout_square\" alt=\"\" aria-describedby=\"gallery-1-3238\" srcset=\"https:\/\/www.acacr.es\/wp-content\/uploads\/2026\/02\/PHOTO-2026-02-19-12-26-19-600x600.jpg 600w, https:\/\/www.acacr.es\/wp-content\/uploads\/2026\/02\/PHOTO-2026-02-19-12-26-19-150x150.jpg 150w\" sizes=\"(max-width: 600px) 100vw, 600px\" \/><\/a>\n\t\t\t<\/div>\n\t\t\t\t<figcaption class='wp-caption-text gallery-caption' id='gallery-1-3238'>\n\t\t\t\tEl Presidente de la Academia Andaluza de Ciencias Econ\u00f3micas y del Territorio, Excmo. Sr. D. Jos\u00e9 Ignacio Castillo Manzano, en la Conferencia a cargo del Prof. Dr. D. Jes\u00fas Crespo Curesma Director del Departamento de la Vienna University of Economics and Business \u201cEl futuro de la pobreza global\u201d\n\t\t\t\t<\/figcaption><\/figure><figure class='gallery-item'>\n\t\t\t<div class='gallery-icon landscape'>\n\t\t\t\t<a data-elementor-open-lightbox=\"yes\" data-elementor-lightbox-slideshow=\"76139a9\" data-elementor-lightbox-title=\"PHOTO-2026-02-19-12-26-59\" data-e-action-hash=\"#elementor-action%3Aaction%3Dlightbox%26settings%3DeyJpZCI6MzIzOSwidXJsIjoiaHR0cHM6XC9cL3d3dy5hY2Fjci5lc1wvd3AtY29udGVudFwvdXBsb2Fkc1wvMjAyNlwvMDJcL1BIT1RPLTIwMjYtMDItMTktMTItMjYtNTkuanBnIiwic2xpZGVzaG93IjoiNzYxMzlhOSJ9\" href='https:\/\/www.acacr.es\/wp-content\/uploads\/2026\/02\/PHOTO-2026-02-19-12-26-59.jpg'><img loading=\"lazy\" decoding=\"async\" width=\"600\" height=\"600\" src=\"https:\/\/www.acacr.es\/wp-content\/uploads\/2026\/02\/PHOTO-2026-02-19-12-26-59-600x600.jpg\" class=\"attachment-ultp_layout_square size-ultp_layout_square\" alt=\"\" aria-describedby=\"gallery-1-3239\" srcset=\"https:\/\/www.acacr.es\/wp-content\/uploads\/2026\/02\/PHOTO-2026-02-19-12-26-59-600x600.jpg 600w, https:\/\/www.acacr.es\/wp-content\/uploads\/2026\/02\/PHOTO-2026-02-19-12-26-59-150x150.jpg 150w\" sizes=\"(max-width: 600px) 100vw, 600px\" \/><\/a>\n\t\t\t<\/div>\n\t\t\t\t<figcaption class='wp-caption-text gallery-caption' id='gallery-1-3239'>\n\t\t\t\tEl Presidente de la Academia Andaluza de Ciencias Econ\u00f3micas y del Territorio, Excmo. Sr. D. Jos\u00e9 Ignacio Castillo Manzano, en la  Conferencia a cargo del Prof. Dr. D. Rafael Domenech, responsable de An\u00e1lisis Econ\u00f3mico de BBVA y Catedr\u00e1tico de Econom\u00eda de la Universitat de Valencia \u00abSituaci\u00f3n y Perspectivas de la Econom\u00eda Mundial y de Espa\u00f1a\u00bb\n\t\t\t\t<\/figcaption><\/figure><figure class='gallery-item'>\n\t\t\t<div class='gallery-icon landscape'>\n\t\t\t\t<a data-elementor-open-lightbox=\"yes\" data-elementor-lightbox-slideshow=\"76139a9\" data-elementor-lightbox-title=\"WhatsApp Image 2025-10-29 at 11.14.29(1)-1\" data-e-action-hash=\"#elementor-action%3Aaction%3Dlightbox%26settings%3DeyJpZCI6MzE3MSwidXJsIjoiaHR0cHM6XC9cL3d3dy5hY2Fjci5lc1wvd3AtY29udGVudFwvdXBsb2Fkc1wvMjAyNVwvMTFcL1doYXRzQXBwLUltYWdlLTIwMjUtMTAtMjktYXQtMTEuMTQuMjkxLTEuanBlZyIsInNsaWRlc2hvdyI6Ijc2MTM5YTkifQ%3D%3D\" href='https:\/\/www.acacr.es\/wp-content\/uploads\/2025\/11\/WhatsApp-Image-2025-10-29-at-11.14.291-1.jpeg'><img loading=\"lazy\" decoding=\"async\" width=\"600\" height=\"400\" src=\"https:\/\/www.acacr.es\/wp-content\/uploads\/2025\/11\/WhatsApp-Image-2025-10-29-at-11.14.291-1.jpeg\" class=\"attachment-ultp_layout_square size-ultp_layout_square\" alt=\"\" aria-describedby=\"gallery-1-3171\" srcset=\"https:\/\/www.acacr.es\/wp-content\/uploads\/2025\/11\/WhatsApp-Image-2025-10-29-at-11.14.291-1.jpeg 1600w, https:\/\/www.acacr.es\/wp-content\/uploads\/2025\/11\/WhatsApp-Image-2025-10-29-at-11.14.291-1-300x200.jpeg 300w, https:\/\/www.acacr.es\/wp-content\/uploads\/2025\/11\/WhatsApp-Image-2025-10-29-at-11.14.291-1-1024x682.jpeg 1024w, https:\/\/www.acacr.es\/wp-content\/uploads\/2025\/11\/WhatsApp-Image-2025-10-29-at-11.14.291-1-768x512.jpeg 768w\" sizes=\"(max-width: 600px) 100vw, 600px\" \/><\/a>\n\t\t\t<\/div>\n\t\t\t\t<figcaption class='wp-caption-text gallery-caption' id='gallery-1-3171'>\n\t\t\t\tEl pasado d\u00eda 23 de octubre, a las 18:30 h, tuvo lugar en el Sal\u00f3n de Grados de la Facultad de Ciencias Econ\u00f3micas y Empresariales de la Universidad de Sevilla, el Acto Solemne de Lectura del Discurso de Ingreso como Acad\u00e9mico Correspondiente, del Ilmo. Sr. D. Ant\u00f3n Costas Comesa\u00f1a, que vers\u00f3 sobre:  \u201cLos economistas como asesores de pol\u00edticas. \u00bfA qui\u00e9n deben hablar, al poder o a la sociedad?\u201d. Fue contestado por el Acad\u00e9mico de N\u00famero, Ilmo. Sr. D. Felipe Romera Lubias.\n\t\t\t\t<\/figcaption><\/figure><figure class='gallery-item'>\n\t\t\t<div class='gallery-icon landscape'>\n\t\t\t\t<a data-elementor-open-lightbox=\"yes\" data-elementor-lightbox-slideshow=\"76139a9\" data-elementor-lightbox-title=\"WhatsApp Image 2025-10-29 at 11.14.27-1\" data-e-action-hash=\"#elementor-action%3Aaction%3Dlightbox%26settings%3DeyJpZCI6MzE3MCwidXJsIjoiaHR0cHM6XC9cL3d3dy5hY2Fjci5lc1wvd3AtY29udGVudFwvdXBsb2Fkc1wvMjAyNVwvMTFcL1doYXRzQXBwLUltYWdlLTIwMjUtMTAtMjktYXQtMTEuMTQuMjctMS5qcGVnIiwic2xpZGVzaG93IjoiNzYxMzlhOSJ9\" href='https:\/\/www.acacr.es\/wp-content\/uploads\/2025\/11\/WhatsApp-Image-2025-10-29-at-11.14.27-1.jpeg'><img loading=\"lazy\" decoding=\"async\" width=\"600\" height=\"600\" src=\"https:\/\/www.acacr.es\/wp-content\/uploads\/2025\/11\/WhatsApp-Image-2025-10-29-at-11.14.27-1-600x600.jpeg\" class=\"attachment-ultp_layout_square size-ultp_layout_square\" alt=\"\" aria-describedby=\"gallery-1-3170\" srcset=\"https:\/\/www.acacr.es\/wp-content\/uploads\/2025\/11\/WhatsApp-Image-2025-10-29-at-11.14.27-1-600x600.jpeg 600w, https:\/\/www.acacr.es\/wp-content\/uploads\/2025\/11\/WhatsApp-Image-2025-10-29-at-11.14.27-1-150x150.jpeg 150w\" sizes=\"(max-width: 600px) 100vw, 600px\" \/><\/a>\n\t\t\t<\/div>\n\t\t\t\t<figcaption class='wp-caption-text gallery-caption' id='gallery-1-3170'>\n\t\t\t\tEl pasado d\u00eda 23 de octubre, a las 18:30 h, tuvo lugar en el Sal\u00f3n de Grados de la Facultad de Ciencias Econ\u00f3micas y Empresariales de la Universidad de Sevilla, el Acto Solemne de Lectura del Discurso de Ingreso como Acad\u00e9mico Correspondiente, del Ilmo. Sr. D. Ant\u00f3n Costas Comesa\u00f1a, que vers\u00f3 sobre:  \u201cLos economistas como asesores de pol\u00edticas. \u00bfA qui\u00e9n deben hablar, al poder o a la sociedad?\u201d. Fue contestado por el Acad\u00e9mico de N\u00famero, Ilmo. Sr. D. Felipe Romera Lubias.\n\t\t\t\t<\/figcaption><\/figure><figure class='gallery-item'>\n\t\t\t<div class='gallery-icon landscape'>\n\t\t\t\t<a data-elementor-open-lightbox=\"yes\" data-elementor-lightbox-slideshow=\"76139a9\" data-elementor-lightbox-title=\"WhatsApp Image 2025-10-29 at 10.04.32\" data-e-action-hash=\"#elementor-action%3Aaction%3Dlightbox%26settings%3DeyJpZCI6MzE2OSwidXJsIjoiaHR0cHM6XC9cL3d3dy5hY2Fjci5lc1wvd3AtY29udGVudFwvdXBsb2Fkc1wvMjAyNVwvMTFcL1doYXRzQXBwLUltYWdlLTIwMjUtMTAtMjktYXQtMTAuMDQuMzIuanBlZyIsInNsaWRlc2hvdyI6Ijc2MTM5YTkifQ%3D%3D\" href='https:\/\/www.acacr.es\/wp-content\/uploads\/2025\/11\/WhatsApp-Image-2025-10-29-at-10.04.32.jpeg'><img loading=\"lazy\" decoding=\"async\" width=\"600\" height=\"600\" src=\"https:\/\/www.acacr.es\/wp-content\/uploads\/2025\/11\/WhatsApp-Image-2025-10-29-at-10.04.32-600x600.jpeg\" class=\"attachment-ultp_layout_square size-ultp_layout_square\" alt=\"\" aria-describedby=\"gallery-1-3169\" srcset=\"https:\/\/www.acacr.es\/wp-content\/uploads\/2025\/11\/WhatsApp-Image-2025-10-29-at-10.04.32-600x600.jpeg 600w, https:\/\/www.acacr.es\/wp-content\/uploads\/2025\/11\/WhatsApp-Image-2025-10-29-at-10.04.32-150x150.jpeg 150w\" sizes=\"(max-width: 600px) 100vw, 600px\" \/><\/a>\n\t\t\t<\/div>\n\t\t\t\t<figcaption class='wp-caption-text gallery-caption' id='gallery-1-3169'>\n\t\t\t\tEl d\u00eda 24 de octubre, a las 11:30 h, tuvo lugar en el Sal\u00f3n de Actos de la Facultad de Turismo y Finanzas de la Universidad de Sevilla, la Conferencia de Apertura del A\u00f1o Acad\u00e9mico 2025-2026 a cargo del Ilmo. Sr. D. Josep Borrel Fontelles, Presidente del CIDOB, Exvicepresidente de la Comisi\u00f3n Europea, Expresidente del Parlamento Europeo y Exministro del Gobierno de Espa\u00f1a. La Conferencia tuvo por t\u00edtulo: \u201cEuropa ante el nuevo desorden estrat\u00e9gico\u201d.\n\t\t\t\t<\/figcaption><\/figure><figure class='gallery-item'>\n\t\t\t<div class='gallery-icon landscape'>\n\t\t\t\t<a data-elementor-open-lightbox=\"yes\" data-elementor-lightbox-slideshow=\"76139a9\" data-elementor-lightbox-title=\"WhatsApp Image 2025-10-29 at 10.05.56\" data-e-action-hash=\"#elementor-action%3Aaction%3Dlightbox%26settings%3DeyJpZCI6MzE2OCwidXJsIjoiaHR0cHM6XC9cL3d3dy5hY2Fjci5lc1wvd3AtY29udGVudFwvdXBsb2Fkc1wvMjAyNVwvMTFcL1doYXRzQXBwLUltYWdlLTIwMjUtMTAtMjktYXQtMTAuMDUuNTYtMS5qcGVnIiwic2xpZGVzaG93IjoiNzYxMzlhOSJ9\" href='https:\/\/www.acacr.es\/wp-content\/uploads\/2025\/11\/WhatsApp-Image-2025-10-29-at-10.05.56-1.jpeg'><img loading=\"lazy\" decoding=\"async\" width=\"600\" height=\"600\" src=\"https:\/\/www.acacr.es\/wp-content\/uploads\/2025\/11\/WhatsApp-Image-2025-10-29-at-10.05.56-1-600x600.jpeg\" class=\"attachment-ultp_layout_square size-ultp_layout_square\" alt=\"\" srcset=\"https:\/\/www.acacr.es\/wp-content\/uploads\/2025\/11\/WhatsApp-Image-2025-10-29-at-10.05.56-1-600x600.jpeg 600w, https:\/\/www.acacr.es\/wp-content\/uploads\/2025\/11\/WhatsApp-Image-2025-10-29-at-10.05.56-1-150x150.jpeg 150w\" sizes=\"(max-width: 600px) 100vw, 600px\" \/><\/a>\n\t\t\t<\/div><\/figure><figure class='gallery-item'>\n\t\t\t<div class='gallery-icon landscape'>\n\t\t\t\t<a data-elementor-open-lightbox=\"yes\" data-elementor-lightbox-slideshow=\"76139a9\" data-elementor-lightbox-title=\"WhatsApp Image 2025-06-15 at 07.18.20\" data-e-action-hash=\"#elementor-action%3Aaction%3Dlightbox%26settings%3DeyJpZCI6MzE1NiwidXJsIjoiaHR0cHM6XC9cL3d3dy5hY2Fjci5lc1wvd3AtY29udGVudFwvdXBsb2Fkc1wvMjAyNVwvMTBcL1doYXRzQXBwLUltYWdlLTIwMjUtMDYtMTUtYXQtMDcuMTguMjAtMS5qcGVnIiwic2xpZGVzaG93IjoiNzYxMzlhOSJ9\" href='https:\/\/www.acacr.es\/wp-content\/uploads\/2025\/10\/WhatsApp-Image-2025-06-15-at-07.18.20-1.jpeg'><img loading=\"lazy\" decoding=\"async\" width=\"600\" height=\"600\" src=\"https:\/\/www.acacr.es\/wp-content\/uploads\/2025\/10\/WhatsApp-Image-2025-06-15-at-07.18.20-1-600x600.jpeg\" class=\"attachment-ultp_layout_square size-ultp_layout_square\" alt=\"\" srcset=\"https:\/\/www.acacr.es\/wp-content\/uploads\/2025\/10\/WhatsApp-Image-2025-06-15-at-07.18.20-1-600x600.jpeg 600w, https:\/\/www.acacr.es\/wp-content\/uploads\/2025\/10\/WhatsApp-Image-2025-06-15-at-07.18.20-1-150x150.jpeg 150w\" sizes=\"(max-width: 600px) 100vw, 600px\" \/><\/a>\n\t\t\t<\/div><\/figure><figure class='gallery-item'>\n\t\t\t<div class='gallery-icon '>\n\t\t\t\t<a data-elementor-open-lightbox=\"yes\" data-elementor-lightbox-slideshow=\"76139a9\" data-elementor-lightbox-title=\"MG_L1886\" data-e-action-hash=\"#elementor-action%3Aaction%3Dlightbox%26settings%3DeyJpZCI6MzEzMSwidXJsIjoiaHR0cHM6XC9cL3d3dy5hY2Fjci5lc1wvd3AtY29udGVudFwvdXBsb2Fkc1wvMjAyNVwvMDVcL01HX0wxODg2LmpwZyIsInNsaWRlc2hvdyI6Ijc2MTM5YTkifQ%3D%3D\" href='https:\/\/www.acacr.es\/wp-content\/uploads\/2025\/05\/MG_L1886.jpg'><img loading=\"lazy\" decoding=\"async\" width=\"1\" height=\"1\" src=\"https:\/\/www.acacr.es\/wp-content\/uploads\/2025\/05\/MG_L1886.jpg\" class=\"attachment-ultp_layout_square size-ultp_layout_square\" alt=\"\" \/><\/a>\n\t\t\t<\/div><\/figure><figure class='gallery-item'>\n\t\t\t<div class='gallery-icon '>\n\t\t\t\t<a data-elementor-open-lightbox=\"yes\" data-elementor-lightbox-slideshow=\"76139a9\" data-elementor-lightbox-title=\"MG_L1855\" data-e-action-hash=\"#elementor-action%3Aaction%3Dlightbox%26settings%3DeyJpZCI6MzEyOSwidXJsIjoiaHR0cHM6XC9cL3d3dy5hY2Fjci5lc1wvd3AtY29udGVudFwvdXBsb2Fkc1wvMjAyNVwvMDVcL01HX0wxODU1LTEuanBnIiwic2xpZGVzaG93IjoiNzYxMzlhOSJ9\" href='https:\/\/www.acacr.es\/wp-content\/uploads\/2025\/05\/MG_L1855-1.jpg'><img loading=\"lazy\" decoding=\"async\" width=\"1\" height=\"1\" src=\"https:\/\/www.acacr.es\/wp-content\/uploads\/2025\/05\/MG_L1855-1.jpg\" class=\"attachment-ultp_layout_square size-ultp_layout_square\" alt=\"\" \/><\/a>\n\t\t\t<\/div><\/figure>\n\t\t<\/div>\n\t\t<\/div>\n\t\t\t\t\t\t<\/div>\n\t\t\t\t<\/div>\n\t\t\t\t\t<\/div>\n\t\t<\/div>\n\t\t\t\t\t<\/div>\n\t\t<\/section>\n\t\t\t\t<section class=\"elementor-section elementor-top-section elementor-element elementor-element-5a771bc4 elementor-section-boxed elementor-section-height-default elementor-section-height-default\" data-id=\"5a771bc4\" data-element_type=\"section\">\n\t\t\t\t\t\t<div class=\"elementor-container elementor-column-gap-default\">\n\t\t\t\t\t<div class=\"elementor-column elementor-col-25 elementor-top-column elementor-element elementor-element-4f1f95b3\" data-id=\"4f1f95b3\" data-element_type=\"column\">\n\t\t\t<div class=\"elementor-widget-wrap elementor-element-populated\">\n\t\t\t\t\t\t<div class=\"elementor-element elementor-element-c7c9c68 elementor-widget elementor-widget-image\" data-id=\"c7c9c68\" data-element_type=\"widget\" data-widget_type=\"image.default\">\n\t\t\t\t<div class=\"elementor-widget-container\">\n\t\t\t\t\t\t\t\t\t\t\t\t\t\t\t<img loading=\"lazy\" decoding=\"async\" width=\"426\" height=\"118\" src=\"https:\/\/www.acacr.es\/wp-content\/uploads\/2020\/12\/gobespa2.png\" class=\"attachment-large size-large wp-image-722\" alt=\"\" srcset=\"https:\/\/www.acacr.es\/wp-content\/uploads\/2020\/12\/gobespa2.png 426w, https:\/\/www.acacr.es\/wp-content\/uploads\/2020\/12\/gobespa2-300x83.png 300w\" sizes=\"(max-width: 426px) 100vw, 426px\" \/>\t\t\t\t\t\t\t\t\t\t\t\t\t\t\t<\/div>\n\t\t\t\t<\/div>\n\t\t\t\t\t<\/div>\n\t\t<\/div>\n\t\t\t\t<div class=\"elementor-column elementor-col-25 elementor-top-column elementor-element elementor-element-530b3f04\" data-id=\"530b3f04\" data-element_type=\"column\">\n\t\t\t<div class=\"elementor-widget-wrap elementor-element-populated\">\n\t\t\t\t\t\t<div class=\"elementor-element elementor-element-7a6fa31b elementor-widget elementor-widget-image\" data-id=\"7a6fa31b\" data-element_type=\"widget\" data-widget_type=\"image.default\">\n\t\t\t\t<div class=\"elementor-widget-container\">\n\t\t\t\t\t\t\t\t\t\t\t\t\t\t\t<img loading=\"lazy\" decoding=\"async\" width=\"988\" height=\"384\" src=\"https:\/\/www.acacr.es\/wp-content\/uploads\/2021\/03\/mcei.jpg\" class=\"attachment-large size-large wp-image-1077\" alt=\"\" srcset=\"https:\/\/www.acacr.es\/wp-content\/uploads\/2021\/03\/mcei.jpg 988w, https:\/\/www.acacr.es\/wp-content\/uploads\/2021\/03\/mcei-300x117.jpg 300w, https:\/\/www.acacr.es\/wp-content\/uploads\/2021\/03\/mcei-768x298.jpg 768w\" sizes=\"(max-width: 988px) 100vw, 988px\" \/>\t\t\t\t\t\t\t\t\t\t\t\t\t\t\t<\/div>\n\t\t\t\t<\/div>\n\t\t\t\t\t<\/div>\n\t\t<\/div>\n\t\t\t\t<div class=\"elementor-column elementor-col-25 elementor-top-column elementor-element elementor-element-5667764a\" data-id=\"5667764a\" data-element_type=\"column\">\n\t\t\t<div class=\"elementor-widget-wrap elementor-element-populated\">\n\t\t\t\t\t\t<div class=\"elementor-element elementor-element-308cb2d6 elementor-widget elementor-widget-image\" data-id=\"308cb2d6\" data-element_type=\"widget\" data-widget_type=\"image.default\">\n\t\t\t\t<div class=\"elementor-widget-container\">\n\t\t\t\t\t\t\t\t\t\t\t\t\t\t\t<img loading=\"lazy\" decoding=\"async\" width=\"2048\" height=\"1148\" src=\"https:\/\/www.acacr.es\/wp-content\/uploads\/2020\/12\/logo-Junta-2-2048x1148.png\" class=\"attachment-2048x2048 size-2048x2048 wp-image-719\" alt=\"\" srcset=\"https:\/\/www.acacr.es\/wp-content\/uploads\/2020\/12\/logo-Junta-2-2048x1148.png 2048w, https:\/\/www.acacr.es\/wp-content\/uploads\/2020\/12\/logo-Junta-2-300x168.png 300w, https:\/\/www.acacr.es\/wp-content\/uploads\/2020\/12\/logo-Junta-2-1024x574.png 1024w, https:\/\/www.acacr.es\/wp-content\/uploads\/2020\/12\/logo-Junta-2-768x430.png 768w, https:\/\/www.acacr.es\/wp-content\/uploads\/2020\/12\/logo-Junta-2-1536x861.png 1536w, https:\/\/www.acacr.es\/wp-content\/uploads\/2020\/12\/logo-Junta-2-1320x740.png 1320w\" sizes=\"(max-width: 2048px) 100vw, 2048px\" \/>\t\t\t\t\t\t\t\t\t\t\t\t\t\t\t<\/div>\n\t\t\t\t<\/div>\n\t\t\t\t\t<\/div>\n\t\t<\/div>\n\t\t\t\t<div class=\"elementor-column elementor-col-25 elementor-top-column elementor-element elementor-element-12e44a57\" data-id=\"12e44a57\" data-element_type=\"column\">\n\t\t\t<div class=\"elementor-widget-wrap elementor-element-populated\">\n\t\t\t\t\t\t<div class=\"elementor-element elementor-element-3e7c1724 elementor-widget elementor-widget-image\" data-id=\"3e7c1724\" data-element_type=\"widget\" data-widget_type=\"image.default\">\n\t\t\t\t<div class=\"elementor-widget-container\">\n\t\t\t\t\t\t\t\t\t\t\t\t\t\t\t<img loading=\"lazy\" decoding=\"async\" width=\"300\" height=\"255\" src=\"https:\/\/www.acacr.es\/wp-content\/uploads\/2020\/12\/logoue-300x255.png\" class=\"attachment-medium size-medium wp-image-723\" alt=\"\" srcset=\"https:\/\/www.acacr.es\/wp-content\/uploads\/2020\/12\/logoue-300x255.png 300w, https:\/\/www.acacr.es\/wp-content\/uploads\/2020\/12\/logoue-1024x870.png 1024w, https:\/\/www.acacr.es\/wp-content\/uploads\/2020\/12\/logoue-768x653.png 768w, https:\/\/www.acacr.es\/wp-content\/uploads\/2020\/12\/logoue-1320x1122.png 1320w, https:\/\/www.acacr.es\/wp-content\/uploads\/2020\/12\/logoue.png 1446w\" sizes=\"(max-width: 300px) 100vw, 300px\" \/>\t\t\t\t\t\t\t\t\t\t\t\t\t\t\t<\/div>\n\t\t\t\t<\/div>\n\t\t\t\t\t<\/div>\n\t\t<\/div>\n\t\t\t\t\t<\/div>\n\t\t<\/section>\n\t\t\t\t<\/div>\n\t\t","protected":false},"excerpt":{"rendered":"<p>El pasado d\u00eda 5 de febrero tuvo lugar la ceremonia solemne de entrega del I Premio a la Trayectoria Ejemplar en Defensa de Andaluc\u00eda, creado por la Academia Andaluza de Ciencia Regional con el patrocinio de Banco Santander. Dicha distinci\u00f3n recay\u00f3 en D\u00aa. F\u00e1tima B\u00e1\u00f1ez Garc\u00eda y en D. Jaime Montaner Rosell\u00f3. La ceremonia tuvo [&hellip;]<\/p>\n","protected":false},"author":1,"featured_media":0,"parent":0,"menu_order":0,"comment_status":"closed","ping_status":"closed","template":"","meta":{"advgb_blocks_editor_width":"","advgb_blocks_columns_visual_guide":"","ocean_post_layout":"full-width","ocean_both_sidebars_style":"","ocean_both_sidebars_content_width":0,"ocean_both_sidebars_sidebars_width":0,"ocean_sidebar":"0","ocean_second_sidebar":"0","ocean_disable_margins":"on","ocean_add_body_class":"","ocean_shortcode_before_top_bar":"","ocean_shortcode_after_top_bar":"","ocean_shortcode_before_header":"","ocean_shortcode_after_header":"","ocean_has_shortcode":"","ocean_shortcode_after_title":"","ocean_shortcode_before_footer_widgets":"","ocean_shortcode_after_footer_widgets":"","ocean_shortcode_before_footer_bottom":"","ocean_shortcode_after_footer_bottom":"","ocean_display_top_bar":"default","ocean_display_header":"default","ocean_header_style":"","ocean_center_header_left_menu":"0","ocean_custom_header_template":"0","ocean_custom_logo":0,"ocean_custom_retina_logo":0,"ocean_custom_logo_max_width":0,"ocean_custom_logo_tablet_max_width":0,"ocean_custom_logo_mobile_max_width":0,"ocean_custom_logo_max_height":0,"ocean_custom_logo_tablet_max_height":0,"ocean_custom_logo_mobile_max_height":0,"ocean_header_custom_menu":"0","ocean_menu_typo_font_family":"0","ocean_menu_typo_font_subset":"","ocean_menu_typo_font_size":0,"ocean_menu_typo_font_size_tablet":0,"ocean_menu_typo_font_size_mobile":0,"ocean_menu_typo_font_size_unit":"px","ocean_menu_typo_font_weight":"","ocean_menu_typo_font_weight_tablet":"","ocean_menu_typo_font_weight_mobile":"","ocean_menu_typo_transform":"","ocean_menu_typo_transform_tablet":"","ocean_menu_typo_transform_mobile":"","ocean_menu_typo_line_height":0,"ocean_menu_typo_line_height_tablet":0,"ocean_menu_typo_line_height_mobile":0,"ocean_menu_typo_line_height_unit":"","ocean_menu_typo_spacing":0,"ocean_menu_typo_spacing_tablet":0,"ocean_menu_typo_spacing_mobile":0,"ocean_menu_typo_spacing_unit":"","ocean_menu_link_color":"","ocean_menu_link_color_hover":"","ocean_menu_link_color_active":"","ocean_menu_link_background":"","ocean_menu_link_hover_background":"","ocean_menu_link_active_background":"","ocean_menu_social_links_bg":"","ocean_menu_social_hover_links_bg":"","ocean_menu_social_links_color":"","ocean_menu_social_hover_links_color":"","ocean_disable_title":"default","ocean_disable_heading":"default","ocean_post_title":"","ocean_post_subheading":"","ocean_post_title_style":"","ocean_post_title_background_color":"","ocean_post_title_background":0,"ocean_post_title_bg_image_position":"","ocean_post_title_bg_image_attachment":"","ocean_post_title_bg_image_repeat":"","ocean_post_title_bg_image_size":"","ocean_post_title_height":0,"ocean_post_title_bg_overlay":0.5,"ocean_post_title_bg_overlay_color":"","ocean_disable_breadcrumbs":"default","ocean_breadcrumbs_color":"","ocean_breadcrumbs_separator_color":"","ocean_breadcrumbs_links_color":"","ocean_breadcrumbs_links_hover_color":"","ocean_display_footer_widgets":"default","ocean_display_footer_bottom":"default","ocean_custom_footer_template":"0","footnotes":""},"class_list":["post-3950","page","type-page","status-publish","hentry","entry"],"coauthors":[],"author_meta":{"author_link":"https:\/\/www.acacr.es\/?author=1","display_name":"Acacr"},"relative_dates":{"created":"Publicado 4 horas hace","modified":"Actualizado 4 horas hace"},"absolute_dates":{"created":"Publicado el 28 abril 2026","modified":"Actualizado el 28 abril 2026"},"absolute_dates_time":{"created":"Publicado el 28 abril 2026 09:31","modified":"Actualizado el 28 abril 2026 09:38"},"featured_img_caption":"","featured_img":false,"series_order":"","_links":{"self":[{"href":"https:\/\/www.acacr.es\/index.php?rest_route=\/wp\/v2\/pages\/3950","targetHints":{"allow":["GET"]}}],"collection":[{"href":"https:\/\/www.acacr.es\/index.php?rest_route=\/wp\/v2\/pages"}],"about":[{"href":"https:\/\/www.acacr.es\/index.php?rest_route=\/wp\/v2\/types\/page"}],"author":[{"embeddable":true,"href":"https:\/\/www.acacr.es\/index.php?rest_route=\/wp\/v2\/users\/1"}],"replies":[{"embeddable":true,"href":"https:\/\/www.acacr.es\/index.php?rest_route=%2Fwp%2Fv2%2Fcomments&post=3950"}],"version-history":[{"count":13,"href":"https:\/\/www.acacr.es\/index.php?rest_route=\/wp\/v2\/pages\/3950\/revisions"}],"predecessor-version":[{"id":3964,"href":"https:\/\/www.acacr.es\/index.php?rest_route=\/wp\/v2\/pages\/3950\/revisions\/3964"}],"wp:attachment":[{"href":"https:\/\/www.acacr.es\/index.php?rest_route=%2Fwp%2Fv2%2Fmedia&parent=3950"}],"curies":[{"name":"wp","href":"https:\/\/api.w.org\/{rel}","templated":true}]}}